{"id":21,"date":"2024-02-08T19:57:05","date_gmt":"2024-02-08T19:57:05","guid":{"rendered":"http:\/\/localhost:47883\/?page_id=21"},"modified":"2026-04-06T21:05:46","modified_gmt":"2026-04-07T02:05:46","slug":"visit","status":"publish","type":"page","link":"https:\/\/www.wehrnaturecenter.com\/es\/visit\/","title":{"rendered":"Visita"},"content":{"rendered":"<section class=\"page-header\">\n  <div class=\"container\">\n    \n  <nav class=\"breadcrumbs\" aria-label=\"breadcrumbs\">\n    <ul class=\"breadcrumbs__list\">\n              <li class=\"breadcrumbs__item\">\n                      <a class=\"breadcrumbs__link\" href=\"\/\">\n              Home\n            <\/a>\n                  <\/li>\n          <\/ul>\n  <\/nav>\n    \n    <div class=\"page-header__container\">\n      <div class=\"page-header__content card\">\n        <h1 class=\"page-header__title card__title\">\u00bfD\u00f3nde est\u00e1 Wehr?<\/h1>\n                <div class=\"page-header__text card__text\"><p>El Centro de Naturaleza Wehr (Wehr Nature Center) se encuentra dentro de los 660 acres de Whitnall Park, contiguo a Root River Parkway. Wehr cuenta con cinco millas de senderos que atraviesan cinco h\u00e1bitad distintos gestionados activamente en una propiedad de 220 acres que tambi\u00e9n incluye el lago Mallard. La entrada del Centro est\u00e1 ubicada en College Ave. entre S. 92nd St. y S. 108th St.<\/p>\n<p><a href=\"https:\/\/maps.app.goo.gl\/G44XAXLb4F4gGuAJ9\">9701 West College Avenue,<br \/>\nFranklin, WI 53132<\/a><\/p>\n<\/div>\n              <\/div>\n      \n              <div class=\"page-header__illus\">\n                    <img decoding=\"async\" src=\"\/wp-content\/themes\/wehr\/img\/illustrations\/leaves.webp\" alt=\"\" loading=\"lazy\" \/>\n                  <\/div>\n            \n            <\/div>\n  <\/div>\n<\/section>\n\n\n\n<div id=\"\" class=\"section container\">\n  <div class=\"card\">\n    <div class=\"card__img card__img--bordered\" style=\"--aspect-ratio: 1024 \/ 677\">\n      <img srcset=\"https:\/\/www.wehrnaturecenter.com\/wp-content\/uploads\/2024\/03\/trail-map-visit-300x198.png 300w, https:\/\/www.wehrnaturecenter.com\/wp-content\/uploads\/2024\/03\/trail-map-visit-512x339.png 512w, https:\/\/www.wehrnaturecenter.com\/wp-content\/uploads\/2024\/03\/trail-map-visit-768x508.png 768w, https:\/\/www.wehrnaturecenter.com\/wp-content\/uploads\/2024\/03\/trail-map-visit-1024x677.png 1024w, https:\/\/www.wehrnaturecenter.com\/wp-content\/uploads\/2024\/03\/trail-map-visit-1536x1016.png 1536w, https:\/\/www.wehrnaturecenter.com\/wp-content\/uploads\/2024\/03\/trail-map-visit.png 2048w\" sizes=\"(min-width: 1200px) 1280px, 98vw\" alt=\"Wehr map of location\" width=\"512\" height=\"339\" loading=\"eager\" \/>\n    <\/div>\n  <\/div>\n<\/div>\n\n\n\n<section id=\"general-info\" class=\"two-col section container\">\n  <div class=\"grid\">\n                  <div class=\"two-col__content card\">\n          <div class=\"card__inner\">\n                          <h2 class=\"card__title\">Horas de operaci\u00f3n<\/h2>\n                                      <div class=\"card__text rte\">\n                <ul>\n<li>Trails are open dawn to dusk, year-round.\u00a0The parking lot is locked from 5 p.m. &#8211; 8 a.m., October to January.<\/li>\n<li>Visitor Center is open everyday from 8:30am \u2013 4:30pm, excluding holidays.<\/li>\n<li>While observing holiday hours, trails remain open but the Nature Center is closed:\n<ul>\n<li data-olk-copy-source=\"MessageBody\">Domingo de Resurrecci\u00f3n<\/li>\n<li data-olk-copy-source=\"MessageBody\">Memorial Day<\/li>\n<li>Juneteenth Day<\/li>\n<li>Independence Day<\/li>\n<li>Labor Day<\/li>\n<li>Thanksgiving Day<\/li>\n<li>Friday After Thanksgiving Day<\/li>\n<li>Christmas Eve<\/li>\n<li>Christmas Day<\/li>\n<li>Day After Christmas<\/li>\n<li>New Year&#8217;s Day<\/li>\n<\/ul>\n<\/li>\n<\/ul>\n\n              <\/div>\n                      <\/div>  \n        <\/div>\n                        <div class=\"two-col__content card\">\n          <div class=\"card__inner\">\n                          <h2 class=\"card__title\">Admission<\/h2>\n                                      <div class=\"card__text rte\">\n                <p><strong>Parking Fees: <\/strong><\/p>\n<ul>\n<li>$5 por d\u00eda\/por veh\u00edculo.<\/li>\n<li>$4 por d\u00eda\/por veh\u00edculo para veteranos o discapacitados (el pago debe realizarse dentro del Centro de Visitantes)<\/li>\n<li><a href=\"https:\/\/www.friendsofwehr.org\/es-mx\/membresia\" target=\"_blank\" rel=\"noopener\">Los Miembros de Los Amigos de Wehr<\/a> tienen estacionamiento gratis.<\/li>\n<\/ul>\n<p><b>Other:<\/b><\/p>\n<ul>\n<li>Para estacionamiento para autobuses tur\u00edsticos, comun\u00edquese con Wehr al 414-425-8550<\/li>\n<li>Algunos programas y eventos especiales cobran tarifas por participar.<\/li>\n<li>When conditions allow, snowshoes are available for rent during business hours. First come, first served.<\/li>\n<\/ul>\n<p><strong>Fotograf\u00eda:<\/strong><\/p>\n<ul>\n<li>Any photography\/videography by a paid or professional photographer \u2013 and any photography using final images in the stream of commerce \u2013 <strong>requires a <a href=\"https:\/\/www.cognitoforms.com\/MilwaukeeCountyParks1\/WehrNatureCenterPhotographyVideographyPermitRequest\" target=\"_blank\" rel=\"noopener\">Permiso de fotograf\u00eda\/videograf\u00eda.<\/a><\/strong><\/li>\n<li>No necesita un permiso para tomar fotograf\u00edas de uso personal de las plantas, la vida silvestre del Wehr Nature Center o fotograf\u00edas casuales de una persona de su grupo.<\/li>\n<\/ul>\n\n              <\/div>\n                      <\/div>  \n        <\/div>\n            <\/div>\n<\/section>\n\n\n\n<section id=\"\" class=\"annual-report section container\">\n  <div class=\"card\">\n    <div class=\"card__bg crooked-bg clip-1\"><\/div>\n    <div class=\"card__inner card__inner--padded grid\">\n      <div class=\"card\">\n        <div class=\"annual-report__img\">\n          <img decoding=\"async\" src=\"\/wp-content\/themes\/wehr\/img\/illustrations\/leaf+bird.webp\" alt=\"\" height=\"934\" width=\"999\" loading=\"lazy\">\n        <\/div>\n        <h2 class=\"card__title\">Ayude a sostener a Wehr observando estas reglas<\/h2>\n        <div class=\"card__text\">\n          \n        <\/div>\n        <div class=\"card__actions\">\n          <a href=\"https:\/\/www.wehrnaturecenter.com\/about\/\"  class=\"btn btn--alt\">\n            M\u00e1s informaci\u00f3n sobre nosotros\n                      <\/a>\n        <\/div>\n      <\/div>\n\n      <div class=\"annual-report__highlights\">\n              <ul class=\"link-blocks\">\n                      <li class=\"card\">\n              <div class=\"card__bg card__bg--light crooked-bg clip-block\"><\/div>\n              <div class=\"card__inner card__inner--padded-xsmall\">\n                <p class=\"h4\">\n                  Permanezca en los senderos designados. No dejes rastro. No utilice bicicletas.\n                <\/p>\n              <\/div>\n            <\/li>\n                      <li class=\"card\">\n              <div class=\"card__bg card__bg--light crooked-bg clip-block\"><\/div>\n              <div class=\"card__inner card__inner--padded-xsmall\">\n                <p class=\"h4\">\n                  No buscar comida ni recolectar.\n                <\/p>\n              <\/div>\n            <\/li>\n                      <li class=\"card\">\n              <div class=\"card__bg card__bg--light crooked-bg clip-block\"><\/div>\n              <div class=\"card__inner card__inner--padded-xsmall\">\n                <p class=\"h4\">\n                  No se permiten paseos en bote ni pesca.\n                <\/p>\n              <\/div>\n            <\/li>\n                      <li class=\"card\">\n              <div class=\"card__bg card__bg--light crooked-bg clip-block\"><\/div>\n              <div class=\"card__inner card__inner--padded-xsmall\">\n                <p class=\"h4\">\n                  Est\u00e1n prohibidas las mascotas. Se permiten perros de servicio con correa.\n                <\/p>\n              <\/div>\n            <\/li>\n                  <\/ul>\n      <\/div>\n    <\/div>\n  <\/div>\n<\/section>\n\n\n<div id=\"trail-map\">\n  \n<div class=\"trail-map section container js-trail-map\">\n  <h2 class=\"card__title hidden-xl hidden-lg hidden-md\" style=\"margin-block-end: 25px\">Mapa de senderos del Centro Natural Wehr<\/h2>\n  <div class=\"grid\">\n      <div class=\"card\">\n        <div class=\"card__inner\">\n          <h2 class=\"card__title hidden-sm hidden-xs\">Mapa de senderos del Centro Natural Wehr<\/h2>\n          <div class=\"card__text\">\n            <div class=\"trail-map__trails\">\n              <button class=\"trail js-trail-map-option js-trail\" type=\"button\" data-selector=\"All_Abilities_Loop\">\n                <div class=\"trail__color all\"><\/div>\n                <div class=\"trail__name\">Retorno sobre camino duro<\/div>\n                <div class=\"trail__desc\">\u2013 1mi F\u00e1cil<\/div>\n              <\/button>\n              <button class=\"trail js-trail-map-option js-trail\" type=\"button\" data-selector=\"Lake_Loop\">\n                <div class=\"trail__color lake\"><\/div>\n                <div class=\"trail__name\">Retorno del lago<\/div>\n                <div class=\"trail__desc\">\u2013 1.5mi F\u00e1cil<\/div>\n              <\/button>\n              <button class=\"trail js-trail-map-option js-trail\" type=\"button\" data-selector=\"Grasslands_Loop\">\n                <div class=\"trail__color grasslands\"><\/div>\n                <div class=\"trail__name\">Retorno de pastizales<\/div>\n                <div class=\"trail__desc\">- 1mi Moderado<\/div>\n              <\/button>\n              <button class=\"trail js-trail-map-option js-trail\" type=\"button\" data-selector=\"Woodland_Loop\">\n                <div class=\"trail__color woodland\"><\/div>\n                <div class=\"trail__name\">Retorno del bosque<\/div>\n                <div class=\"trail__desc\">- 1mi Moderado<\/div>\n              <\/button>\n              <button class=\"trail js-trail-map-option js-trail\" type=\"button\" data-selector=\"Connector_Trails\">\n                <div class=\"trail__color other\">\n                  <svg width=\"48\" height=\"6\" viewbox=\"0 0 48 6\">\n                    <path d=\"M0 3H48\" stroke-width=\"5\" stroke-miterlimit=\"10\" stroke-dasharray=\"10 10\"\/>\n                  <\/svg>\n                <\/div>\n                <div class=\"trail__name\">Senderos conectores<\/div>\n              <\/button>\n              <div class=\"trail\">\n                <div class=\"trail__color boardwalk\">\n                  <svg width=\"48\" height=\"6\" viewbox=\"0 0 48 6\">\n                    <path d=\"M0 3H48\" stroke-width=\"5\" stroke-miterlimit=\"10\" stroke-dasharray=\"3 2\"\/>\n                  <\/svg>\n                <\/div>\n                <div class=\"trail__name\">camino duro<\/div>\n              <\/div>\n            <\/div>\n            <div class=\"trail-map__legend\">\n              <button class=\"trail-map__option js-trail-map-option\" type=\"button\">\n                <img decoding=\"async\" src=\"\/wp-content\/themes\/wehr\/img\/trail-map\/nature-play-space-v3-icon.svg\" alt=\"\" class=\"icon\" loading=\"lazy\">\n                Area de juego en la naturaleza\n              <\/button>\n              <button class=\"trail-map__option js-trail-map-option\" type=\"button\">\n                <img decoding=\"async\" src=\"\/wp-content\/themes\/wehr\/img\/trail-map\/waterfall-v2-icon.svg\" alt=\"\" class=\"icon\" loading=\"lazy\">\n                Cascada\n              <\/button>\n              <button class=\"trail-map__option js-trail-map-option\" type=\"button\">\n                <img decoding=\"async\" src=\"\/wp-content\/themes\/wehr\/img\/trail-map\/accessible-pier-v2-icon.svg\" alt=\"\" class=\"icon\" loading=\"lazy\">\n                Muelle accesible\n              <\/button>\n              <button class=\"trail-map__option js-trail-map-option\" type=\"button\">\n                <img decoding=\"async\" src=\"\/wp-content\/themes\/wehr\/img\/trail-map\/observation-blind-v2-icon.svg\" alt=\"\" class=\"icon\" loading=\"lazy\">\n                Observaci\u00f3n de pajaros\n              <\/button>\n              <button class=\"trail-map__option js-trail-map-option\" type=\"button\">\n                <img decoding=\"async\" src=\"\/wp-content\/themes\/wehr\/img\/trail-map\/interpretative-sign-v2-icon.svg\" alt=\"\" class=\"icon\" loading=\"lazy\">\n                Signo interpretativo\n              <\/button>\n              <button class=\"trail-map__option js-trail-map-option\" type=\"button\">\n                <img decoding=\"async\" src=\"\/wp-content\/themes\/wehr\/img\/trail-map\/pay-station-v2-icon.svg\" alt=\"\" class=\"icon\" loading=\"lazy\">\n                Quiosco de informaci\u00f3n y estaci\u00f3n de pago\n              <\/button>\n              <button class=\"trail-map__option js-trail-map-option\" type=\"button\">\n                <img decoding=\"async\" src=\"\/wp-content\/themes\/wehr\/img\/trail-map\/bench-v2-icon.svg\" alt=\"\" class=\"icon\" loading=\"lazy\">\n                Banca\n              <\/button>\n              <button class=\"trail-map__option js-trail-map-option\" type=\"button\">\n                <img decoding=\"async\" src=\"\/wp-content\/themes\/wehr\/img\/trail-map\/stairs-v2-icon.svg\" alt=\"\" class=\"icon\" loading=\"lazy\">\n                Escaleras\n              <\/button>\n              <button class=\"trail-map__option js-trail-map-option\" type=\"button\">\n                <img decoding=\"async\" src=\"\/wp-content\/themes\/wehr\/img\/trail-map\/bridge-v2-icon.svg\" alt=\"\" class=\"icon\" loading=\"lazy\">\n                Puente\n              <\/button>\n              <button class=\"trail-map__option js-trail-map-option\" type=\"button\">\n                <img decoding=\"async\" src=\"\/wp-content\/themes\/wehr\/img\/trail-map\/parking-v2-icon.svg\" alt=\"\" class=\"icon\" loading=\"lazy\">\n                Estacionamiento\n              <\/button>\n              <button class=\"trail-map__option js-trail-map-option\" type=\"button\" data-name=\"Education Center\">\n                <img decoding=\"async\" src=\"\/wp-content\/themes\/wehr\/img\/trail-map\/a-icon.svg\" alt=\"\" class=\"icon\">\n                Centro de Educaci\u00f3n (Sala Gardner)\n              <\/button>\n              <button class=\"trail-map__option js-trail-map-option\" type=\"button\">\n                <img decoding=\"async\" src=\"\/wp-content\/themes\/wehr\/img\/trail-map\/b-icon.svg\" alt=\"\" class=\"icon\">\n                Treatro al aire libre\n              <\/button>\n              <button class=\"trail-map__option js-trail-map-option\" type=\"button\">\n                <img decoding=\"async\" src=\"\/wp-content\/themes\/wehr\/img\/trail-map\/c-icon.svg\" alt=\"\" class=\"icon\">\n                Plataforma de observaci\u00f3n\n              <\/button>\n              <button class=\"trail-map__option js-trail-map-option\" type=\"button\" data-name=\"Accessible D Pier\">\n                <img decoding=\"async\" src=\"\/wp-content\/themes\/wehr\/img\/trail-map\/d-icon.svg\" alt=\"\" class=\"icon\">\n                Muelle accesible\n              <\/button>\n            <\/div>\n          <\/div>\n          <div class=\"card__actions card__actions--vertical\">\n            <a class=\"btn btn--alt btn--block\" href=\"https:\/\/experience.arcgis.com\/experience\/3e61287339aa49e596d43e9cf8f2c85f\/\" target=\"_blank\" rel=\"noopener\">\n              Explorar el mapa SIG\n              <svg class=\"icon\" aria-hidden=\"true\">\n                <use href=\"#icon-external-link\"><\/use>\n              <\/svg>\n            <\/a>\n            \n            <a class=\"btn btn--block\" href=\"https:\/\/www.wehrnaturecenter.com\/wp-content\/uploads\/2024\/05\/Wehr-printmap_FV.pdf\" target=\"_blank\" download>\n              Descargar mapa de senderos\n              <svg class=\"icon\" aria-hidden=\"true\">\n                <use href=\"#icon-download\"><\/use>\n              <\/svg>\n            <\/a>\n          <\/div>\n        <\/div>\n      <\/div>\n      \n      <div class=\"trail-map__wrapper\">\n        <div class=\"trail-map__container js-trail-map-container\" data-src=\"\/wp-content\/themes\/wehr\/img\/trail-map\/trail-map-3.svg\">\n          <div><\/div>\n          <button class=\"btn btn--small js-trail-map-reset\" type=\"button\">Reset zoom<\/button>\n        <\/div>\n        <p class=\"trail-map__direction\">Presione May\u00fas + clic para hacer zoom.<\/p>\n      <\/div>\n    <\/div>\n  <\/div><\/div>\n\n\n\n<div id=\"trails\" class=\"cards-section cards-section--default section\">\n  \n  <div class=\"container\">\n    \n          <div class=\"cards-section__top grid\">\n        <div class=\"card cards-section__titles\">\n                    <h2 class=\"card__title\">Explorar senderos<\/h2>\n\n                      <div class=\"card__text\">\n              Explore m\u00e1s de cinco millas de senderos naturales gestionados activamente a trav\u00e9s de bosques, humedales, praderas y sabanas de robles en 220 acres de tierra protegida en Parque Whitnall.\n            <\/div>\n                  <\/div>\n              <\/div>\n        <div class=\"grid\">\n                                      <div class=\"card\">\n                      <div class=\"card__bg  crooked-bg clip-block\"><\/div>\n                    <div class=\"card__inner card__inner--padded\">\n                        <h2 class=\"card__title\"><\/h2>\n                                      <div class=\"card__text rte\">\n                <p>We partnered with ABLE (Audio Braille Literacy Enhancement) and Vision Forward to generate audio descriptions of our trail loops at Wehr in English and Spanish.<\/p>\n<p>Play English Audio Trail Descriptions<\/p>\n<audio class=\"wp-audio-shortcode\" id=\"audio-21-1\" preload=\"none\" style=\"width: 100%;\" controls=\"controls\"><source type=\"audio\/mpeg\" src=\"https:\/\/www.wehrnaturecenter.com\/wp-content\/uploads\/2026\/04\/Audio-Trail-Descriptions-English.mp3?_=1\" \/><a href=\"https:\/\/www.wehrnaturecenter.com\/wp-content\/uploads\/2026\/04\/Audio-Trail-Descriptions-English.mp3\">https:\/\/www.wehrnaturecenter.com\/wp-content\/uploads\/2026\/04\/Audio-Trail-Descriptions-English.mp3<\/a><\/audio>\n<p>&nbsp;<\/p>\n<p>Play Spanish Audio Trail Descriptions<\/p>\n<audio class=\"wp-audio-shortcode\" id=\"audio-21-2\" preload=\"none\" style=\"width: 100%;\" controls=\"controls\"><source type=\"audio\/mpeg\" src=\"https:\/\/www.wehrnaturecenter.com\/wp-content\/uploads\/2026\/04\/Audio-Trail-Descriptions-Spanish.mp3?_=2\" \/><a href=\"https:\/\/www.wehrnaturecenter.com\/wp-content\/uploads\/2026\/04\/Audio-Trail-Descriptions-Spanish.mp3\">https:\/\/www.wehrnaturecenter.com\/wp-content\/uploads\/2026\/04\/Audio-Trail-Descriptions-Spanish.mp3<\/a><\/audio>\n<p>&nbsp;<\/p>\n\n              <\/div>\n                                              <\/div>\n        <\/div>\n                                      <div class=\"card\">\n                      <div class=\"card__bg  crooked-bg clip-block\"><\/div>\n                    <div class=\"card__inner card__inner--padded\">\n                        <h2 class=\"card__title\">Retorno sobre camino duro<\/h2>\n                        <h3 class=\"card__subtitle\">Circuito de 1 milla (f\u00e1cil)<\/h3>\n                                      <div class=\"card__text rte\">\n                <p>Compuesto por un paseo mar\u00edtimo, el circuito invita a personas de todos los niveles a rodar, pasear o deambular por una variedad de h\u00e1bitad de area humedad. Disfrute de la vista del lago Mallard desde el muelle accesible y descanse en uno de varias bancas. Este sendero se est\u00e1 expandiendo activamente para incluir una parada en el nuevo mirador accesible y una conexi\u00f3n de regreso al estacionamiento (pr\u00f3ximamente). <strong>Estos proyectos no ser\u00edan posibles sin los Amigos de Wehr.<\/strong><\/p>\n<p>&nbsp;<\/p>\n<p>&nbsp;<\/p>\n<p>&nbsp;<\/p>\n\n              <\/div>\n                                              <\/div>\n        <\/div>\n                                      <div class=\"card\">\n                      <div class=\"card__bg  crooked-bg clip-block\"><\/div>\n                    <div class=\"card__inner card__inner--padded\">\n                        <h2 class=\"card__title\">Retorno del lago<\/h2>\n                        <h3 class=\"card__subtitle\">\u00a0Circuito de 1,5 millas (f\u00e1cil)<\/h3>\n                                      <div class=\"card__text rte\">\n                <p>Compuesto por paseo al rededor del lago, astillas de madera, grava y tierra, el retorno de lago sigue hasta la costa del lago Mallard a una hermosa cascada que desemboca en el r\u00edo Root (Root River). Este sendero lo lleva a trav\u00e9s de humedales, bosques de tierras bajas y a lo largo de la base de la pradera y es ideal tanto para observadores como para exploradores de aves.<\/p>\n<p>&nbsp;<\/p>\n<p>&nbsp;<\/p>\n<p>&nbsp;<\/p>\n\n              <\/div>\n                                              <\/div>\n        <\/div>\n                                      <div class=\"card\">\n                      <div class=\"card__bg  crooked-bg clip-block\"><\/div>\n                    <div class=\"card__inner card__inner--padded\">\n                        <h2 class=\"card__title\">Retorno de pastizales<\/h2>\n                        <h3 class=\"card__subtitle\">circuito de 0.9 millas (moderada)<\/h3>\n                                      <div class=\"card__text rte\">\n                <p>Compuesto de astillas de madera, escaleras, pasto y tierra, explore los pastizales nativos de Wisconsin a lo largo de este sendero panor\u00e1mico. Pase por las exhibiciones interpretativas para aprender la diferencia entre sabana de robles y pasto alto. Este sendero presenta pendientes largas y empinadas.<\/p>\n<p>&nbsp;<\/p>\n<p>&nbsp;<\/p>\n<p>&nbsp;<\/p>\n\n              <\/div>\n                                              <\/div>\n        <\/div>\n                                      <div class=\"card\">\n                      <div class=\"card__bg  crooked-bg clip-block\"><\/div>\n                    <div class=\"card__inner card__inner--padded\">\n                        <h2 class=\"card__title\">Retorno del bosque<\/h2>\n                        <h3 class=\"card__subtitle\">Circuito de 1 milla (moderada)<\/h3>\n                                      <div class=\"card__text rte\">\n                <p>Compuesto por malec\u00f3n, astillas de madera, escaleras y tierra. Sube y baja por los huecos dejados por los glaciares. Visite robles de 200 a\u00f1os en nuestro bosque de robles y camine por un bosque de sucesi\u00f3n temprana. Est\u00e9 preparado para algunas pendientes largas y empinadas con escalones en los senderos.<\/p>\n<p>&nbsp;<\/p>\n<p>&nbsp;<\/p>\n<p>&nbsp;<\/p>\n\n              <\/div>\n                                              <\/div>\n        <\/div>\n                                      <div class=\"card\">\n                      <div class=\"card__bg  crooked-bg clip-block\"><\/div>\n                    <div class=\"card__inner card__inner--padded\">\n                        <h2 class=\"card__title\">Senderos conectores<\/h2>\n                                      <div class=\"card__text rte\">\n                <p>Estos senderos peatonales est\u00e1n formados por astillas de madera, pasto y tierra que sirven para conectar los senderos circulares y brindar acceso a otros puntos de inter\u00e9s \u00fanicos dentro de la propiedad del Wehr Nature Center.<\/p>\n<p>&nbsp;<\/p>\n<p>&nbsp;<\/p>\n<p>&nbsp;<\/p>\n\n              <\/div>\n                                              <\/div>\n        <\/div>\n      \n          <\/div>\n  <\/div>\n\n  <\/div>\n\n\n\n<div id=\"key-features\" class=\"cards-section cards-section--default section section--w-bg\">\n    <div class=\"section__bg section__bg--before\"><\/div>\n  \n  <div class=\"container\">\n    \n          <div class=\"cards-section__top grid\">\n        <div class=\"card cards-section__titles\">\n                    <h2 class=\"card__title\">Caracter\u00edsticas clave<\/h2>\n\n                  <\/div>\n              <\/div>\n        <div class=\"grid\">\n                                      <div class=\"card\">\n                      <div class=\"card__bg card__bg--light crooked-bg clip-block\"><\/div>\n                    <div class=\"card__inner card__inner--padded\">\n                          <div class=\"card__img\">\n                <img srcset=\"https:\/\/www.wehrnaturecenter.com\/wp-content\/uploads\/2024\/04\/Boardwalk-512x289.webp 512w, https:\/\/www.wehrnaturecenter.com\/wp-content\/uploads\/2024\/04\/Boardwalk-768x433.webp 768w, https:\/\/www.wehrnaturecenter.com\/wp-content\/uploads\/2024\/04\/Boardwalk-1024x578.webp 1024w\" sizes=\"auto, (min-width: 1200px) 450px, (min-width: 400px) 450px, 80vw\" alt=\"adults with binoculars on boardwalk\" width=\"512\" height=\"289\" loading=\"lazy\">\n              <\/div>\n                        <h2 class=\"card__title\">Paseo mar\u00edtimo y muelle accesibles <\/h2>\n                                      <div class=\"card__text rte\">\n                <p>Donado y construido por Friends of Wehr Nature Center (Amigos de Wehr), el paseo mar\u00edtimo y el muelle accesibles son posibles gracias al apoyo de los miembros y hacen posible viajar durante toda la temporada y para todas las habilidades a trav\u00e9s de una variedad de h\u00e1bitad de lagos y humedales en Wehr.<\/p>\n<p>&nbsp;<\/p>\n<p>&nbsp;<\/p>\n<p>&nbsp;<\/p>\n\n              <\/div>\n                                              <\/div>\n        <\/div>\n                                      <div class=\"card\">\n                      <div class=\"card__bg card__bg--light crooked-bg clip-block\"><\/div>\n                    <div class=\"card__inner card__inner--padded\">\n                          <div class=\"card__img\">\n                <img srcset=\"https:\/\/www.wehrnaturecenter.com\/wp-content\/uploads\/2024\/04\/636674721915460365-Wehr2-512x288.webp 512w, https:\/\/www.wehrnaturecenter.com\/wp-content\/uploads\/2024\/04\/636674721915460365-Wehr2.webp 768w, https:\/\/www.wehrnaturecenter.com\/wp-content\/uploads\/2024\/04\/636674721915460365-Wehr2.webp 1024w\" sizes=\"auto, (min-width: 1200px) 450px, (min-width: 400px) 450px, 80vw\" alt=\"2 people looking out on Viewing Deck\" width=\"512\" height=\"288\" loading=\"lazy\">\n              <\/div>\n                        <h2 class=\"card__title\">Lago Mallard y plataforma de observaci\u00f3n accesible<\/h2>\n                                      <div class=\"card__text rte\">\n                <p>Donado y construido en 2011, el mirador accesible permite a los visitantes de todos los niveles disfrutar de una vista panor\u00e1mica del lago Mallard, una hermosa vista para sentarse y reflexionar, as\u00ed como un importante punto de acceso a la vida silvestre.<\/p>\n<p>&nbsp;<\/p>\n<p>&nbsp;<\/p>\n<p>&nbsp;<\/p>\n\n              <\/div>\n                                              <\/div>\n        <\/div>\n                                      <div class=\"card\">\n                      <div class=\"card__bg card__bg--light crooked-bg clip-block\"><\/div>\n                    <div class=\"card__inner card__inner--padded\">\n                          <div class=\"card__img\">\n                <img srcset=\"https:\/\/www.wehrnaturecenter.com\/wp-content\/uploads\/2024\/04\/636520911429635694-IMG-0738-512x289.webp 512w, https:\/\/www.wehrnaturecenter.com\/wp-content\/uploads\/2024\/04\/636520911429635694-IMG-0738-768x434.webp 768w, https:\/\/www.wehrnaturecenter.com\/wp-content\/uploads\/2024\/04\/636520911429635694-IMG-0738-1024x579.webp 1024w\" sizes=\"auto, (min-width: 1200px) 450px, (min-width: 400px) 450px, 80vw\" alt=\"kids playing in natural play center\" width=\"512\" height=\"289\" loading=\"lazy\">\n              <\/div>\n                        <h2 class=\"card__title\">Espacio de juego para la primera infancia<\/h2>\n                                      <div class=\"card__text rte\">\n                <p>Dedicada a la memoria de Carol Block, esta es un \u00e1rea para que los j\u00f3venes exploradores disfruten de la naturaleza. Construido en 2011 y ubicado justo afuera del centro, el espacio de juego ofrece un arenero, escalones y una casa de juegos con caba\u00f1a de madera.<\/p>\n<p>&nbsp;<\/p>\n<p>&nbsp;<\/p>\n<p>&nbsp;<\/p>\n\n              <\/div>\n                                              <\/div>\n        <\/div>\n                                      <div class=\"card\">\n                      <div class=\"card__bg card__bg--light crooked-bg clip-block\"><\/div>\n                    <div class=\"card__inner card__inner--padded\">\n                          <div class=\"card__img\">\n                <img srcset=\"https:\/\/www.wehrnaturecenter.com\/wp-content\/uploads\/2026\/01\/IMG_1866-384x512.jpg 512w, https:\/\/www.wehrnaturecenter.com\/wp-content\/uploads\/2026\/01\/IMG_1866-576x768.jpg 768w, https:\/\/www.wehrnaturecenter.com\/wp-content\/uploads\/2026\/01\/IMG_1866-768x1024.jpg 1024w\" sizes=\"auto, (min-width: 1200px) 450px, (min-width: 400px) 450px, 80vw\" alt=\"\" width=\"384\" height=\"512\" loading=\"lazy\">\n              <\/div>\n                        <h2 class=\"card__title\">Dentro del Centro Natural Wehr<\/h2>\n                                      <div class=\"card__text rte\">\n                <p>The exploration area features a variety of natural history displays, wildlife viewing, and an Nature Store. The Marilyn J. Gardner Room is a multi-purpose room used for educational programs and private special events.<\/p>\n\n              <\/div>\n                                      <div class=\"card__text\">\n                <a class=\"link-w-underline\" href=\"https:\/\/www.wehrnaturecenter.com\/live-from-wehr\/\" >\n                  Mirar en vivo en Wehr\n                                  <\/a>\n              <\/div>\n                                  <\/div>\n        <\/div>\n      \n                      <section class=\"wtc-section\">\n          <img decoding=\"async\" class=\"wtc-section__illus\" src=\"\/wp-content\/themes\/wehr\/img\/illustrations\/log.webp\" alt=\"\" width=\"690\" height=\"724\" loading=\"lazy\">\n\n          \n\n<div class=\"card wt-card wt-card--alt\">\n  <div class=\"card__bg card__bg--light crooked-bg clip-1-alt\"><\/div>\n  <div class=\"card__inner card__inner--padded\">\n    <div class=\"grid wt-card__grid\">\n      <div class=\"wt-card__image\">\n                  <img decoding=\"async\" class=\"wt-card__image__header\" src=\"\/wp-content\/themes\/wehr\/img\/wehr-the-wild-things-are.svg\" alt=\"Wehr the wild things are\" width=\"401\" height=\"299\" loading=\"lazy\">\n        \n        <div class=\"card__img\" style=\"--aspect-ratio: 1\">\n          <img srcset=\"https:\/\/www.wehrnaturecenter.com\/wp-content\/uploads\/2024\/04\/GoodFlock-300x300.webp 300w, https:\/\/www.wehrnaturecenter.com\/wp-content\/uploads\/2024\/04\/GoodFlock-512x512.webp 512w\" alt=\"Flock of wild turkeys\" width=\"512\" height=\"512\" loading=\"lazy\">\n        <\/div>\n      <\/div>\n      <div class=\"card__content\">\n        <h2 class=\"card__title\">Pavos<\/h2>\n        <div class=\"card__text\">\n          <p>\u00bfRevisaste \u00faltimamente los comederos para p\u00e1jaros de Wehr? Esta es la \u00e9poca del a\u00f1o en la que anidan muchas especies de aves. Las aves que anidan alimentan a sus cr\u00edas con insectos y no suelen visitar los comederos durante los meses de verano.<\/p>\n        <\/div>\n                          <div class=\"card__actions\">\n            <a class=\"btn\" href=\"https:\/\/www.wehrnaturecenter.com\/live-from-wehr\/\">\u00a1Conoce toda nuestra fauna!<\/a>\n          <\/div>  \n              <\/div>\n    <\/div>\n  <\/div>\n<\/div>        <\/section>\n          <\/div>\n  <\/div>\n\n    <div class=\"section__bg section__bg--after\"><\/div>\n  <\/div>\n\n\n\n<div id=\"\" class=\"link-blocks-section section section--msmall container\">\n  <div class=\"grid\">\n          <div class=\"card link-block\">\n        <div class=\"card__bg crooked-bg clip-block\"><\/div>\n        <div class=\"card__inner card__inner--padded-small\">\n          <h2 class=\"card__title\">Vea lo que est\u00e1 pasando en Wehr<\/h2>\n          <div class=\"card__actions\">\n            <a class=\"link-w-underline\" href=\"https:\/\/www.wehrnaturecenter.com\/events\/\" >\n              Ir al calendario de eventos\n            <\/a>\n          <\/div>\n\n                                  <img decoding=\"async\" class=\"link-block__illus\" src=\"https:\/\/www.wehrnaturecenter.com\/wp-content\/uploads\/2024\/02\/leaf.webp\" alt=\"\" height=\"286\" width=\"247\" loading=\"lazy\">\n                  <\/div>\n      <\/div>\n          <div class=\"card link-block\">\n        <div class=\"card__bg crooked-bg clip-block\"><\/div>\n        <div class=\"card__inner card__inner--padded-small\">\n          <h2 class=\"card__title\">\u00a1EN VIVO en Wehr!<\/h2>\n          <div class=\"card__actions\">\n            <a class=\"link-w-underline\" href=\"https:\/\/www.wehrnaturecenter.com\/live-from-wehr\/\" >\n              \u00a1Vea las condiciones actuales del sendero, predicciones de temperatura y m\u00e1s!\n            <\/a>\n          <\/div>\n\n                                  <img decoding=\"async\" class=\"link-block__illus\" src=\"https:\/\/www.wehrnaturecenter.com\/wp-content\/uploads\/2024\/02\/snowshoes.webp\" alt=\"\" height=\"382\" width=\"238\" loading=\"lazy\">\n                  <\/div>\n      <\/div>\n      <\/div>\n<\/div>","protected":false},"excerpt":{"rendered":"","protected":false},"author":1,"featured_media":0,"parent":0,"menu_order":0,"comment_status":"closed","ping_status":"closed","template":"","meta":{"_acf_changed":false,"inline_featured_image":false,"_price":"","_stock":"","_tribe_ticket_header":"","_tribe_default_ticket_provider":"","_tribe_ticket_capacity":"0","_ticket_start_date":"","_ticket_end_date":"","_tribe_ticket_show_description":"","_tribe_ticket_show_not_going":false,"_tribe_ticket_use_global_stock":"","_tribe_ticket_global_stock_level":"","_global_stock_mode":"","_global_stock_cap":"","_tribe_rsvp_for_event":"","_tribe_ticket_going_count":"","_tribe_ticket_not_going_count":"","_tribe_tickets_list":"[]","_tribe_ticket_has_attendee_info_fields":false,"footnotes":""},"class_list":["post-21","page","type-page","status-publish","hentry"],"acf":[],"yoast_head":"<!-- This site is optimized with the Yoast SEO plugin v27.5 - https:\/\/yoast.com\/product\/yoast-seo-wordpress\/ -->\n<title>Plan Your Visit to Wehr Nature Center<\/title>\n<meta name=\"description\" content=\"Explore over five miles of nature trails through woodland, wetland, prairie and oak savanna on 220 acres of protected land in Whitnall Park.\" \/>\n<meta name=\"robots\" content=\"index, follow, max-snippet:-1, max-image-preview:large, max-video-preview:-1\" \/>\n<link rel=\"canonical\" href=\"https:\/\/www.wehrnaturecenter.com\/es\/visit\/\" \/>\n<meta property=\"og:locale\" content=\"es_MX\" \/>\n<meta property=\"og:type\" content=\"article\" \/>\n<meta property=\"og:title\" content=\"Plan Your Visit to Wehr Nature Center\" \/>\n<meta property=\"og:description\" content=\"Explore over five miles of nature trails through woodland, wetland, prairie and oak savanna on 220 acres of protected land in Whitnall Park.\" \/>\n<meta property=\"og:url\" content=\"https:\/\/www.wehrnaturecenter.com\/es\/visit\/\" \/>\n<meta property=\"og:site_name\" content=\"Wehr Nature Center\" \/>\n<meta property=\"article:publisher\" content=\"https:\/\/www.facebook.com\/wehrnaturecenter\/\" \/>\n<meta property=\"article:modified_time\" content=\"2026-04-07T02:05:46+00:00\" \/>\n<meta property=\"og:image\" content=\"https:\/\/www.wehrnaturecenter.com\/wp-content\/uploads\/2024\/04\/Wehr-3.webp\" \/>\n\t<meta property=\"og:image:width\" content=\"1200\" \/>\n\t<meta property=\"og:image:height\" content=\"630\" \/>\n\t<meta property=\"og:image:type\" content=\"image\/webp\" \/>\n<meta name=\"twitter:card\" content=\"summary_large_image\" \/>\n<script type=\"application\/ld+json\" class=\"yoast-schema-graph\">{\"@context\":\"https:\\\/\\\/schema.org\",\"@graph\":[{\"@type\":\"WebPage\",\"@id\":\"https:\\\/\\\/www.wehrnaturecenter.com\\\/visit\\\/\",\"url\":\"https:\\\/\\\/www.wehrnaturecenter.com\\\/visit\\\/\",\"name\":\"Plan Your Visit to Wehr Nature Center\",\"isPartOf\":{\"@id\":\"https:\\\/\\\/www.wehrnaturecenter.com\\\/#website\"},\"datePublished\":\"2024-02-08T19:57:05+00:00\",\"dateModified\":\"2026-04-07T02:05:46+00:00\",\"description\":\"Explore over five miles of nature trails through woodland, wetland, prairie and oak savanna on 220 acres of protected land in Whitnall Park.\",\"breadcrumb\":{\"@id\":\"https:\\\/\\\/www.wehrnaturecenter.com\\\/visit\\\/#breadcrumb\"},\"inLanguage\":\"es\",\"potentialAction\":[{\"@type\":\"ReadAction\",\"target\":[\"https:\\\/\\\/www.wehrnaturecenter.com\\\/visit\\\/\"]}]},{\"@type\":\"BreadcrumbList\",\"@id\":\"https:\\\/\\\/www.wehrnaturecenter.com\\\/visit\\\/#breadcrumb\",\"itemListElement\":[{\"@type\":\"ListItem\",\"position\":1,\"name\":\"Home\",\"item\":\"https:\\\/\\\/www.wehrnaturecenter.com\\\/\"},{\"@type\":\"ListItem\",\"position\":2,\"name\":\"Visit\"}]},{\"@type\":\"WebSite\",\"@id\":\"https:\\\/\\\/www.wehrnaturecenter.com\\\/#website\",\"url\":\"https:\\\/\\\/www.wehrnaturecenter.com\\\/\",\"name\":\"Wehr Nature Center\",\"description\":\"A Place For All Seasons\u2014A Place For Everyone\",\"publisher\":{\"@id\":\"https:\\\/\\\/www.wehrnaturecenter.com\\\/#organization\"},\"potentialAction\":[{\"@type\":\"SearchAction\",\"target\":{\"@type\":\"EntryPoint\",\"urlTemplate\":\"https:\\\/\\\/www.wehrnaturecenter.com\\\/?s={search_term_string}\"},\"query-input\":{\"@type\":\"PropertyValueSpecification\",\"valueRequired\":true,\"valueName\":\"search_term_string\"}}],\"inLanguage\":\"es\"},{\"@type\":\"Organization\",\"@id\":\"https:\\\/\\\/www.wehrnaturecenter.com\\\/#organization\",\"name\":\"Wehr Nature Center\",\"url\":\"https:\\\/\\\/www.wehrnaturecenter.com\\\/\",\"logo\":{\"@type\":\"ImageObject\",\"inLanguage\":\"es\",\"@id\":\"https:\\\/\\\/www.wehrnaturecenter.com\\\/#\\\/schema\\\/logo\\\/image\\\/\",\"url\":\"https:\\\/\\\/www.wehrnaturecenter.com\\\/wp-content\\\/uploads\\\/2024\\\/04\\\/Asset.webp\",\"contentUrl\":\"https:\\\/\\\/www.wehrnaturecenter.com\\\/wp-content\\\/uploads\\\/2024\\\/04\\\/Asset.webp\",\"width\":2234,\"height\":890,\"caption\":\"Wehr Nature Center\"},\"image\":{\"@id\":\"https:\\\/\\\/www.wehrnaturecenter.com\\\/#\\\/schema\\\/logo\\\/image\\\/\"},\"sameAs\":[\"https:\\\/\\\/www.facebook.com\\\/wehrnaturecenter\\\/\",\"https:\\\/\\\/www.instagram.com\\\/wehrnaturecenter\\\/\",\"https:\\\/\\\/www.youtube.com\\\/channel\\\/UCxYHduOcs9UyVMZ7ct0HFAw\"]}]}<\/script>\n<!-- \/ Yoast SEO plugin. -->","yoast_head_json":{"title":"Plan Your Visit to Wehr Nature Center","description":"Explore over five miles of nature trails through woodland, wetland, prairie and oak savanna on 220 acres of protected land in Whitnall Park.","robots":{"index":"index","follow":"follow","max-snippet":"max-snippet:-1","max-image-preview":"max-image-preview:large","max-video-preview":"max-video-preview:-1"},"canonical":"https:\/\/www.wehrnaturecenter.com\/es\/visit\/","og_locale":"es_MX","og_type":"article","og_title":"Plan Your Visit to Wehr Nature Center","og_description":"Explore over five miles of nature trails through woodland, wetland, prairie and oak savanna on 220 acres of protected land in Whitnall Park.","og_url":"https:\/\/www.wehrnaturecenter.com\/es\/visit\/","og_site_name":"Wehr Nature Center","article_publisher":"https:\/\/www.facebook.com\/wehrnaturecenter\/","article_modified_time":"2026-04-07T02:05:46+00:00","og_image":[{"width":1200,"height":630,"url":"https:\/\/www.wehrnaturecenter.com\/wp-content\/uploads\/2024\/04\/Wehr-3.webp","type":"image\/webp"}],"twitter_card":"summary_large_image","schema":{"@context":"https:\/\/schema.org","@graph":[{"@type":"WebPage","@id":"https:\/\/www.wehrnaturecenter.com\/visit\/","url":"https:\/\/www.wehrnaturecenter.com\/visit\/","name":"Plan Your Visit to Wehr Nature Center","isPartOf":{"@id":"https:\/\/www.wehrnaturecenter.com\/#website"},"datePublished":"2024-02-08T19:57:05+00:00","dateModified":"2026-04-07T02:05:46+00:00","description":"Explore over five miles of nature trails through woodland, wetland, prairie and oak savanna on 220 acres of protected land in Whitnall Park.","breadcrumb":{"@id":"https:\/\/www.wehrnaturecenter.com\/visit\/#breadcrumb"},"inLanguage":"es","potentialAction":[{"@type":"ReadAction","target":["https:\/\/www.wehrnaturecenter.com\/visit\/"]}]},{"@type":"BreadcrumbList","@id":"https:\/\/www.wehrnaturecenter.com\/visit\/#breadcrumb","itemListElement":[{"@type":"ListItem","position":1,"name":"Home","item":"https:\/\/www.wehrnaturecenter.com\/"},{"@type":"ListItem","position":2,"name":"Visit"}]},{"@type":"WebSite","@id":"https:\/\/www.wehrnaturecenter.com\/#website","url":"https:\/\/www.wehrnaturecenter.com\/","name":"Centro de naturaleza Wehr","description":"Un lugar para todas las estaciones: un lugar para todos","publisher":{"@id":"https:\/\/www.wehrnaturecenter.com\/#organization"},"potentialAction":[{"@type":"SearchAction","target":{"@type":"EntryPoint","urlTemplate":"https:\/\/www.wehrnaturecenter.com\/?s={search_term_string}"},"query-input":{"@type":"PropertyValueSpecification","valueRequired":true,"valueName":"search_term_string"}}],"inLanguage":"es"},{"@type":"Organization","@id":"https:\/\/www.wehrnaturecenter.com\/#organization","name":"Centro de naturaleza Wehr","url":"https:\/\/www.wehrnaturecenter.com\/","logo":{"@type":"ImageObject","inLanguage":"es","@id":"https:\/\/www.wehrnaturecenter.com\/#\/schema\/logo\/image\/","url":"https:\/\/www.wehrnaturecenter.com\/wp-content\/uploads\/2024\/04\/Asset.webp","contentUrl":"https:\/\/www.wehrnaturecenter.com\/wp-content\/uploads\/2024\/04\/Asset.webp","width":2234,"height":890,"caption":"Wehr Nature Center"},"image":{"@id":"https:\/\/www.wehrnaturecenter.com\/#\/schema\/logo\/image\/"},"sameAs":["https:\/\/www.facebook.com\/wehrnaturecenter\/","https:\/\/www.instagram.com\/wehrnaturecenter\/","https:\/\/www.youtube.com\/channel\/UCxYHduOcs9UyVMZ7ct0HFAw"]}]}},"_links":{"self":[{"href":"https:\/\/www.wehrnaturecenter.com\/es\/wp-json\/wp\/v2\/pages\/21","targetHints":{"allow":["GET"]}}],"collection":[{"href":"https:\/\/www.wehrnaturecenter.com\/es\/wp-json\/wp\/v2\/pages"}],"about":[{"href":"https:\/\/www.wehrnaturecenter.com\/es\/wp-json\/wp\/v2\/types\/page"}],"author":[{"embeddable":true,"href":"https:\/\/www.wehrnaturecenter.com\/es\/wp-json\/wp\/v2\/users\/1"}],"replies":[{"embeddable":true,"href":"https:\/\/www.wehrnaturecenter.com\/es\/wp-json\/wp\/v2\/comments?post=21"}],"version-history":[{"count":0,"href":"https:\/\/www.wehrnaturecenter.com\/es\/wp-json\/wp\/v2\/pages\/21\/revisions"}],"wp:attachment":[{"href":"https:\/\/www.wehrnaturecenter.com\/es\/wp-json\/wp\/v2\/media?parent=21"}],"curies":[{"name":"wp","href":"https:\/\/api.w.org\/{rel}","templated":true}]}}