{"id":25,"date":"2024-02-08T19:57:34","date_gmt":"2024-02-08T19:57:34","guid":{"rendered":"http:\/\/localhost:47883\/?page_id=25"},"modified":"2026-04-17T13:55:49","modified_gmt":"2026-04-17T18:55:49","slug":"about","status":"publish","type":"page","link":"https:\/\/www.wehrnaturecenter.com\/es\/about\/","title":{"rendered":"Acerca de"},"content":{"rendered":"<section class=\"page-header\">\n  <div class=\"container\">\n    \n  <nav class=\"breadcrumbs\" aria-label=\"breadcrumbs\">\n    <ul class=\"breadcrumbs__list\">\n              <li class=\"breadcrumbs__item\">\n                      <a class=\"breadcrumbs__link\" href=\"\/\">\n              Home\n            <\/a>\n                  <\/li>\n          <\/ul>\n  <\/nav>\n    \n    <div class=\"page-header__container\">\n      <div class=\"page-header__content card\">\n        <h1 class=\"page-header__title card__title\">Un lugar para todas las estaciones: un lugar para todos<\/h1>\n              <\/div>\n      \n              <div class=\"page-header__illus\">\n                    <img decoding=\"async\" src=\"\/wp-content\/themes\/wehr\/img\/illustrations\/butterfly.webp\" alt=\"\" loading=\"lazy\"\/>\n                  <\/div>\n            \n            <\/div>\n  <\/div>\n<\/section>\n\n\n\n<div id=\"\" class=\"gallery-section section container\" data-no-translation=\"\">\n  <div class=\"gallery gallery--about\">\n    <div class=\"gallery__illus\">\n            <img decoding=\"async\" class=\"bottom-left\" src=\"\/wp-content\/themes\/wehr\/img\/illustrations\/branch-n-leaves.webp\" alt=\"\" height=\"1335\" width=\"1423\" loading=\"lazy\">\n    <\/div>\n\n    <div class=\"gallery__items\">\n              \n                                                                                                                                                                                                                                                                                                    \n        <div class=\"gallery__item\" style=\"--aspect-ratio: 974 \/ 612\">\n          <img srcset=\"https:\/\/www.wehrnaturecenter.com\/wp-content\/uploads\/2024\/04\/Pier_DBrooks-1-1-5-300x189.webp 300w, https:\/\/www.wehrnaturecenter.com\/wp-content\/uploads\/2024\/04\/Pier_DBrooks-1-1-5-512x322.webp 512w, https:\/\/www.wehrnaturecenter.com\/wp-content\/uploads\/2024\/04\/Pier_DBrooks-1-1-5-768x483.webp 768w\" sizes=\"auto, (min-width: 992px) 480px, (min-width: 768px) 350px, 300px\" alt=\"Identifying prairie plants\" width=\"512\" height=\"322\" loading=\"lazy\">\n        <\/div>\n              \n                                                                                                                                                                                                                                                                                                    \n        <div class=\"gallery__item\" style=\"--aspect-ratio: 798 \/ 566\">\n          <img srcset=\"https:\/\/www.wehrnaturecenter.com\/wp-content\/uploads\/2024\/04\/Pier_DBrooks-1-1-1-300x213.webp 300w, https:\/\/www.wehrnaturecenter.com\/wp-content\/uploads\/2024\/04\/Pier_DBrooks-1-1-1-512x363.webp 512w, https:\/\/www.wehrnaturecenter.com\/wp-content\/uploads\/2024\/04\/Pier_DBrooks-1-1-1-768x545.webp 768w\" sizes=\"auto, (min-width: 992px) 480px, (min-width: 768px) 350px, 300px\" alt=\"group walking through trails\" width=\"512\" height=\"363\" loading=\"lazy\">\n        <\/div>\n              \n                                                                                                                                                                                                                                                                                                    \n        <div class=\"gallery__item\" style=\"--aspect-ratio: 770 \/ 734\">\n          <img srcset=\"https:\/\/www.wehrnaturecenter.com\/wp-content\/uploads\/2024\/04\/Pier_DBrooks-1-1-3-300x286.webp 300w, https:\/\/www.wehrnaturecenter.com\/wp-content\/uploads\/2024\/04\/Pier_DBrooks-1-1-3-512x488.webp 512w, https:\/\/www.wehrnaturecenter.com\/wp-content\/uploads\/2024\/04\/Pier_DBrooks-1-1-3-768x732.webp 768w\" sizes=\"auto, (min-width: 992px) 480px, (min-width: 768px) 350px, 300px\" alt=\"aerial drone shot of the nature center\" width=\"512\" height=\"488\" loading=\"lazy\">\n        <\/div>\n              \n                                                                                                                                                                            \n        <div class=\"gallery__item\" style=\"--aspect-ratio: 392 \/ 394\">\n          <img srcset=\"https:\/\/www.wehrnaturecenter.com\/wp-content\/uploads\/2024\/04\/Pier_DBrooks-1-1-4-298x300.webp 298w\" sizes=\"(min-width: 992px) 480px, (min-width: 768px) 350px, 300px\" alt=\"Tiny pine cone\" width=\"\" height=\"\" loading=\"lazy\">\n        <\/div>\n              \n                                                                                                                                                                            \n        <div class=\"gallery__item\" style=\"--aspect-ratio: 428 \/ 460\">\n          <img srcset=\"https:\/\/www.wehrnaturecenter.com\/wp-content\/uploads\/2024\/04\/Pier_DBrooks-1-1-6-279x300.webp 279w\" sizes=\"(min-width: 992px) 480px, (min-width: 768px) 350px, 300px\" alt=\"Owl\" width=\"\" height=\"\" loading=\"lazy\">\n        <\/div>\n              \n                                                                                                                                                                                                                                                                                                                                      \n        <div class=\"gallery__item\" style=\"--aspect-ratio: 732 \/ 1220\">\n          <img srcset=\"https:\/\/www.wehrnaturecenter.com\/wp-content\/uploads\/2024\/04\/Pier_DBrooks-1-1-2-180x300.webp 180w, https:\/\/www.wehrnaturecenter.com\/wp-content\/uploads\/2024\/04\/Pier_DBrooks-1-1-2-307x512.webp 307w, https:\/\/www.wehrnaturecenter.com\/wp-content\/uploads\/2024\/04\/Pier_DBrooks-1-1-2-461x768.webp 461w, https:\/\/www.wehrnaturecenter.com\/wp-content\/uploads\/2024\/04\/Pier_DBrooks-1-1-2-614x1024.webp 614w\" sizes=\"auto, (min-width: 992px) 480px, (min-width: 768px) 350px, 300px\" alt=\"volunteers at the lake\" width=\"307\" height=\"512\" loading=\"lazy\">\n        <\/div>\n          <\/div>\n  <\/div>\n\n  <\/div>\n\n\n\n<section id=\"the-50th-anniversary\" class=\"video-cards section container\">\n  <div class=\"video-cards__top grid\">\n    <div class=\"card\">\n      <div class=\"card__inner\">\n        <h2 class=\"card__title\">\u00a1Salud por 50 a\u00f1os!<\/h2>\n        <div class=\"card__text\">\n          <p>Wehr Nature Center est\u00e1 celebrando nuestra<br \/>\n50 Aniversario (1974-2024) este a\u00f1o.<br \/>\n\u00a1Estamos ansiosos por celebrar contigo!<\/p>\n\n        <\/div>\n      <\/div>\n    <\/div>\n    <div class=\"video-cards__illus\">\n      <img decoding=\"async\" src=\"\/wp-content\/themes\/wehr\/img\/illustrations\/steps.webp\" alt=\"\" height=\"580\" width=\"1548\" loading=\"lazy\">\n    <\/div>\n  <\/div>\n  <div class=\"grid\">\n          \n      <div class=\"card\">\n        <div class=\"card__inner\">\n          <div class=\"card__media\">\n              <a class=\"video-container js-lightbox-activator\" href=\"https:\/\/www.youtube.com\/watch?v=bbkjJNy2ihg\" target=\"_blank\">\n  \n  <div class=\"video-container__inner\">\n                <img srcset=\"https:\/\/www.wehrnaturecenter.com\/wp-content\/uploads\/2024\/03\/3232f11f15859e64f26ee6bfc889763b-300x171.webp 300w, https:\/\/www.wehrnaturecenter.com\/wp-content\/uploads\/2024\/03\/3232f11f15859e64f26ee6bfc889763b-512x292.webp 512w, https:\/\/www.wehrnaturecenter.com\/wp-content\/uploads\/2024\/03\/3232f11f15859e64f26ee6bfc889763b-768x438.webp 768w, https:\/\/www.wehrnaturecenter.com\/wp-content\/uploads\/2024\/03\/3232f11f15859e64f26ee6bfc889763b-1024x584.webp 1024w\" sizes=\"auto, (min-width: 768px) 560px, 98vw\" alt=\"A Place for all Seasons, A Place for Everyone.\" width=\"512\" height=\"292\" loading=\"lazy\">\n      \n      <span class=\"btn btn--no-wrap\">\n        <svg class=\"icon\" aria-hidden=\"true\">\n          <use href=\"#icon-play-circle\"><\/use>\n        <\/svg>\n        \n        Reproducir v\u00eddeo\n      <\/span>\n      <\/div>\n  <\/a>\n          <\/div>\n          <h3 class=\"card__title h5\">Un lugar para todas las estaciones, un lugar para todos.<\/h3>\n          <div class=\"card__text\">\n            <p>Explore m\u00e1s de cinco millas de senderos naturales a trav\u00e9s de bosques, humedales, praderas y sabanas de robles en 220 acres de tierra protegida en Whitnall Park en Wehr Nature Center.<\/p>\n\n          <\/div>\n        <\/div>\n      <\/div>\n          \n      <div class=\"card\">\n        <div class=\"card__inner\">\n          <div class=\"card__media\">\n              <a class=\"video-container js-lightbox-activator\" href=\"https:\/\/www.youtube.com\/watch?v=NTs5lnzslM0\" target=\"_blank\">\n  \n  <div class=\"video-container__inner\">\n                <img srcset=\"https:\/\/www.wehrnaturecenter.com\/wp-content\/uploads\/2026\/01\/Screenshot-2026-01-21-115908-2-300x153.png 300w, https:\/\/www.wehrnaturecenter.com\/wp-content\/uploads\/2026\/01\/Screenshot-2026-01-21-115908-2-512x260.png 512w, https:\/\/www.wehrnaturecenter.com\/wp-content\/uploads\/2026\/01\/Screenshot-2026-01-21-115908-2-768x390.png 768w, https:\/\/www.wehrnaturecenter.com\/wp-content\/uploads\/2026\/01\/Screenshot-2026-01-21-115908-2-1024x521.png 1024w\" sizes=\"auto, (min-width: 768px) 560px, 98vw\" alt=\"Let\u2019s hear from the kids!\" width=\"512\" height=\"260\" loading=\"lazy\">\n      \n      <span class=\"btn btn--no-wrap\">\n        <svg class=\"icon\" aria-hidden=\"true\">\n          <use href=\"#icon-play-circle\"><\/use>\n        <\/svg>\n        \n        Reproducir v\u00eddeo\n      <\/span>\n      <\/div>\n  <\/a>\n          <\/div>\n          <h3 class=\"card__title h5\">\u00a1Escuchemos de los ni\u00f1os!<\/h3>\n          <div class=\"card__text\">\n            <p>Para celebrar el 50.\u00ba aniversario de Wehr, preguntamos a los ni\u00f1os c\u00f3mo ser\u00e1n Wehr y el mundo dentro de otros 50 a\u00f1os.<\/p>\n\n          <\/div>\n        <\/div>\n      <\/div>\n        <div class=\"video-section__btm-illus\">\n      <img decoding=\"async\" src=\"\/wp-content\/themes\/wehr\/img\/illustrations\/about-illustration.webp\" alt=\"\" height=\"456\" width=\"1382\" loading=\"lazy\">\n    <\/div>\n  <\/div>\n<\/section>\n\n\n\n<section id=\"our-history\" class=\"timeline-section section section--w-bg\">\n  <div class=\"section__bg section__bg--before\"><\/div>\n  \n  <div class=\"container\">\n    <div class=\"timeline-section__illus\">\n      <img decoding=\"async\" src=\"\/wp-content\/themes\/wehr\/img\/illustrations\/squirrel.webp\" alt=\"\" height=\"630\" width=\"558\" loading=\"lazy\">\n    <\/div>\n\n    <div class=\"card\">\n      <p class=\"card__subtitle\">Centro de naturaleza Wehr<\/p>\n      <h2 class=\"card__title\">A trav\u00e9s de los a\u00f1os<\/h2>\n    <\/div>\n  <\/div>\n\n  <div class=\"timeline js-timeline\">\n    <div class=\"container timeline__list-container\">\n      <button class=\"timeline__btn js-timeline-prev\" type=\"button\">\n        <svg class=\"icon\" width=\"8\" height=\"11\" viewbox=\"0 0 8 11\" aria-hidden=\"true\">\n          <path d=\"M8 1.07555L8 9.07442C8 9.8844 7.08741 10.3583 6.42482 9.89245L1.09224 6.14298C0.546428 5.75921 0.522401 4.95871 1.04421 4.54289L6.3768 0.29349C7.03187 -0.228517 8 0.237931 8 1.07555Z\"\/>\n        <\/svg>\n        <span class=\"sr-only\">Previous<\/span>\n      <\/button>\n      <ul class=\"timeline__list js-timeline-list\">\n                <li>\n          <a class=\"timeline__list__item js-timeline-nav-item\" href=\"#land-is-purchased-to-create-whitnall-park\">\n            <span class=\"timeline__list__item__year\">1920<\/span> <span>Se compra un terreno para crear Whitnall Park<\/span>\n          <\/a>\n        <\/li>\n                <li>\n          <a class=\"timeline__list__item js-timeline-nav-item\" href=\"#alfred-boerner-plans-whitnall-park\">\n            <span class=\"timeline__list__item__year\">1930<\/span> <span>Alfred Boerner planea Whitnall Park<\/span>\n          <\/a>\n        <\/li>\n                <li>\n          <a class=\"timeline__list__item js-timeline-nav-item\" href=\"#civilian-conservation-corps-shapes-whitnall-park\">\n            <span class=\"timeline__list__item__year\">1933<\/span> <span>El Cuerpo de Conservaci\u00f3n Civil da forma a Whitnall Park<\/span>\n          <\/a>\n        <\/li>\n                <li>\n          <a class=\"timeline__list__item js-timeline-nav-item\" href=\"#first-nature-trail-created\">\n            <span class=\"timeline__list__item__year\">1952<\/span> <span>Primer sendero natural creado<\/span>\n          <\/a>\n        <\/li>\n                <li>\n          <a class=\"timeline__list__item js-timeline-nav-item\" href=\"#plans-for-wehr-nature-center-are-drawn-prairie-planted\">\n            <span class=\"timeline__list__item__year\">1964<\/span> <span>Se elaboran los planos para el centro natural Wehr y se plantan praderas<\/span>\n          <\/a>\n        <\/li>\n                <li>\n          <a class=\"timeline__list__item js-timeline-nav-item\" href=\"#harold-rock-becomes-the-first-director-of-wnc\">\n            <span class=\"timeline__list__item__year\">1974<\/span> <span>Harold Rock se convierte en el primer director de WNC<\/span>\n          <\/a>\n        <\/li>\n                <li>\n          <a class=\"timeline__list__item js-timeline-nav-item\" href=\"#dedication-day\">\n            <span class=\"timeline__list__item__year\">1974<\/span> <span>D\u00eda de la dedicaci\u00f3n<\/span>\n          <\/a>\n        <\/li>\n                <li>\n          <a class=\"timeline__list__item js-timeline-nav-item\" href=\"#trail-system-is-complete-nature-education-programs-grow\">\n            <span class=\"timeline__list__item__year\">1975<\/span> <span>El sistema de senderos est\u00e1 completo, los programas de educaci\u00f3n sobre la naturaleza crecen<\/span>\n          <\/a>\n        <\/li>\n                <li>\n          <a class=\"timeline__list__item js-timeline-nav-item\" href=\"#mariette-nowak-becomes-wehrs-director\">\n            <span class=\"timeline__list__item__year\">1980<\/span> <span>Mariette Nowak se convierte en directora de Wehr<\/span>\n          <\/a>\n        <\/li>\n                <li>\n          <a class=\"timeline__list__item js-timeline-nav-item\" href=\"#friends-of-wehr-is-formed-as-the-nonprofit-partner-of-the-nature-center\">\n            <span class=\"timeline__list__item__year\">1981<\/span> <span>Friends of Wehr se constituye como socio sin fines de lucro del centro natural<\/span>\n          <\/a>\n        <\/li>\n                <li>\n          <a class=\"timeline__list__item js-timeline-nav-item\" href=\"#nature-in-the-parks-begins-programs\">\n            <span class=\"timeline__list__item__year\">1983<\/span> <span>La Naturaleza En Los Parques Inicia Programas<\/span>\n          <\/a>\n        <\/li>\n                <li>\n          <a class=\"timeline__list__item js-timeline-nav-item\" href=\"#deb-mcrae-become-nature-center-director\">\n            <span class=\"timeline__list__item__year\">1999<\/span> <span>Deb McRae se convierte en directora del Centro Natural<\/span>\n          <\/a>\n        <\/li>\n                <li>\n          <a class=\"timeline__list__item js-timeline-nav-item\" href=\"#growth-of-the-center-and-renewed-vision\">\n            <span class=\"timeline__list__item__year\">2002<\/span> <span>Crecimiento del Centro y Visi\u00f3n Renovada<\/span>\n          <\/a>\n        <\/li>\n              <\/ul>\n      <button class=\"timeline__btn js-timeline-next\" type=\"button\">\n        <svg class=\"icon\" width=\"8\" height=\"11\" viewbox=\"0 0 8 11\" aria-hidden=\"true\">\n          <path d=\"M1.73525e-06 9.92445L3.36678e-07 1.92558C1.95057e-07 1.1156 0.912591 0.641665 1.57518 1.10755L6.90776 4.85702C7.45357 5.24079 7.4776 6.04129 6.95579 6.45711L1.62321 10.7065C0.968138 11.2285 1.8817e-06 10.7621 1.73525e-06 9.92445Z\"\/>\n        <\/svg>\n        <span class=\"sr-only\">Pr\u00f3ximo<\/span>\n      <\/button>\n    <\/div>\n\n    <div class=\"timeline__items\">\n      <div class=\"container\">\n        <div class=\"timeline__items__inner js-timeline-items\">\n                                  <div id=\"land-is-purchased-to-create-whitnall-park\" class=\"timeline__item grid grid--align-center\">\n              <div class=\"card\">\n                <p class=\"card__subtitle card__subtitle--larger\">1920<\/p>\n                <h3 class=\"card__title h2\">Se compra un terreno para crear Whitnall Park<\/h3>\n                <div class=\"card__text\">\n                  <p>Durante cuarenta a\u00f1os de servicio en la Comisi\u00f3n de Parques del Condado de Milwaukee, Whitnall jug\u00f3 un papel decisivo en la compra y reserva del parque de 660 acres que rodea el Wehr Nature Center, as\u00ed como en Root River Parkway de 3266 acres contiguo al parque Whitnall.<\/p>\n\n                <\/div>\n\n                <div class=\"card__actions\">\n                  <button class=\"btn js-timeline-next\" type=\"button\">\n                                          Pr\u00f3ximo\n                                      <\/button>\n                <\/div>\n              <\/div>\n              <div class=\"timeline__item__images\">\n                                                                          <div class=\"card__img timeline__item__image\" style=\"--aspect-ratio: 1.46\">\n                      <img srcset=\"https:\/\/www.wehrnaturecenter.com\/wp-content\/uploads\/2024\/03\/1920-Whitnall-433x512.jpg 512w, https:\/\/www.wehrnaturecenter.com\/wp-content\/uploads\/2024\/03\/1920-Whitnall.jpg 768w, https:\/\/www.wehrnaturecenter.com\/wp-content\/uploads\/2024\/03\/1920-Whitnall.jpg 1024w\" sizes=\"auto, (min-width: 992px) 473px, 98vw\" alt=\"\" width=\"433\" height=\"512\" loading=\"lazy\">\n                    <\/div>\n                                                <\/div>\n            <\/div>\n                                  <div id=\"alfred-boerner-plans-whitnall-park\" class=\"timeline__item grid grid--align-center\">\n              <div class=\"card\">\n                <p class=\"card__subtitle card__subtitle--larger\">1930-1932<\/p>\n                <h3 class=\"card__title h2\">Alfred Boerner planea Whitnall Park<\/h3>\n                <div class=\"card__text\">\n                  <p>El desarrollo de Whitnall Park fue guiado por Alfred L. Boerner, arquitecto paisajista del condado, quien cre\u00eda que un parque deber\u00eda ser educativo y enfatiz\u00f3 la importancia del estudio de la naturaleza dentro de los bosques y prados de Whitnall Park.<\/p>\n\n                <\/div>\n\n                <div class=\"card__actions\">\n                  <button class=\"btn js-timeline-next\" type=\"button\">\n                                          Pr\u00f3ximo\n                                      <\/button>\n                <\/div>\n              <\/div>\n              <div class=\"timeline__item__images\">\n                                                                          <div class=\"card__img timeline__item__image\" style=\"--aspect-ratio: 1.46\">\n                      <img srcset=\"https:\/\/www.wehrnaturecenter.com\/wp-content\/uploads\/2024\/03\/1930-Boerner.jpg 512w, https:\/\/www.wehrnaturecenter.com\/wp-content\/uploads\/2024\/03\/1930-Boerner.jpg 768w, https:\/\/www.wehrnaturecenter.com\/wp-content\/uploads\/2024\/03\/1930-Boerner.jpg 1024w\" sizes=\"(min-width: 992px) 473px, 98vw\" alt=\"\" width=\"\" height=\"\" loading=\"lazy\">\n                    <\/div>\n                                                <\/div>\n            <\/div>\n                                  <div id=\"civilian-conservation-corps-shapes-whitnall-park\" class=\"timeline__item grid grid--align-center\">\n              <div class=\"card\">\n                <p class=\"card__subtitle card__subtitle--larger\">1933-1936<\/p>\n                <h3 class=\"card__title h2\">El Cuerpo de Conservaci\u00f3n Civil da forma a Whitnall Park<\/h3>\n                <div class=\"card__text\">\n                  <p>Durante la d\u00e9cada de 1930 se estableci\u00f3 un campamento CCC de unos 300 hombres en Whitnall Park. Este equipo plant\u00f3 \u00e1rboles, cre\u00f3 lagunas como el lago Mallard, construy\u00f3 puentes, caminos y el \u00e1rea de Wehr conocida como la cascada. El parque que ves hoy es su legado.<\/p>\n\n                <\/div>\n\n                <div class=\"card__actions\">\n                  <button class=\"btn js-timeline-next\" type=\"button\">\n                                          Pr\u00f3ximo\n                                      <\/button>\n                <\/div>\n              <\/div>\n              <div class=\"timeline__item__images\">\n                                                                          <div class=\"card__img timeline__item__image\" style=\"--aspect-ratio: 1.46\">\n                      <img srcset=\"https:\/\/www.wehrnaturecenter.com\/wp-content\/uploads\/2024\/03\/1930-CCC2-512x348.jpg 512w, https:\/\/www.wehrnaturecenter.com\/wp-content\/uploads\/2024\/03\/1930-CCC2.jpg 768w, https:\/\/www.wehrnaturecenter.com\/wp-content\/uploads\/2024\/03\/1930-CCC2.jpg 1024w\" sizes=\"auto, (min-width: 992px) 473px, 98vw\" alt=\"\" width=\"512\" height=\"348\" loading=\"lazy\">\n                    <\/div>\n                                                                                            <div class=\"card__img timeline__item__image\" style=\"--aspect-ratio: 1.46\">\n                      <img srcset=\"https:\/\/www.wehrnaturecenter.com\/wp-content\/uploads\/2024\/03\/1933-CCC1-512x351.jpg 512w, https:\/\/www.wehrnaturecenter.com\/wp-content\/uploads\/2024\/03\/1933-CCC1.jpg 768w, https:\/\/www.wehrnaturecenter.com\/wp-content\/uploads\/2024\/03\/1933-CCC1.jpg 1024w\" sizes=\"auto, (min-width: 992px) 473px, 98vw\" alt=\"\" width=\"512\" height=\"351\" loading=\"lazy\">\n                    <\/div>\n                                                <\/div>\n            <\/div>\n                                  <div id=\"first-nature-trail-created\" class=\"timeline__item grid grid--align-center\">\n              <div class=\"card\">\n                <p class=\"card__subtitle card__subtitle--larger\">1952<\/p>\n                <h3 class=\"card__title h2\">Primer sendero natural creado<\/h3>\n                <div class=\"card__text\">\n                  <p>La programaci\u00f3n sobre la naturaleza comenz\u00f3 en Wehr mucho antes de que se construyera el edificio. El superintendente de Whitnall Park, John Voigt, orden\u00f3 al estudiante Phil Whitford que construyera una ruta de senderismo natural que todav\u00eda forma parte de nuestro sistema de senderos en la actualidad.<\/p>\n\n                <\/div>\n\n                <div class=\"card__actions\">\n                  <button class=\"btn js-timeline-next\" type=\"button\">\n                                          Pr\u00f3ximo\n                                      <\/button>\n                <\/div>\n              <\/div>\n              <div class=\"timeline__item__images\">\n                                                                          <div class=\"card__img timeline__item__image\" style=\"--aspect-ratio: 1.46\">\n                      <img srcset=\"https:\/\/www.wehrnaturecenter.com\/wp-content\/uploads\/2024\/03\/1952-FirstTrailMarker-512x358.jpg 512w, https:\/\/www.wehrnaturecenter.com\/wp-content\/uploads\/2024\/03\/1952-FirstTrailMarker.jpg 768w, https:\/\/www.wehrnaturecenter.com\/wp-content\/uploads\/2024\/03\/1952-FirstTrailMarker.jpg 1024w\" sizes=\"auto, (min-width: 992px) 473px, 98vw\" alt=\"\" width=\"512\" height=\"358\" loading=\"lazy\">\n                    <\/div>\n                                                <\/div>\n            <\/div>\n                                  <div id=\"plans-for-wehr-nature-center-are-drawn-prairie-planted\" class=\"timeline__item grid grid--align-center\">\n              <div class=\"card\">\n                <p class=\"card__subtitle card__subtitle--larger\">1964-1972<\/p>\n                <h3 class=\"card__title h2\">Se elaboran los planos para el centro natural Wehr y se plantan praderas<\/h3>\n                <div class=\"card__text\">\n                  <p>El sue\u00f1o de Alfred Boerner de tener un centro natural en Whitnall Park se acerc\u00f3 un paso m\u00e1s cuando los planes para el edificio fueron desarrollados por el planificador paisajista de parques del condado, Robert Mikula, en 1964. Tallgrass Prairie de Wehr fue creada como un proyecto de investigaci\u00f3n por el ahora profesor Phil Whitford y el bot\u00e1nico de Boerner Arthur. Oda. Se recolectaron semillas de Curtis Prairie en Madison, se plantaron hileras y un antiguo campo agr\u00edcola se transform\u00f3 en una pradera diversa. En 1972, John Doyne obtuvo formalmente 200.000 d\u00f3lares de la Todd Wehr Foundation Inc. y fondos de contrapartida a trav\u00e9s de subvenciones federales y estatales para permitir la construcci\u00f3n del Centro de Visitantes.<\/p>\n\n                <\/div>\n\n                <div class=\"card__actions\">\n                  <button class=\"btn js-timeline-next\" type=\"button\">\n                                          Pr\u00f3ximo\n                                      <\/button>\n                <\/div>\n              <\/div>\n              <div class=\"timeline__item__images\">\n                                                                          <div class=\"card__img timeline__item__image\" style=\"--aspect-ratio: 1.46\">\n                      <img srcset=\"https:\/\/www.wehrnaturecenter.com\/wp-content\/uploads\/2024\/03\/1964-PlansforNatureCenter.jpg 512w, https:\/\/www.wehrnaturecenter.com\/wp-content\/uploads\/2024\/03\/1964-PlansforNatureCenter.jpg 768w, https:\/\/www.wehrnaturecenter.com\/wp-content\/uploads\/2024\/03\/1964-PlansforNatureCenter.jpg 1024w\" sizes=\"(min-width: 992px) 473px, 98vw\" alt=\"\" width=\"\" height=\"\" loading=\"lazy\">\n                    <\/div>\n                                                                                            <div class=\"card__img timeline__item__image\" style=\"--aspect-ratio: 1.46\">\n                      <img srcset=\"https:\/\/www.wehrnaturecenter.com\/wp-content\/uploads\/2024\/03\/1965-PrairiePlanted-512x342.jpg 512w, https:\/\/www.wehrnaturecenter.com\/wp-content\/uploads\/2024\/03\/1965-PrairiePlanted.jpg 768w, https:\/\/www.wehrnaturecenter.com\/wp-content\/uploads\/2024\/03\/1965-PrairiePlanted.jpg 1024w\" sizes=\"auto, (min-width: 992px) 473px, 98vw\" alt=\"\" width=\"512\" height=\"342\" loading=\"lazy\">\n                    <\/div>\n                                                <\/div>\n            <\/div>\n                                  <div id=\"harold-rock-becomes-the-first-director-of-wnc\" class=\"timeline__item grid grid--align-center\">\n              <div class=\"card\">\n                <p class=\"card__subtitle card__subtitle--larger\">1974-1979<\/p>\n                <h3 class=\"card__title h2\">Harold Rock se convierte en el primer director de WNC<\/h3>\n                <div class=\"card__text\">\n                  <p>Harold Rock lidera el desarrollo del Centro Natural y desempe\u00f1a un papel decisivo en la construcci\u00f3n del sistema de voluntariado de Wehr. Establece un grupo de naturalistas docentes, la Wheel-and-Chip Society (un grupo que construye y mantiene nuestros senderos) y programas populares como Wednesday Nights at Wehr y Senior Citizens Nature Club. <\/p>\n\n                <\/div>\n\n                <div class=\"card__actions\">\n                  <button class=\"btn js-timeline-next\" type=\"button\">\n                                          Pr\u00f3ximo\n                                      <\/button>\n                <\/div>\n              <\/div>\n              <div class=\"timeline__item__images\">\n                                                                          <div class=\"card__img timeline__item__image\" style=\"--aspect-ratio: 1.46\">\n                      <img srcset=\"https:\/\/www.wehrnaturecenter.com\/wp-content\/uploads\/2024\/06\/9070441773_e23ab71f23_w.jpg 512w, https:\/\/www.wehrnaturecenter.com\/wp-content\/uploads\/2024\/06\/9070441773_e23ab71f23_w.jpg 768w, https:\/\/www.wehrnaturecenter.com\/wp-content\/uploads\/2024\/06\/9070441773_e23ab71f23_w.jpg 1024w\" sizes=\"(min-width: 992px) 473px, 98vw\" alt=\"\" width=\"\" height=\"\" loading=\"lazy\">\n                    <\/div>\n                                                <\/div>\n            <\/div>\n                                  <div id=\"dedication-day\" class=\"timeline__item grid grid--align-center\">\n              <div class=\"card\">\n                <p class=\"card__subtitle card__subtitle--larger\">1974<\/p>\n                <h3 class=\"card__title h2\">D\u00eda de la dedicaci\u00f3n<\/h3>\n                <div class=\"card__text\">\n                  <p>La construcci\u00f3n se completa en la primavera de 1974. El ejecutivo del condado, John Doyne, quien hab\u00eda trabajado como parte del equipo del CCC de Whitnall Park cuando era joven, inaugura el nuevo centro de educaci\u00f3n ambiental el 14 de junio de 1974. Comienza la programaci\u00f3n educativa y crece r\u00e1pidamente sirviendo al \u00e1rea. juventud.<\/p>\n\n                <\/div>\n\n                <div class=\"card__actions\">\n                  <button class=\"btn js-timeline-next\" type=\"button\">\n                                          Pr\u00f3ximo\n                                      <\/button>\n                <\/div>\n              <\/div>\n              <div class=\"timeline__item__images\">\n                                                                          <div class=\"card__img timeline__item__image\" style=\"--aspect-ratio: 1.46\">\n                      <img srcset=\"https:\/\/www.wehrnaturecenter.com\/wp-content\/uploads\/2024\/03\/1974-DedicationDay-512x361.jpg 512w, https:\/\/www.wehrnaturecenter.com\/wp-content\/uploads\/2024\/03\/1974-DedicationDay.jpg 768w, https:\/\/www.wehrnaturecenter.com\/wp-content\/uploads\/2024\/03\/1974-DedicationDay.jpg 1024w\" sizes=\"auto, (min-width: 992px) 473px, 98vw\" alt=\"\" width=\"512\" height=\"361\" loading=\"lazy\">\n                    <\/div>\n                                                                                            <div class=\"card__img timeline__item__image\" style=\"--aspect-ratio: 1.46\">\n                      <img srcset=\"https:\/\/www.wehrnaturecenter.com\/wp-content\/uploads\/2024\/03\/1974-EducationProgrammingBegins-512x348.jpg 512w, https:\/\/www.wehrnaturecenter.com\/wp-content\/uploads\/2024\/03\/1974-EducationProgrammingBegins.jpg 768w, https:\/\/www.wehrnaturecenter.com\/wp-content\/uploads\/2024\/03\/1974-EducationProgrammingBegins.jpg 1024w\" sizes=\"auto, (min-width: 992px) 473px, 98vw\" alt=\"\" width=\"512\" height=\"348\" loading=\"lazy\">\n                    <\/div>\n                                                <\/div>\n            <\/div>\n                                  <div id=\"trail-system-is-complete-nature-education-programs-grow\" class=\"timeline__item grid grid--align-center\">\n              <div class=\"card\">\n                <p class=\"card__subtitle card__subtitle--larger\">1975<\/p>\n                <h3 class=\"card__title h2\">El sistema de senderos est\u00e1 completo, los programas de educaci\u00f3n sobre la naturaleza crecen<\/h3>\n                <div class=\"card__text\">\n                  <p>Los senderos Woodland, Wetland y Prairie se completan gracias al arduo trabajo de los trabajadores del condado y los exploradores de secundaria. El paseo mar\u00edtimo de Wetland Trail est\u00e1 construido con tablas para sentarse del antiguo County Stadium. Adem\u00e1s de las mejoras en los senderos, los programas educativos de Wehr crecieron r\u00e1pidamente. Junto al liderazgo de Paul Brings, quien fue contratado en 1977 como Director de Educaci\u00f3n Ambiental de Wehr, miles de escolares participaron en programas basados \u200b\u200ben la naturaleza en Wehr.<\/p>\n\n                <\/div>\n\n                <div class=\"card__actions\">\n                  <button class=\"btn js-timeline-next\" type=\"button\">\n                                          Pr\u00f3ximo\n                                      <\/button>\n                <\/div>\n              <\/div>\n              <div class=\"timeline__item__images\">\n                                                                          <div class=\"card__img timeline__item__image\" style=\"--aspect-ratio: 1.46\">\n                      <img srcset=\"https:\/\/www.wehrnaturecenter.com\/wp-content\/uploads\/2024\/06\/9090111576_dea96b824c_w.jpg 512w, https:\/\/www.wehrnaturecenter.com\/wp-content\/uploads\/2024\/06\/9090111576_dea96b824c_w.jpg 768w, https:\/\/www.wehrnaturecenter.com\/wp-content\/uploads\/2024\/06\/9090111576_dea96b824c_w.jpg 1024w\" sizes=\"(min-width: 992px) 473px, 98vw\" alt=\"The Wetland Trail boardwalk under construction.\" width=\"\" height=\"\" loading=\"lazy\">\n                    <\/div>\n                                                                                            <div class=\"card__img timeline__item__image\" style=\"--aspect-ratio: 1.46\">\n                      <img srcset=\"https:\/\/www.wehrnaturecenter.com\/wp-content\/uploads\/2024\/06\/9068047155_552344dee0_w.jpg 512w, https:\/\/www.wehrnaturecenter.com\/wp-content\/uploads\/2024\/06\/9068047155_552344dee0_w.jpg 768w, https:\/\/www.wehrnaturecenter.com\/wp-content\/uploads\/2024\/06\/9068047155_552344dee0_w.jpg 1024w\" sizes=\"(min-width: 992px) 473px, 98vw\" alt=\"Paul shared his love for nature with children of all ages.\" width=\"\" height=\"\" loading=\"lazy\">\n                    <\/div>\n                                                <\/div>\n            <\/div>\n                                  <div id=\"mariette-nowak-becomes-wehrs-director\" class=\"timeline__item grid grid--align-center\">\n              <div class=\"card\">\n                <p class=\"card__subtitle card__subtitle--larger\">1980<\/p>\n                <h3 class=\"card__title h2\">Mariette Nowak se convierte en directora de Wehr<\/h3>\n                <div class=\"card__text\">\n                  <p>Mariette Nowak reemplaza a Harold Rock, que se retira. Supervisar\u00eda una renovaci\u00f3n importante y una ampliaci\u00f3n del edificio, ampliar\u00eda los programas y trabajar\u00eda diligentemente para proteger las \u00e1reas naturales de Wehr. Mariette fue una de las primeras defensoras del movimiento de paisajismo natural y cuando se jubil\u00f3 escribi\u00f3 \u201cBirdscaping in the Midwest\u201d. <\/p>\n\n                <\/div>\n\n                <div class=\"card__actions\">\n                  <button class=\"btn js-timeline-next\" type=\"button\">\n                                          Pr\u00f3ximo\n                                      <\/button>\n                <\/div>\n              <\/div>\n              <div class=\"timeline__item__images\">\n                                                                          <div class=\"card__img timeline__item__image\" style=\"--aspect-ratio: 1.46\">\n                      <img srcset=\"https:\/\/www.wehrnaturecenter.com\/wp-content\/uploads\/2024\/06\/9070448269_88c10c676f_w.jpg 512w, https:\/\/www.wehrnaturecenter.com\/wp-content\/uploads\/2024\/06\/9070448269_88c10c676f_w.jpg 768w, https:\/\/www.wehrnaturecenter.com\/wp-content\/uploads\/2024\/06\/9070448269_88c10c676f_w.jpg 1024w\" sizes=\"(min-width: 992px) 473px, 98vw\" alt=\"Mariette in front of the original building reception desk.\" width=\"\" height=\"\" loading=\"lazy\">\n                    <\/div>\n                                                <\/div>\n            <\/div>\n                                  <div id=\"friends-of-wehr-is-formed-as-the-nonprofit-partner-of-the-nature-center\" class=\"timeline__item grid grid--align-center\">\n              <div class=\"card\">\n                <p class=\"card__subtitle card__subtitle--larger\">1981<\/p>\n                <h3 class=\"card__title h2\">Friends of Wehr se constituye como socio sin fines de lucro del centro natural<\/h3>\n                <div class=\"card__text\">\n                  <p>Friends of Wehr, una organizaci\u00f3n sin fines de lucro 501(c3), se form\u00f3 para brindar apoyo financiero y voluntario a los crecientes programas de Wehr. Entre los casi 40 a\u00f1os, se realizaron una serie de mejoras en el centro, incluida la primera se\u00f1alizaci\u00f3n exterior permanente (2002).<\/p>\n\n                <\/div>\n\n                <div class=\"card__actions\">\n                  <button class=\"btn js-timeline-next\" type=\"button\">\n                                          Pr\u00f3ximo\n                                      <\/button>\n                <\/div>\n              <\/div>\n              <div class=\"timeline__item__images\">\n                                                                          <div class=\"card__img timeline__item__image\" style=\"--aspect-ratio: 1.46\">\n                      <img srcset=\"https:\/\/www.wehrnaturecenter.com\/wp-content\/uploads\/2024\/03\/1981-FriendsofWehrFormed-512x340.jpg 512w, https:\/\/www.wehrnaturecenter.com\/wp-content\/uploads\/2024\/03\/1981-FriendsofWehrFormed.jpg 768w, https:\/\/www.wehrnaturecenter.com\/wp-content\/uploads\/2024\/03\/1981-FriendsofWehrFormed.jpg 1024w\" sizes=\"auto, (min-width: 992px) 473px, 98vw\" alt=\"\" width=\"512\" height=\"340\" loading=\"lazy\">\n                    <\/div>\n                                                                                  <\/div>\n            <\/div>\n                                  <div id=\"nature-in-the-parks-begins-programs\" class=\"timeline__item grid grid--align-center\">\n              <div class=\"card\">\n                <p class=\"card__subtitle card__subtitle--larger\">1983-2020<\/p>\n                <h3 class=\"card__title h2\">La Naturaleza En Los Parques Inicia Programas<\/h3>\n                <div class=\"card__text\">\n                  <p>A medida que Wehr crec\u00eda, muchas solicitudes de excursiones tuvieron que ser rechazadas debido a limitaciones de espacio. Nature in the Parks se form\u00f3 para expandir los programas naturales de Wehr a otros parques del condado de Milwaukee. Fue desarrollado y operado en asociaci\u00f3n con U.W. Extensi\u00f3n Cooperativa.<\/p>\n\n                <\/div>\n\n                <div class=\"card__actions\">\n                  <button class=\"btn js-timeline-next\" type=\"button\">\n                                          Pr\u00f3ximo\n                                      <\/button>\n                <\/div>\n              <\/div>\n              <div class=\"timeline__item__images\">\n                                                                          <div class=\"card__img timeline__item__image\" style=\"--aspect-ratio: 1.46\">\n                      <img srcset=\"https:\/\/www.wehrnaturecenter.com\/wp-content\/uploads\/2024\/06\/9070307378_53752380f4_w.jpg 512w, https:\/\/www.wehrnaturecenter.com\/wp-content\/uploads\/2024\/06\/9070307378_53752380f4_w.jpg 768w, https:\/\/www.wehrnaturecenter.com\/wp-content\/uploads\/2024\/06\/9070307378_53752380f4_w.jpg 1024w\" sizes=\"(min-width: 992px) 473px, 98vw\" alt=\"NIP Naturalists Pat Fojut, Carol Howard, Carol Majerowski and Mary Gaub perform a puppet show at Falk Park.\" width=\"\" height=\"\" loading=\"lazy\">\n                    <\/div>\n                                                <\/div>\n            <\/div>\n                                  <div id=\"deb-mcrae-become-nature-center-director\" class=\"timeline__item grid grid--align-center\">\n              <div class=\"card\">\n                <p class=\"card__subtitle card__subtitle--larger\">1999<\/p>\n                <h3 class=\"card__title h2\">Deb McRae se convierte en directora del Centro Natural<\/h3>\n                <div class=\"card__text\">\n                  \n                <\/div>\n\n                <div class=\"card__actions\">\n                  <button class=\"btn js-timeline-next\" type=\"button\">\n                                          Pr\u00f3ximo\n                                      <\/button>\n                <\/div>\n              <\/div>\n              <div class=\"timeline__item__images\">\n                                                                          <div class=\"card__img timeline__item__image\" style=\"--aspect-ratio: 1.46\">\n                      <img srcset=\"https:\/\/www.wehrnaturecenter.com\/wp-content\/uploads\/2024\/06\/9174065593_226b143af4_w.jpg 512w, https:\/\/www.wehrnaturecenter.com\/wp-content\/uploads\/2024\/06\/9174065593_226b143af4_w.jpg 768w, https:\/\/www.wehrnaturecenter.com\/wp-content\/uploads\/2024\/06\/9174065593_226b143af4_w.jpg 1024w\" sizes=\"(min-width: 992px) 473px, 98vw\" alt=\"Deb loves sharing nature with children.\" width=\"\" height=\"\" loading=\"lazy\">\n                    <\/div>\n                                                <\/div>\n            <\/div>\n                                  <div id=\"growth-of-the-center-and-renewed-vision\" class=\"timeline__item grid grid--align-center\">\n              <div class=\"card\">\n                <p class=\"card__subtitle card__subtitle--larger\">2002<\/p>\n                <h3 class=\"card__title h2\">Crecimiento del Centro y Visi\u00f3n Renovada<\/h3>\n                <div class=\"card__text\">\n                  <p>A lo largo de los a\u00f1os, se realizaron muchas mejoras para satisfacer las crecientes necesidades de expansi\u00f3n bajo la visi\u00f3n renovada de ser \"Un lugar para todas las estaciones, un lugar para todos\". Las mejoras del sitio se llevaron a cabo en asociaci\u00f3n con los Parques del Condado de Milwaukee y numerosas donaciones comunitarias a trav\u00e9s del Friends of Wehr Nature Center. Estos incluyeron una adici\u00f3n a la Sala Gardner (1992), la instalaci\u00f3n del Puente Warbler (2008, en la foto), la creaci\u00f3n de un espacio de juegos para la primera infancia (2010, en la foto), bancos y adoquines mejorados en el anfiteatro (2015) y un nuevo muelle accesible. (2020). <\/p>\n\n                <\/div>\n\n                <div class=\"card__actions\">\n                  <button class=\"btn js-timeline-next\" type=\"button\">\n                                          Empezar de nuevo\n                                      <\/button>\n                <\/div>\n              <\/div>\n              <div class=\"timeline__item__images\">\n                                                                          <div class=\"card__img timeline__item__image\" style=\"--aspect-ratio: 1.46\">\n                      <img srcset=\"https:\/\/www.wehrnaturecenter.com\/wp-content\/uploads\/2024\/03\/2008-WARBLER-BRIDGE-AND-NEW-PIER-INSTALLED-512x384.jpg 512w, https:\/\/www.wehrnaturecenter.com\/wp-content\/uploads\/2024\/03\/2008-WARBLER-BRIDGE-AND-NEW-PIER-INSTALLED-768x576.jpg 768w, https:\/\/www.wehrnaturecenter.com\/wp-content\/uploads\/2024\/03\/2008-WARBLER-BRIDGE-AND-NEW-PIER-INSTALLED-1024x768.jpg 1024w\" sizes=\"auto, (min-width: 992px) 473px, 98vw\" alt=\"\" width=\"512\" height=\"384\" loading=\"lazy\">\n                    <\/div>\n                                                                                            <div class=\"card__img timeline__item__image\" style=\"--aspect-ratio: 1.46\">\n                      <img srcset=\"https:\/\/www.wehrnaturecenter.com\/wp-content\/uploads\/2024\/03\/2010-WEHR_S-EARLY-CHILDHOOD-PLAYSPACE-OPENS-512x340.jpg 512w, https:\/\/www.wehrnaturecenter.com\/wp-content\/uploads\/2024\/03\/2010-WEHR_S-EARLY-CHILDHOOD-PLAYSPACE-OPENS-768x510.jpg 768w, https:\/\/www.wehrnaturecenter.com\/wp-content\/uploads\/2024\/03\/2010-WEHR_S-EARLY-CHILDHOOD-PLAYSPACE-OPENS-1024x680.jpg 1024w\" sizes=\"auto, (min-width: 992px) 473px, 98vw\" alt=\"\" width=\"512\" height=\"340\" loading=\"lazy\">\n                    <\/div>\n                                                <\/div>\n            <\/div>\n                  <\/div>\n      <\/div>\n    <\/div>\n  <\/div>\n\n  <div class=\"section__bg section__bg--after\"><\/div>\n<\/section>\n\n\n\n<section id=\"the-annual-report\" class=\"annual-report section container\">\n  <div class=\"card\">\n    <div class=\"card__bg crooked-bg clip-1\"><\/div>\n    <div class=\"card__inner card__inner--padded grid\">\n      <div class=\"card\">\n        <div class=\"annual-report__img\">\n          <img decoding=\"async\" src=\"\/wp-content\/themes\/wehr\/img\/illustrations\/leaf+bird.webp\" alt=\"\" height=\"934\" width=\"999\" loading=\"lazy\">\n        <\/div>\n        <h2 class=\"card__title\">El informe anual<\/h2>\n        <div class=\"card__text\">\n          <p>El equipo del Centro de Naturaleza Wehr trabajo en estrecha colaboraci\u00f3n con los Parques del condado de Milwaukee y Los Amigos de Wehr y han unido fuerzas para presentar el Informe Anual 2024 que destaca el a\u00f1o del 50.\u00b0 aniversario de Wehr.  <\/p>\n\n        <\/div>\n        <div class=\"card__actions\">\n          <a href=\"https:\/\/issuu.com\/mkecoparks\/docs\/2025_wehr_nature_center_annual_report\" target=\"_blank\" class=\"btn btn--alt\">\n            View the 2025 Annual Report\n                          <svg class=\"icon\" aria-hidden=\"true\">\n                <use href=\"#icon-download\"><\/use>\n              <\/svg>\n                      <\/a>\n        <\/div>\n      <\/div>\n\n      <div class=\"annual-report__highlights\">\n              <h3 class=\"h6\">Some highlights from 2025<\/h3>\n              <ul class=\"link-blocks\">\n                      <li class=\"card\">\n              <div class=\"card__bg card__bg--light crooked-bg clip-block\"><\/div>\n              <div class=\"card__inner card__inner--padded-xsmall\">\n                <p class=\"h4\">\n                  Engaged with more than 20k children, adults, and families through hands-on programs\n                <\/p>\n              <\/div>\n            <\/li>\n                      <li class=\"card\">\n              <div class=\"card__bg card__bg--light crooked-bg clip-block\"><\/div>\n              <div class=\"card__inner card__inner--padded-xsmall\">\n                <p class=\"h4\">\n                  Se plantaron m\u00e1s de 100 \u00e1rboles y arbustos.\n                <\/p>\n              <\/div>\n            <\/li>\n                      <li class=\"card\">\n              <div class=\"card__bg card__bg--light crooked-bg clip-block\"><\/div>\n              <div class=\"card__inner card__inner--padded-xsmall\">\n                <p class=\"h4\">\n                  Expanded the accessible boardwalk by 80 feet\n                <\/p>\n              <\/div>\n            <\/li>\n                      <li class=\"card\">\n              <div class=\"card__bg card__bg--light crooked-bg clip-block\"><\/div>\n              <div class=\"card__inner card__inner--padded-xsmall\">\n                <p class=\"h4\">\n                  Added a third all-terrain wheelchair and trailer \n                <\/p>\n              <\/div>\n            <\/li>\n                      <li class=\"card\">\n              <div class=\"card__bg card__bg--light crooked-bg clip-block\"><\/div>\n              <div class=\"card__inner card__inner--padded-xsmall\">\n                <p class=\"h4\">\n                  15-acres in active restoration plus reintroduction of a native Wisconsin species\n                <\/p>\n              <\/div>\n            <\/li>\n                  <\/ul>\n      <\/div>\n    <\/div>\n  <\/div>\n<\/section>\n\n\n\n<section id=\"the-team\" class=\"team section container\">\n  <div class=\"team__illus\">\n    <img decoding=\"async\" src=\"\/wp-content\/themes\/wehr\/img\/illustrations\/leaf-team.webp\" alt=\"\" height=\"586\" width=\"808\" loading=\"lazy\">\n  <\/div>\n\n  <div class=\"card\">\n    <div class=\"card__inner\">\n      <p class=\"card__subtitle\">Centro de naturaleza Wehr<\/p>\n      <h2 class=\"card__title\">Nuestro equipo<\/h2>\n    <\/div>\n  <\/div>\n\n  <div class=\"team__grid\">\n          \n      <div class=\"card team-member\">\n        <div class=\"card__inner\">\n          <div class=\"card__img\" style=\"--aspect-ratio: 1\">\n            <img srcset=\"https:\/\/www.wehrnaturecenter.com\/wp-content\/uploads\/2024\/04\/CarlyHintz-300x300.webp 300w, https:\/\/www.wehrnaturecenter.com\/wp-content\/uploads\/2024\/04\/CarlyHintz-512x512.webp 512w\" sizes=\"auto, 290px\" alt=\"\" height=\"300\" width=\"300\" loading=\"lazy\">\n          <\/div>\n          <h3 class=\"card__title h5\">Carly Hintz<\/h3>\n          <p class=\"card__subtitle\">\n            Nature Center Director\n          <\/p>\n        <\/div>\n      <\/div>\n          \n      <div class=\"card team-member\">\n        <div class=\"card__inner\">\n          <div class=\"card__img\" style=\"--aspect-ratio: 1\">\n            <img srcset=\"https:\/\/www.wehrnaturecenter.com\/wp-content\/uploads\/2024\/04\/HowieHeadshot-300x300.webp 300w, https:\/\/www.wehrnaturecenter.com\/wp-content\/uploads\/2024\/04\/HowieHeadshot-512x512.webp 512w\" sizes=\"auto, 290px\" alt=\"\" height=\"300\" width=\"300\" loading=\"lazy\">\n          <\/div>\n          <h3 class=\"card__title h5\">Howard Aprill<\/h3>\n          <p class=\"card__subtitle\">\n            Naturalista\/Coordinadora de Educaci\u00f3n de Adultos y Ciencias Comunitarias\n          <\/p>\n        <\/div>\n      <\/div>\n          \n      <div class=\"card team-member\">\n        <div class=\"card__inner\">\n          <div class=\"card__img\" style=\"--aspect-ratio: 1\">\n            <img srcset=\"https:\/\/www.wehrnaturecenter.com\/wp-content\/uploads\/2024\/04\/Emily-Brown-headshot-300x300.webp 300w, https:\/\/www.wehrnaturecenter.com\/wp-content\/uploads\/2024\/04\/Emily-Brown-headshot-512x512.webp 512w\" sizes=\"auto, 290px\" alt=\"\" height=\"300\" width=\"300\" loading=\"lazy\">\n          <\/div>\n          <h3 class=\"card__title h5\">Emily Brown<\/h3>\n          <p class=\"card__subtitle\">\n            Naturalista \/ Coordinadora de Acceso e Inclusi\u00f3n\n          <\/p>\n        <\/div>\n      <\/div>\n          \n      <div class=\"card team-member\">\n        <div class=\"card__inner\">\n          <div class=\"card__img\" style=\"--aspect-ratio: 1\">\n            <img srcset=\"https:\/\/www.wehrnaturecenter.com\/wp-content\/uploads\/2024\/04\/bev-300x300.webp 300w, https:\/\/www.wehrnaturecenter.com\/wp-content\/uploads\/2024\/04\/bev-512x512.webp 512w\" sizes=\"auto, 290px\" alt=\"\" height=\"300\" width=\"300\" loading=\"lazy\">\n          <\/div>\n          <h3 class=\"card__title h5\">Bev Bryant<\/h3>\n          <p class=\"card__subtitle\">\n            Naturalista \/ Coordinadora de Programas Escolares\n          <\/p>\n        <\/div>\n      <\/div>\n          \n      <div class=\"card team-member\">\n        <div class=\"card__inner\">\n          <div class=\"card__img\" style=\"--aspect-ratio: 1\">\n            <img srcset=\"https:\/\/www.wehrnaturecenter.com\/wp-content\/uploads\/2025\/06\/Sophie-e1749482479779-273x300.jpg 273w, https:\/\/www.wehrnaturecenter.com\/wp-content\/uploads\/2025\/06\/Sophie-e1749482479779-466x512.jpg 512w\" sizes=\"auto, 290px\" alt=\"\" height=\"300\" width=\"273\" loading=\"lazy\">\n          <\/div>\n          <h3 class=\"card__title h5\">Sophie Detweiler<\/h3>\n          <p class=\"card__subtitle\">\n            Voluntaria y Coordinadora del Programa de Alcance\n          <\/p>\n        <\/div>\n      <\/div>\n          \n      <div class=\"card team-member\">\n        <div class=\"card__inner\">\n          <div class=\"card__img\" style=\"--aspect-ratio: 1\">\n            <img srcset=\"https:\/\/www.wehrnaturecenter.com\/wp-content\/uploads\/2024\/04\/brooke-300x300.webp 300w, https:\/\/www.wehrnaturecenter.com\/wp-content\/uploads\/2024\/04\/brooke-512x512.webp 512w\" sizes=\"auto, 290px\" alt=\"\" height=\"300\" width=\"300\" loading=\"lazy\">\n          <\/div>\n          <h3 class=\"card__title h5\">Brooke Gilley<\/h3>\n          <p class=\"card__subtitle\">\n            Naturalista\/Coordinadora de Medios Interpretativos\n          <\/p>\n        <\/div>\n      <\/div>\n          \n      <div class=\"card team-member\">\n        <div class=\"card__inner\">\n          <div class=\"card__img\" style=\"--aspect-ratio: 1\">\n            <img srcset=\"https:\/\/www.wehrnaturecenter.com\/wp-content\/uploads\/2024\/04\/HollyWalz-300x300.webp 300w, https:\/\/www.wehrnaturecenter.com\/wp-content\/uploads\/2024\/04\/HollyWalz-512x512.webp 512w\" sizes=\"auto, 290px\" alt=\"\" height=\"300\" width=\"300\" loading=\"lazy\">\n          <\/div>\n          <h3 class=\"card__title h5\">Holly Walz<\/h3>\n          <p class=\"card__subtitle\">\n            Coordinadora de programas naturalistas \/ veteranos y exploradores\n          <\/p>\n        <\/div>\n      <\/div>\n          \n      <div class=\"card team-member\">\n        <div class=\"card__inner\">\n          <div class=\"card__img\" style=\"--aspect-ratio: 1\">\n            <img srcset=\"https:\/\/www.wehrnaturecenter.com\/wp-content\/uploads\/2024\/04\/JeffVeglahn-300x300.webp 300w, https:\/\/www.wehrnaturecenter.com\/wp-content\/uploads\/2024\/04\/JeffVeglahn-512x512.webp 512w\" sizes=\"auto, 290px\" alt=\"\" height=\"300\" width=\"300\" loading=\"lazy\">\n          <\/div>\n          <h3 class=\"card__title h5\">Jeff Veglahn<\/h3>\n          <p class=\"card__subtitle\">\n            Administrador de tierras\n          <\/p>\n        <\/div>\n      <\/div>\n          \n      <div class=\"card team-member\">\n        <div class=\"card__inner\">\n          <div class=\"card__img\" style=\"--aspect-ratio: 1\">\n            <img srcset=\"https:\/\/www.wehrnaturecenter.com\/wp-content\/uploads\/2024\/07\/IMG_8981-scaled-e1721402731174-251x300.jpg 251w, https:\/\/www.wehrnaturecenter.com\/wp-content\/uploads\/2024\/07\/IMG_8981-scaled-e1721402731174-429x512.jpg 512w\" sizes=\"auto, 290px\" alt=\"\" height=\"300\" width=\"251\" loading=\"lazy\">\n          <\/div>\n          <h3 class=\"card__title h5\">Breeann Behrendt<\/h3>\n          <p class=\"card__subtitle\">\n            Gerente de oficina\n          <\/p>\n        <\/div>\n      <\/div>\n          \n      <div class=\"card team-member\">\n        <div class=\"card__inner\">\n          <div class=\"card__img\" style=\"--aspect-ratio: 1\">\n            <img srcset=\"https:\/\/www.wehrnaturecenter.com\/wp-content\/uploads\/2026\/01\/IMG_0792-225x300.jpeg 225w, https:\/\/www.wehrnaturecenter.com\/wp-content\/uploads\/2026\/01\/IMG_0792-384x512.jpeg 512w\" sizes=\"auto, 290px\" alt=\"\" height=\"300\" width=\"225\" loading=\"lazy\">\n          <\/div>\n          <h3 class=\"card__title h5\">Justin Propp<\/h3>\n          <p class=\"card__subtitle\">\n            Mantenimiento de instalaciones y terrenos\n          <\/p>\n        <\/div>\n      <\/div>\n          \n      <div class=\"card team-member\">\n        <div class=\"card__inner\">\n          <div class=\"card__img\" style=\"--aspect-ratio: 1\">\n            <img srcset=\"https:\/\/www.wehrnaturecenter.com\/wp-content\/uploads\/2026\/01\/thumbnail_IMG_45512-261x300.jpg 261w, https:\/\/www.wehrnaturecenter.com\/wp-content\/uploads\/2026\/01\/thumbnail_IMG_45512.jpg 512w\" sizes=\"auto, 290px\" alt=\"\" height=\"300\" width=\"261\" loading=\"lazy\">\n          <\/div>\n          <h3 class=\"card__title h5\">Jan Alexander<\/h3>\n          <p class=\"card__subtitle\">\n            Servicios para visitantes\n          <\/p>\n        <\/div>\n      <\/div>\n          \n      <div class=\"card team-member\">\n        <div class=\"card__inner\">\n          <div class=\"card__img\" style=\"--aspect-ratio: 1\">\n            <img srcset=\"https:\/\/www.wehrnaturecenter.com\/wp-content\/uploads\/2024\/07\/DSC3048-profile-photo-200x300.jpg 200w, https:\/\/www.wehrnaturecenter.com\/wp-content\/uploads\/2024\/07\/DSC3048-profile-photo-341x512.jpg 512w\" sizes=\"auto, 290px\" alt=\"\" height=\"300\" width=\"200\" loading=\"lazy\">\n          <\/div>\n          <h3 class=\"card__title h5\">Sarah Stokes<\/h3>\n          <p class=\"card__subtitle\">\n            Servicios para visitantes\n          <\/p>\n        <\/div>\n      <\/div>\n          \n      <div class=\"card team-member\">\n        <div class=\"card__inner\">\n          <div class=\"card__img\" style=\"--aspect-ratio: 1\">\n            <img srcset=\"https:\/\/www.wehrnaturecenter.com\/wp-content\/uploads\/2026\/02\/Carol-H-225x300.jpeg 225w, https:\/\/www.wehrnaturecenter.com\/wp-content\/uploads\/2026\/02\/Carol-H-384x512.jpeg 512w\" sizes=\"auto, 290px\" alt=\"\" height=\"300\" width=\"225\" loading=\"lazy\">\n          <\/div>\n          <h3 class=\"card__title h5\">Carol Howard<\/h3>\n          <p class=\"card__subtitle\">\n            Naturalista estacional\n          <\/p>\n        <\/div>\n      <\/div>\n          \n      <div class=\"card team-member\">\n        <div class=\"card__inner\">\n          <div class=\"card__img\" style=\"--aspect-ratio: 1\">\n            <img srcset=\"https:\/\/www.wehrnaturecenter.com\/wp-content\/uploads\/2025\/11\/IMG_6138-225x300.jpg 225w, https:\/\/www.wehrnaturecenter.com\/wp-content\/uploads\/2025\/11\/IMG_6138-384x512.jpg 512w\" sizes=\"auto, 290px\" alt=\"\" height=\"300\" width=\"225\" loading=\"lazy\">\n          <\/div>\n          <h3 class=\"card__title h5\">Joyce Williams<\/h3>\n          <p class=\"card__subtitle\">\n            Community Engagement Intern (Public Allies)\n          <\/p>\n        <\/div>\n      <\/div>\n          \n      <div class=\"card team-member\">\n        <div class=\"card__inner\">\n          <div class=\"card__img\" style=\"--aspect-ratio: 1\">\n            <img srcset=\"https:\/\/www.wehrnaturecenter.com\/wp-content\/uploads\/2026\/04\/IMG_8211-225x300.jpeg 225w, https:\/\/www.wehrnaturecenter.com\/wp-content\/uploads\/2026\/04\/IMG_8211-384x512.jpeg 512w\" sizes=\"auto, 290px\" alt=\"\" height=\"300\" width=\"225\" loading=\"lazy\">\n          <\/div>\n          <h3 class=\"card__title h5\">Shawn Kromraj<\/h3>\n          <p class=\"card__subtitle\">\n            Custodian\n          <\/p>\n        <\/div>\n      <\/div>\n      <\/div>\n<\/section>","protected":false},"excerpt":{"rendered":"","protected":false},"author":1,"featured_media":0,"parent":0,"menu_order":0,"comment_status":"closed","ping_status":"closed","template":"","meta":{"_acf_changed":true,"inline_featured_image":false,"_price":"","_stock":"","_tribe_ticket_header":"","_tribe_default_ticket_provider":"","_tribe_ticket_capacity":"0","_ticket_start_date":"","_ticket_end_date":"","_tribe_ticket_show_description":"","_tribe_ticket_show_not_going":false,"_tribe_ticket_use_global_stock":"","_tribe_ticket_global_stock_level":"","_global_stock_mode":"","_global_stock_cap":"","_tribe_rsvp_for_event":"","_tribe_ticket_going_count":"","_tribe_ticket_not_going_count":"","_tribe_tickets_list":"[]","_tribe_ticket_has_attendee_info_fields":false,"footnotes":""},"class_list":["post-25","page","type-page","status-publish","hentry"],"acf":[],"yoast_head":"<!-- This site is optimized with the Yoast SEO plugin v27.4 - https:\/\/yoast.com\/product\/yoast-seo-wordpress\/ -->\n<title>About | Wehr Nature Center<\/title>\n<meta name=\"description\" content=\"Get to know the history of Wehr Nature Center in Whitnall Park. Meet the staff, visit the center and see the wildlife that habitat the grounds.\" \/>\n<meta name=\"robots\" content=\"index, follow, max-snippet:-1, max-image-preview:large, max-video-preview:-1\" \/>\n<link rel=\"canonical\" href=\"https:\/\/www.wehrnaturecenter.com\/es\/about\/\" \/>\n<meta property=\"og:locale\" content=\"es_MX\" \/>\n<meta property=\"og:type\" content=\"article\" \/>\n<meta property=\"og:title\" content=\"About | Wehr Nature Center\" \/>\n<meta property=\"og:description\" content=\"Get to know the history of Wehr Nature Center in Whitnall Park. Meet the staff, visit the center and see the wildlife that habitat the grounds.\" \/>\n<meta property=\"og:url\" content=\"https:\/\/www.wehrnaturecenter.com\/es\/about\/\" \/>\n<meta property=\"og:site_name\" content=\"Wehr Nature Center\" \/>\n<meta property=\"article:publisher\" content=\"https:\/\/www.facebook.com\/wehrnaturecenter\/\" \/>\n<meta property=\"article:modified_time\" content=\"2026-04-17T18:55:49+00:00\" \/>\n<meta property=\"og:image\" content=\"https:\/\/www.wehrnaturecenter.com\/wp-content\/uploads\/2024\/04\/Wehr-3.webp\" \/>\n\t<meta property=\"og:image:width\" content=\"1200\" \/>\n\t<meta property=\"og:image:height\" content=\"630\" \/>\n\t<meta property=\"og:image:type\" content=\"image\/webp\" \/>\n<meta name=\"twitter:card\" content=\"summary_large_image\" \/>\n<script type=\"application\/ld+json\" class=\"yoast-schema-graph\">{\"@context\":\"https:\\\/\\\/schema.org\",\"@graph\":[{\"@type\":\"WebPage\",\"@id\":\"https:\\\/\\\/www.wehrnaturecenter.com\\\/about\\\/\",\"url\":\"https:\\\/\\\/www.wehrnaturecenter.com\\\/about\\\/\",\"name\":\"About | Wehr Nature Center\",\"isPartOf\":{\"@id\":\"https:\\\/\\\/www.wehrnaturecenter.com\\\/#website\"},\"datePublished\":\"2024-02-08T19:57:34+00:00\",\"dateModified\":\"2026-04-17T18:55:49+00:00\",\"description\":\"Get to know the history of Wehr Nature Center in Whitnall Park. Meet the staff, visit the center and see the wildlife that habitat the grounds.\",\"breadcrumb\":{\"@id\":\"https:\\\/\\\/www.wehrnaturecenter.com\\\/about\\\/#breadcrumb\"},\"inLanguage\":\"es\",\"potentialAction\":[{\"@type\":\"ReadAction\",\"target\":[\"https:\\\/\\\/www.wehrnaturecenter.com\\\/about\\\/\"]}]},{\"@type\":\"BreadcrumbList\",\"@id\":\"https:\\\/\\\/www.wehrnaturecenter.com\\\/about\\\/#breadcrumb\",\"itemListElement\":[{\"@type\":\"ListItem\",\"position\":1,\"name\":\"Home\",\"item\":\"https:\\\/\\\/www.wehrnaturecenter.com\\\/\"},{\"@type\":\"ListItem\",\"position\":2,\"name\":\"About\"}]},{\"@type\":\"WebSite\",\"@id\":\"https:\\\/\\\/www.wehrnaturecenter.com\\\/#website\",\"url\":\"https:\\\/\\\/www.wehrnaturecenter.com\\\/\",\"name\":\"Wehr Nature Center\",\"description\":\"A Place For All Seasons\u2014A Place For Everyone\",\"publisher\":{\"@id\":\"https:\\\/\\\/www.wehrnaturecenter.com\\\/#organization\"},\"potentialAction\":[{\"@type\":\"SearchAction\",\"target\":{\"@type\":\"EntryPoint\",\"urlTemplate\":\"https:\\\/\\\/www.wehrnaturecenter.com\\\/?s={search_term_string}\"},\"query-input\":{\"@type\":\"PropertyValueSpecification\",\"valueRequired\":true,\"valueName\":\"search_term_string\"}}],\"inLanguage\":\"es\"},{\"@type\":\"Organization\",\"@id\":\"https:\\\/\\\/www.wehrnaturecenter.com\\\/#organization\",\"name\":\"Wehr Nature Center\",\"url\":\"https:\\\/\\\/www.wehrnaturecenter.com\\\/\",\"logo\":{\"@type\":\"ImageObject\",\"inLanguage\":\"es\",\"@id\":\"https:\\\/\\\/www.wehrnaturecenter.com\\\/#\\\/schema\\\/logo\\\/image\\\/\",\"url\":\"https:\\\/\\\/www.wehrnaturecenter.com\\\/wp-content\\\/uploads\\\/2024\\\/04\\\/Asset.webp\",\"contentUrl\":\"https:\\\/\\\/www.wehrnaturecenter.com\\\/wp-content\\\/uploads\\\/2024\\\/04\\\/Asset.webp\",\"width\":2234,\"height\":890,\"caption\":\"Wehr Nature Center\"},\"image\":{\"@id\":\"https:\\\/\\\/www.wehrnaturecenter.com\\\/#\\\/schema\\\/logo\\\/image\\\/\"},\"sameAs\":[\"https:\\\/\\\/www.facebook.com\\\/wehrnaturecenter\\\/\",\"https:\\\/\\\/www.instagram.com\\\/wehrnaturecenter\\\/\",\"https:\\\/\\\/www.youtube.com\\\/channel\\\/UCxYHduOcs9UyVMZ7ct0HFAw\"]}]}<\/script>\n<!-- \/ Yoast SEO plugin. -->","yoast_head_json":{"title":"About | Wehr Nature Center","description":"Get to know the history of Wehr Nature Center in Whitnall Park. Meet the staff, visit the center and see the wildlife that habitat the grounds.","robots":{"index":"index","follow":"follow","max-snippet":"max-snippet:-1","max-image-preview":"max-image-preview:large","max-video-preview":"max-video-preview:-1"},"canonical":"https:\/\/www.wehrnaturecenter.com\/es\/about\/","og_locale":"es_MX","og_type":"article","og_title":"About | Wehr Nature Center","og_description":"Get to know the history of Wehr Nature Center in Whitnall Park. Meet the staff, visit the center and see the wildlife that habitat the grounds.","og_url":"https:\/\/www.wehrnaturecenter.com\/es\/about\/","og_site_name":"Wehr Nature Center","article_publisher":"https:\/\/www.facebook.com\/wehrnaturecenter\/","article_modified_time":"2026-04-17T18:55:49+00:00","og_image":[{"width":1200,"height":630,"url":"https:\/\/www.wehrnaturecenter.com\/wp-content\/uploads\/2024\/04\/Wehr-3.webp","type":"image\/webp"}],"twitter_card":"summary_large_image","schema":{"@context":"https:\/\/schema.org","@graph":[{"@type":"WebPage","@id":"https:\/\/www.wehrnaturecenter.com\/about\/","url":"https:\/\/www.wehrnaturecenter.com\/about\/","name":"About | Wehr Nature Center","isPartOf":{"@id":"https:\/\/www.wehrnaturecenter.com\/#website"},"datePublished":"2024-02-08T19:57:34+00:00","dateModified":"2026-04-17T18:55:49+00:00","description":"Get to know the history of Wehr Nature Center in Whitnall Park. Meet the staff, visit the center and see the wildlife that habitat the grounds.","breadcrumb":{"@id":"https:\/\/www.wehrnaturecenter.com\/about\/#breadcrumb"},"inLanguage":"es","potentialAction":[{"@type":"ReadAction","target":["https:\/\/www.wehrnaturecenter.com\/about\/"]}]},{"@type":"BreadcrumbList","@id":"https:\/\/www.wehrnaturecenter.com\/about\/#breadcrumb","itemListElement":[{"@type":"ListItem","position":1,"name":"Home","item":"https:\/\/www.wehrnaturecenter.com\/"},{"@type":"ListItem","position":2,"name":"About"}]},{"@type":"WebSite","@id":"https:\/\/www.wehrnaturecenter.com\/#website","url":"https:\/\/www.wehrnaturecenter.com\/","name":"Centro de naturaleza Wehr","description":"Un lugar para todas las estaciones: un lugar para todos","publisher":{"@id":"https:\/\/www.wehrnaturecenter.com\/#organization"},"potentialAction":[{"@type":"SearchAction","target":{"@type":"EntryPoint","urlTemplate":"https:\/\/www.wehrnaturecenter.com\/?s={search_term_string}"},"query-input":{"@type":"PropertyValueSpecification","valueRequired":true,"valueName":"search_term_string"}}],"inLanguage":"es"},{"@type":"Organization","@id":"https:\/\/www.wehrnaturecenter.com\/#organization","name":"Centro de naturaleza Wehr","url":"https:\/\/www.wehrnaturecenter.com\/","logo":{"@type":"ImageObject","inLanguage":"es","@id":"https:\/\/www.wehrnaturecenter.com\/#\/schema\/logo\/image\/","url":"https:\/\/www.wehrnaturecenter.com\/wp-content\/uploads\/2024\/04\/Asset.webp","contentUrl":"https:\/\/www.wehrnaturecenter.com\/wp-content\/uploads\/2024\/04\/Asset.webp","width":2234,"height":890,"caption":"Wehr Nature Center"},"image":{"@id":"https:\/\/www.wehrnaturecenter.com\/#\/schema\/logo\/image\/"},"sameAs":["https:\/\/www.facebook.com\/wehrnaturecenter\/","https:\/\/www.instagram.com\/wehrnaturecenter\/","https:\/\/www.youtube.com\/channel\/UCxYHduOcs9UyVMZ7ct0HFAw"]}]}},"_links":{"self":[{"href":"https:\/\/www.wehrnaturecenter.com\/es\/wp-json\/wp\/v2\/pages\/25","targetHints":{"allow":["GET"]}}],"collection":[{"href":"https:\/\/www.wehrnaturecenter.com\/es\/wp-json\/wp\/v2\/pages"}],"about":[{"href":"https:\/\/www.wehrnaturecenter.com\/es\/wp-json\/wp\/v2\/types\/page"}],"author":[{"embeddable":true,"href":"https:\/\/www.wehrnaturecenter.com\/es\/wp-json\/wp\/v2\/users\/1"}],"replies":[{"embeddable":true,"href":"https:\/\/www.wehrnaturecenter.com\/es\/wp-json\/wp\/v2\/comments?post=25"}],"version-history":[{"count":0,"href":"https:\/\/www.wehrnaturecenter.com\/es\/wp-json\/wp\/v2\/pages\/25\/revisions"}],"wp:attachment":[{"href":"https:\/\/www.wehrnaturecenter.com\/es\/wp-json\/wp\/v2\/media?parent=25"}],"curies":[{"name":"wp","href":"https:\/\/api.w.org\/{rel}","templated":true}]}}