{"id":756,"date":"2024-03-20T16:36:27","date_gmt":"2024-03-20T21:36:27","guid":{"rendered":"https:\/\/wehr.server3.northernground.net\/?page_id=756"},"modified":"2026-04-20T13:37:10","modified_gmt":"2026-04-20T18:37:10","slug":"classes-workshops","status":"publish","type":"page","link":"https:\/\/www.wehrnaturecenter.com\/es\/engage\/classes-workshops\/","title":{"rendered":"Clases y talleres"},"content":{"rendered":"<section class=\"page-header\">\n  <div class=\"container\">\n    \n  <nav class=\"breadcrumbs\" aria-label=\"breadcrumbs\">\n    <ul class=\"breadcrumbs__list\">\n              <li class=\"breadcrumbs__item\">\n                      <a class=\"breadcrumbs__link\" href=\"\/\">\n              Home\n            <\/a>\n                  <\/li>\n          <\/ul>\n  <\/nav>\n    \n    <div class=\"page-header__container\">\n      <div class=\"page-header__content card\">\n        <h1 class=\"page-header__title card__title\">Clases y talleres<\/h1>\n                <div class=\"page-header__text card__text\"><p>Experimente la salud y el bienestar, tanto f\u00edsico como mental, en Wehr. Salga con nosotros en uno de nuestros programas mensuales continuos dise\u00f1ados para adultos y audiencias espec\u00edficas. Es ampliamente aceptado que estar al aire libre fortalece nuestro sistema inmunol\u00f3gico, ayuda a la memoria y el aprendizaje, aumenta la energ\u00eda, reduce la presi\u00f3n arterial y reduce el estr\u00e9s. A\u00fan mejor, estos programas le brindar\u00e1n una sensaci\u00f3n de comunidad, una sensaci\u00f3n de lugar que lo har\u00e1 sentir renovado y restaurado.<\/p>\n<\/div>\n              <\/div>\n      \n              <div class=\"page-header__illus\">\n                    <img decoding=\"async\" src=\"\/wp-content\/themes\/wehr\/img\/illustrations\/leaves.webp\" alt=\"\" loading=\"lazy\" \/>\n                  <\/div>\n            \n            <\/div>\n  <\/div>\n<\/section>\n\n\n\n<div id=\"\" class=\"cards-section cards-section--default section\">\n  \n  <div class=\"container\">\n    \n        <div class=\"grid\">\n                                      <div class=\"card\">\n                      <div class=\"card__bg  crooked-bg clip-block\"><\/div>\n                    <div class=\"card__inner card__inner--padded\">\n                          <div class=\"card__img\">\n                <img srcset=\"https:\/\/www.wehrnaturecenter.com\/wp-content\/uploads\/2024\/04\/OperationReconNature-1024x768-1-512x289.webp 512w, https:\/\/www.wehrnaturecenter.com\/wp-content\/uploads\/2024\/04\/OperationReconNature-1024x768-1-768x434.webp 768w, https:\/\/www.wehrnaturecenter.com\/wp-content\/uploads\/2024\/04\/OperationReconNature-1024x768-1.webp 1024w\" sizes=\"auto, (min-width: 1200px) 450px, (min-width: 400px) 450px, 80vw\" alt=\"veteran looking at nature through binoculars\" width=\"512\" height=\"289\" loading=\"lazy\">\n              <\/div>\n                        <h2 class=\"card__title\">Operaci\u00f3n Recon Naturaleza<\/h2>\n                        <h3 class=\"card__subtitle\">Serie de caminatas para veteranos y sus familias<\/h3>\n                                      <div class=\"card__text rte\">\n                <p>Los veteranos de todas las ramas del servicio (personal en servicio activo, reserva y jubilado) y sus familias est\u00e1n invitados a asistir a las caminatas mensuales que se llevan a cabo en Wehr Nature Center. \u00danase a un naturalista guiado mientras realizamos divertidas caminatas experienciales por los senderos del Wehr Nature Center para estirar las piernas y observar los acontecimientos naturales estacionales.<\/p>\n<p>Las caminatas espec\u00edficas para veteranos y veteranos y sus familias generalmente se llevan a cabo el \u00faltimo viernes y s\u00e1bado de cada mes. P\u00f3ngase en contacto con el enlace de veteranos, <a href=\"mailto:holly.walz@milwaukeecountywi.gov\" target=\"_blank\" rel=\"noopener\">Holly Walz<\/a> con preguntas.<\/p>\n\n              <\/div>\n                                      <div class=\"card__text\">\n                <a class=\"link-w-underline\" href=\"https:\/\/www.wehrnaturecenter.com\/series\/operation-recon-nature\/\" >\n                  Pr\u00f3ximos programas\n                                  <\/a>\n              <\/div>\n                                  <\/div>\n        <\/div>\n                                      <div class=\"card\">\n                      <div class=\"card__bg  crooked-bg clip-block\"><\/div>\n                    <div class=\"card__inner card__inner--padded\">\n                          <div class=\"card__img\">\n                <img srcset=\"https:\/\/www.wehrnaturecenter.com\/wp-content\/uploads\/2024\/04\/SPARK-Water-Dance-15-AUG-23-512x289.webp 512w, https:\/\/www.wehrnaturecenter.com\/wp-content\/uploads\/2024\/04\/SPARK-Water-Dance-15-AUG-23-768x433.webp 768w, https:\/\/www.wehrnaturecenter.com\/wp-content\/uploads\/2024\/04\/SPARK-Water-Dance-15-AUG-23-1024x577.webp 1024w\" sizes=\"auto, (min-width: 1200px) 450px, (min-width: 400px) 450px, 80vw\" alt=\"butterfly landed on mans arm\" width=\"512\" height=\"289\" loading=\"lazy\">\n              <\/div>\n                        <h2 class=\"card__title\">\u00a1CHISPA!<\/h2>\n                        <h3 class=\"card__subtitle\"> Programaci\u00f3n cultural para personas con p\u00e9rdida de memoria y su cuidador<\/h3>\n                                      <div class=\"card__text rte\">\n                <p>\u00a1CHISPA! programas Los programas presentan experiencias interactivas en la naturaleza en un ambiente acogedor. Educadores y voluntarios capacitados especializadamente involucran a los participantes en animadas discusiones, manejo de objetos de la naturaleza y otras actividades multisensoriales.<\/p>\n<p>Este programa mensual se ofrece sin costo para los participantes, pero es necesario registrarse. Si est\u00e1s interesado en conocer m\u00e1s sobre nuestro SPARK! programa, por favor <a href=\"mailto:emily.brown@milwaukeecountywi.gov\" target=\"_blank\" rel=\"noopener\">env\u00ede un correo electr\u00f3nico a la Coordinadora de Acceso e Inclusi\u00f3n, Emily Brown.<\/a><\/p>\n<p>Si est\u00e1 listo para asistir a un programa, complete <a href=\"https:\/\/www.cognitoforms.com\/WehrNatureCenter1\/SPARKNewParticipantQuestionnaire\" target=\"_blank\" rel=\"noopener\">este cuestionario<\/a> antes de su primer programa.<\/p>\n<p>Una vez que haya enviado su cuestionario, podr\u00e1 <a href=\"https:\/\/www.cognitoforms.com\/WehrNatureCenter1\/SPARKRSVPForm\">Confirme su asistencia para los pr\u00f3ximos programas\u00a0<\/a><\/p>\n\n              <\/div>\n                                      <div class=\"card__text\">\n                <a class=\"link-w-underline\" href=\"mailto:emily.brown@milwaukeecountywi.gov\" target=\"_blank\">\n                  Env\u00ede un correo electr\u00f3nico al coordinador\n                                      <svg class=\"icon\" aria-hidden=\"true\">\n                      <use href=\"#icon-external-link\"><\/use>\n                    <\/svg>\n                                  <\/a>\n              <\/div>\n                                  <\/div>\n        <\/div>\n                                      <div class=\"card\">\n                      <div class=\"card__bg  crooked-bg clip-block\"><\/div>\n                    <div class=\"card__inner card__inner--padded\">\n                          <div class=\"card__img\">\n                <img srcset=\"https:\/\/www.wehrnaturecenter.com\/wp-content\/uploads\/2024\/04\/ForestBathing-512x289.webp 512w, https:\/\/www.wehrnaturecenter.com\/wp-content\/uploads\/2024\/04\/ForestBathing-768x433.webp 768w, https:\/\/www.wehrnaturecenter.com\/wp-content\/uploads\/2024\/04\/ForestBathing-1024x577.webp 1024w\" sizes=\"auto, (min-width: 1200px) 450px, (min-width: 400px) 450px, 80vw\" alt=\"branch and glass\" width=\"512\" height=\"289\" loading=\"lazy\">\n              <\/div>\n                        <h2 class=\"card__title\">Ba\u00f1o de bosque guiado<\/h2>\n                        <h3 class=\"card__subtitle\">Grupo de edad: 18+<\/h3>\n                                      <div class=\"card__text rte\">\n                <p>Descon\u00e9ctate, desacelera y elimina el estr\u00e9s de tu rutina diaria. Inspirado en la pr\u00e1ctica japonesa de Shinrin-yoku, un gu\u00eda certificado de ba\u00f1os de bosque lo guiar\u00e1 a trav\u00e9s de invitaciones sensoriales dise\u00f1adas para relajarse, restaurar y profundizar su relaci\u00f3n con el mundo natural. La clase termina con un t\u00e9 (incluido) para despertar tus sentidos y hacerte sentir una sensaci\u00f3n de paz y calma.<\/p>\n<p>Interested in bringing a group? Check out the<a href=\"https:\/\/drive.google.com\/file\/d\/1cBcevjx-rjANecLzBeAhYh9I2hJ8m2yc\/view?usp=sharing\"> Forest Bathing Group Packages booklet.<\/a><\/p>\n\n              <\/div>\n                                      <div class=\"card__text\">\n                <a class=\"link-w-underline\" href=\"https:\/\/www.wehrnaturecenter.com\/series\/forest-bathing-walk\/\" >\n                  Ver pr\u00f3ximos programas\n                                  <\/a>\n              <\/div>\n                                  <\/div>\n        <\/div>\n                                      <div class=\"card\">\n                      <div class=\"card__bg  crooked-bg clip-block\"><\/div>\n                    <div class=\"card__inner card__inner--padded\">\n                          <div class=\"card__img\">\n                <img srcset=\"https:\/\/www.wehrnaturecenter.com\/wp-content\/uploads\/2024\/04\/warbler-bridge-group-looking-resized-square-e7d6abc18d5e4e2f9be6cfcb6b1589c3-5e1d43db739b9-512x289.webp 512w, https:\/\/www.wehrnaturecenter.com\/wp-content\/uploads\/2024\/04\/warbler-bridge-group-looking-resized-square-e7d6abc18d5e4e2f9be6cfcb6b1589c3-5e1d43db739b9-768x433.webp 768w, https:\/\/www.wehrnaturecenter.com\/wp-content\/uploads\/2024\/04\/warbler-bridge-group-looking-resized-square-e7d6abc18d5e4e2f9be6cfcb6b1589c3-5e1d43db739b9-1024x577.webp 1024w\" sizes=\"auto, (min-width: 1200px) 450px, (min-width: 400px) 450px, 80vw\" alt=\"group looking through binoculars\" width=\"512\" height=\"289\" loading=\"lazy\">\n              <\/div>\n                        <h2 class=\"card__title\">Programa de observaci\u00f3n de aves<\/h2>\n                        <h3 class=\"card__subtitle\">Todos los niveles de experiencia.<\/h3>\n                                      <div class=\"card__text rte\">\n                <p>Entusiastas de las aves, \u00bfpod\u00e9is identificarlas a simple vista? \u00bfEst\u00e1 interesado en ampliar sus habilidades de observaci\u00f3n de aves? Tanto los observadores de aves principiantes como los experimentados est\u00e1n invitados a venir a aprender a identificar aves por sus cantos y llamados.<\/p>\n\n              <\/div>\n                                      <div class=\"card__text\">\n                <a class=\"link-w-underline\" href=\"https:\/\/www.wehrnaturecenter.com\/events\/month\/?tribe-bar-search=bird\" >\n                  Ver pr\u00f3ximos programas\n                                  <\/a>\n              <\/div>\n                                  <\/div>\n        <\/div>\n                                      <div class=\"card\">\n                      <div class=\"card__bg  crooked-bg clip-block\"><\/div>\n                    <div class=\"card__inner card__inner--padded\">\n                          <div class=\"card__img\">\n                <img srcset=\"https:\/\/www.wehrnaturecenter.com\/wp-content\/uploads\/2024\/04\/WehrNaturally-512x289.webp 512w, https:\/\/www.wehrnaturecenter.com\/wp-content\/uploads\/2024\/04\/WehrNaturally-768x433.webp 768w, https:\/\/www.wehrnaturecenter.com\/wp-content\/uploads\/2024\/04\/WehrNaturally-1024x577.webp 1024w\" sizes=\"auto, (min-width: 1200px) 450px, (min-width: 400px) 450px, 80vw\" alt=\"female beekeeper with beekeeping suit on\" width=\"512\" height=\"289\" loading=\"lazy\">\n              <\/div>\n                        <h2 class=\"card__title\">Wehr naturalmente<\/h2>\n                        <h3 class=\"card__subtitle\">Talleres para adultos<\/h3>\n                                      <div class=\"card__text rte\">\n                <p>Desde la cocina hasta la artesan\u00eda, la serie Wehr Naturally lleva la conexi\u00f3n con la naturaleza a talleres creativos. Esta serie est\u00e1 presentada por Friends of Wehr y apoya directamente su misi\u00f3n.<\/p>\n\n              <\/div>\n                                      <div class=\"card__text\">\n                <a class=\"link-w-underline\" href=\"https:\/\/www.friendsofwehr.org\/fundraisers#Programs\" target=\"_blank\">\n                  Ver pr\u00f3ximos programas\n                                      <svg class=\"icon\" aria-hidden=\"true\">\n                      <use href=\"#icon-external-link\"><\/use>\n                    <\/svg>\n                                  <\/a>\n              <\/div>\n                                  <\/div>\n        <\/div>\n                                      <div class=\"card\">\n                      <div class=\"card__bg  crooked-bg clip-block\"><\/div>\n                    <div class=\"card__inner card__inner--padded\">\n                          <div class=\"card__img\">\n                <img srcset=\"https:\/\/www.wehrnaturecenter.com\/wp-content\/uploads\/2024\/04\/NatureSpeakersBureau-512x289.webp 512w, https:\/\/www.wehrnaturecenter.com\/wp-content\/uploads\/2024\/04\/NatureSpeakersBureau-768x434.webp 768w, https:\/\/www.wehrnaturecenter.com\/wp-content\/uploads\/2024\/04\/NatureSpeakersBureau-1024x578.webp 1024w\" sizes=\"auto, (min-width: 1200px) 450px, (min-width: 400px) 450px, 80vw\" alt=\"group watching a nature presentation\" width=\"512\" height=\"289\" loading=\"lazy\">\n              <\/div>\n                        <h2 class=\"card__title\">Oficina de Oradores de la Naturaleza<\/h2>\n                        <h3 class=\"card__subtitle\">Programaci\u00f3n para adultos<\/h3>\n                                      <div class=\"card__text rte\">\n                <p>Traiga a uno de nuestros expertos para su pr\u00f3xima reuni\u00f3n o reuni\u00f3n. Deje que Wehr lleve la naturaleza a su club, organizaci\u00f3n o asociaci\u00f3n. Los temas interesantes y animados de las presentaciones incluyen: abejas, murci\u00e9lagos, b\u00fahos, polillas, colibr\u00edes y mariposas.<\/p>\n\n              <\/div>\n                                      <div class=\"card__text\">\n                <a class=\"link-w-underline\" href=\"https:\/\/drive.google.com\/file\/d\/1Z-uH6onhptMBJax3WjOlTRil0GYWEGqo\/view?usp=drive_link\" target=\"_blank\">\n                  Learn more and book a program\n                                      <svg class=\"icon\" aria-hidden=\"true\">\n                      <use href=\"#icon-external-link\"><\/use>\n                    <\/svg>\n                                  <\/a>\n              <\/div>\n                                  <\/div>\n        <\/div>\n      \n          <\/div>\n  <\/div>\n\n  <\/div>","protected":false},"excerpt":{"rendered":"","protected":false},"author":1,"featured_media":0,"parent":23,"menu_order":0,"comment_status":"closed","ping_status":"closed","template":"","meta":{"_acf_changed":true,"inline_featured_image":false,"_price":"","_stock":"","_tribe_ticket_header":"","_tribe_default_ticket_provider":"","_tribe_ticket_capacity":"0","_ticket_start_date":"","_ticket_end_date":"","_tribe_ticket_show_description":"","_tribe_ticket_show_not_going":false,"_tribe_ticket_use_global_stock":"","_tribe_ticket_global_stock_level":"","_global_stock_mode":"","_global_stock_cap":"","_tribe_rsvp_for_event":"","_tribe_ticket_going_count":"","_tribe_ticket_not_going_count":"","_tribe_tickets_list":"[]","_tribe_ticket_has_attendee_info_fields":false,"footnotes":""},"class_list":["post-756","page","type-page","status-publish","hentry"],"acf":[],"yoast_head":"<!-- This site is optimized with the Yoast SEO plugin v27.5 - https:\/\/yoast.com\/product\/yoast-seo-wordpress\/ -->\n<title>Adult Programing | Wehr Nature Center<\/title>\n<meta name=\"description\" content=\"Get outside with us on one of our ongoing monthly programs designed for adults and specific audiences.\" \/>\n<meta name=\"robots\" content=\"index, follow, max-snippet:-1, max-image-preview:large, max-video-preview:-1\" \/>\n<link rel=\"canonical\" href=\"https:\/\/www.wehrnaturecenter.com\/es\/engage\/classes-workshops\/\" \/>\n<meta property=\"og:locale\" content=\"es_MX\" \/>\n<meta property=\"og:type\" content=\"article\" \/>\n<meta property=\"og:title\" content=\"Adult Programing | Wehr Nature Center\" \/>\n<meta property=\"og:description\" content=\"Get outside with us on one of our ongoing monthly programs designed for adults and specific audiences.\" \/>\n<meta property=\"og:url\" content=\"https:\/\/www.wehrnaturecenter.com\/es\/engage\/classes-workshops\/\" \/>\n<meta property=\"og:site_name\" content=\"Wehr Nature Center\" \/>\n<meta property=\"article:publisher\" content=\"https:\/\/www.facebook.com\/wehrnaturecenter\/\" \/>\n<meta property=\"article:modified_time\" content=\"2026-04-20T18:37:10+00:00\" \/>\n<meta property=\"og:image\" content=\"https:\/\/www.wehrnaturecenter.com\/wp-content\/uploads\/2024\/04\/Wehr-3.webp\" \/>\n\t<meta property=\"og:image:width\" content=\"1200\" \/>\n\t<meta property=\"og:image:height\" content=\"630\" \/>\n\t<meta property=\"og:image:type\" content=\"image\/webp\" \/>\n<meta name=\"twitter:card\" content=\"summary_large_image\" \/>\n<script type=\"application\/ld+json\" class=\"yoast-schema-graph\">{\"@context\":\"https:\\\/\\\/schema.org\",\"@graph\":[{\"@type\":\"WebPage\",\"@id\":\"https:\\\/\\\/www.wehrnaturecenter.com\\\/engage\\\/classes-workshops\\\/\",\"url\":\"https:\\\/\\\/www.wehrnaturecenter.com\\\/engage\\\/classes-workshops\\\/\",\"name\":\"Adult Programing | Wehr Nature Center\",\"isPartOf\":{\"@id\":\"https:\\\/\\\/www.wehrnaturecenter.com\\\/#website\"},\"datePublished\":\"2024-03-20T21:36:27+00:00\",\"dateModified\":\"2026-04-20T18:37:10+00:00\",\"description\":\"Get outside with us on one of our ongoing monthly programs designed for adults and specific audiences.\",\"breadcrumb\":{\"@id\":\"https:\\\/\\\/www.wehrnaturecenter.com\\\/engage\\\/classes-workshops\\\/#breadcrumb\"},\"inLanguage\":\"es\",\"potentialAction\":[{\"@type\":\"ReadAction\",\"target\":[\"https:\\\/\\\/www.wehrnaturecenter.com\\\/engage\\\/classes-workshops\\\/\"]}]},{\"@type\":\"BreadcrumbList\",\"@id\":\"https:\\\/\\\/www.wehrnaturecenter.com\\\/engage\\\/classes-workshops\\\/#breadcrumb\",\"itemListElement\":[{\"@type\":\"ListItem\",\"position\":1,\"name\":\"Home\",\"item\":\"https:\\\/\\\/www.wehrnaturecenter.com\\\/\"},{\"@type\":\"ListItem\",\"position\":2,\"name\":\"Engage\",\"item\":\"https:\\\/\\\/www.wehrnaturecenter.com\\\/engage\\\/\"},{\"@type\":\"ListItem\",\"position\":3,\"name\":\"Classes &amp; Workshops\"}]},{\"@type\":\"WebSite\",\"@id\":\"https:\\\/\\\/www.wehrnaturecenter.com\\\/#website\",\"url\":\"https:\\\/\\\/www.wehrnaturecenter.com\\\/\",\"name\":\"Wehr Nature Center\",\"description\":\"A Place For All Seasons\u2014A Place For Everyone\",\"publisher\":{\"@id\":\"https:\\\/\\\/www.wehrnaturecenter.com\\\/#organization\"},\"potentialAction\":[{\"@type\":\"SearchAction\",\"target\":{\"@type\":\"EntryPoint\",\"urlTemplate\":\"https:\\\/\\\/www.wehrnaturecenter.com\\\/?s={search_term_string}\"},\"query-input\":{\"@type\":\"PropertyValueSpecification\",\"valueRequired\":true,\"valueName\":\"search_term_string\"}}],\"inLanguage\":\"es\"},{\"@type\":\"Organization\",\"@id\":\"https:\\\/\\\/www.wehrnaturecenter.com\\\/#organization\",\"name\":\"Wehr Nature Center\",\"url\":\"https:\\\/\\\/www.wehrnaturecenter.com\\\/\",\"logo\":{\"@type\":\"ImageObject\",\"inLanguage\":\"es\",\"@id\":\"https:\\\/\\\/www.wehrnaturecenter.com\\\/#\\\/schema\\\/logo\\\/image\\\/\",\"url\":\"https:\\\/\\\/www.wehrnaturecenter.com\\\/wp-content\\\/uploads\\\/2024\\\/04\\\/Asset.webp\",\"contentUrl\":\"https:\\\/\\\/www.wehrnaturecenter.com\\\/wp-content\\\/uploads\\\/2024\\\/04\\\/Asset.webp\",\"width\":2234,\"height\":890,\"caption\":\"Wehr Nature Center\"},\"image\":{\"@id\":\"https:\\\/\\\/www.wehrnaturecenter.com\\\/#\\\/schema\\\/logo\\\/image\\\/\"},\"sameAs\":[\"https:\\\/\\\/www.facebook.com\\\/wehrnaturecenter\\\/\",\"https:\\\/\\\/www.instagram.com\\\/wehrnaturecenter\\\/\",\"https:\\\/\\\/www.youtube.com\\\/channel\\\/UCxYHduOcs9UyVMZ7ct0HFAw\"]}]}<\/script>\n<!-- \/ Yoast SEO plugin. -->","yoast_head_json":{"title":"Adult Programing | Wehr Nature Center","description":"Get outside with us on one of our ongoing monthly programs designed for adults and specific audiences.","robots":{"index":"index","follow":"follow","max-snippet":"max-snippet:-1","max-image-preview":"max-image-preview:large","max-video-preview":"max-video-preview:-1"},"canonical":"https:\/\/www.wehrnaturecenter.com\/es\/engage\/classes-workshops\/","og_locale":"es_MX","og_type":"article","og_title":"Adult Programing | Wehr Nature Center","og_description":"Get outside with us on one of our ongoing monthly programs designed for adults and specific audiences.","og_url":"https:\/\/www.wehrnaturecenter.com\/es\/engage\/classes-workshops\/","og_site_name":"Wehr Nature Center","article_publisher":"https:\/\/www.facebook.com\/wehrnaturecenter\/","article_modified_time":"2026-04-20T18:37:10+00:00","og_image":[{"width":1200,"height":630,"url":"https:\/\/www.wehrnaturecenter.com\/wp-content\/uploads\/2024\/04\/Wehr-3.webp","type":"image\/webp"}],"twitter_card":"summary_large_image","schema":{"@context":"https:\/\/schema.org","@graph":[{"@type":"WebPage","@id":"https:\/\/www.wehrnaturecenter.com\/engage\/classes-workshops\/","url":"https:\/\/www.wehrnaturecenter.com\/engage\/classes-workshops\/","name":"Adult Programing | Wehr Nature Center","isPartOf":{"@id":"https:\/\/www.wehrnaturecenter.com\/#website"},"datePublished":"2024-03-20T21:36:27+00:00","dateModified":"2026-04-20T18:37:10+00:00","description":"Get outside with us on one of our ongoing monthly programs designed for adults and specific audiences.","breadcrumb":{"@id":"https:\/\/www.wehrnaturecenter.com\/engage\/classes-workshops\/#breadcrumb"},"inLanguage":"es","potentialAction":[{"@type":"ReadAction","target":["https:\/\/www.wehrnaturecenter.com\/engage\/classes-workshops\/"]}]},{"@type":"BreadcrumbList","@id":"https:\/\/www.wehrnaturecenter.com\/engage\/classes-workshops\/#breadcrumb","itemListElement":[{"@type":"ListItem","position":1,"name":"Home","item":"https:\/\/www.wehrnaturecenter.com\/"},{"@type":"ListItem","position":2,"name":"Engage","item":"https:\/\/www.wehrnaturecenter.com\/engage\/"},{"@type":"ListItem","position":3,"name":"Classes &amp; Workshops"}]},{"@type":"WebSite","@id":"https:\/\/www.wehrnaturecenter.com\/#website","url":"https:\/\/www.wehrnaturecenter.com\/","name":"Centro de naturaleza Wehr","description":"Un lugar para todas las estaciones: un lugar para todos","publisher":{"@id":"https:\/\/www.wehrnaturecenter.com\/#organization"},"potentialAction":[{"@type":"SearchAction","target":{"@type":"EntryPoint","urlTemplate":"https:\/\/www.wehrnaturecenter.com\/?s={search_term_string}"},"query-input":{"@type":"PropertyValueSpecification","valueRequired":true,"valueName":"search_term_string"}}],"inLanguage":"es"},{"@type":"Organization","@id":"https:\/\/www.wehrnaturecenter.com\/#organization","name":"Centro de naturaleza Wehr","url":"https:\/\/www.wehrnaturecenter.com\/","logo":{"@type":"ImageObject","inLanguage":"es","@id":"https:\/\/www.wehrnaturecenter.com\/#\/schema\/logo\/image\/","url":"https:\/\/www.wehrnaturecenter.com\/wp-content\/uploads\/2024\/04\/Asset.webp","contentUrl":"https:\/\/www.wehrnaturecenter.com\/wp-content\/uploads\/2024\/04\/Asset.webp","width":2234,"height":890,"caption":"Wehr Nature Center"},"image":{"@id":"https:\/\/www.wehrnaturecenter.com\/#\/schema\/logo\/image\/"},"sameAs":["https:\/\/www.facebook.com\/wehrnaturecenter\/","https:\/\/www.instagram.com\/wehrnaturecenter\/","https:\/\/www.youtube.com\/channel\/UCxYHduOcs9UyVMZ7ct0HFAw"]}]}},"_links":{"self":[{"href":"https:\/\/www.wehrnaturecenter.com\/es\/wp-json\/wp\/v2\/pages\/756","targetHints":{"allow":["GET"]}}],"collection":[{"href":"https:\/\/www.wehrnaturecenter.com\/es\/wp-json\/wp\/v2\/pages"}],"about":[{"href":"https:\/\/www.wehrnaturecenter.com\/es\/wp-json\/wp\/v2\/types\/page"}],"author":[{"embeddable":true,"href":"https:\/\/www.wehrnaturecenter.com\/es\/wp-json\/wp\/v2\/users\/1"}],"replies":[{"embeddable":true,"href":"https:\/\/www.wehrnaturecenter.com\/es\/wp-json\/wp\/v2\/comments?post=756"}],"version-history":[{"count":0,"href":"https:\/\/www.wehrnaturecenter.com\/es\/wp-json\/wp\/v2\/pages\/756\/revisions"}],"up":[{"embeddable":true,"href":"https:\/\/www.wehrnaturecenter.com\/es\/wp-json\/wp\/v2\/pages\/23"}],"wp:attachment":[{"href":"https:\/\/www.wehrnaturecenter.com\/es\/wp-json\/wp\/v2\/media?parent=756"}],"curies":[{"name":"wp","href":"https:\/\/api.w.org\/{rel}","templated":true}]}}