{"id":1441,"date":"2024-05-19T08:52:19","date_gmt":"2024-05-19T13:52:19","guid":{"rendered":"https:\/\/www.wehrnaturecenter.com\/event\/pop-up-nature-2\/"},"modified":"2024-06-06T16:06:41","modified_gmt":"2024-06-06T21:06:41","slug":"pop-up-nature-2","status":"publish","type":"tribe_events","link":"https:\/\/www.wehrnaturecenter.com\/es\/event\/pop-up-nature-2\/","title":{"rendered":"CANCELED Pop-Up Nature: Pollinator Power"},"content":{"rendered":"<p>This event has been CANCELED. Please ask at the front desk for a pollinator scavenger hunt and craft if you are interested in a take-home.<\/p>\n<p>\u00bfQuieres explorar la naturaleza con tus hijos pero no sabes c\u00f3mo empezar? \u00a1Visita un programa \u201cemergente\u201d con un experto en la naturaleza para comenzar tu aventura! Habr\u00e1 una actividad estacional dirigida por un naturalista en cada sesi\u00f3n de 1 a 1:30, seguida de actividades autoguiadas que podr\u00e1 disfrutar con su familia a su propio ritmo. Nosotros proporcionamos las herramientas y el conocimiento, t\u00fa aportas la curiosidad. Cada programa tiene un tema diferente, \u00a1as\u00ed que haga planes para unirse a nosotros durante todo el a\u00f1o!<\/p>\n<p>June 8th, 2024, Pop Up Nature: Pollinator Power: Join us as we celebrate nature\u2019s superheroes, the pollinators, during National Pollinator Week.\u00a0 Together we will find out what pollination is, how pollination happens, and what the superhero duties of a pollinator are.We will read the story \u201cFlower Talk: How Plants Use Color to Communicate,\u201d written by <a href=\"https:\/\/www.amazon.com\/Sara-Levine\/e\/B00E6K0618\/ref=dp_byline_cont_book_1\">Sara Levine<\/a>\u00a0and illustrated by\u00a0<a href=\"https:\/\/www.amazon.com\/s\/ref=dp_byline_sr_book_2?ie=UTF8&amp;field-author=Masha+D%27yans&amp;text=Masha+D%27yans&amp;sort=relevancerank&amp;search-alias=books\">Masha D\u2019yans<\/a>. We will also provide a hands-on activity, craft, along with a pollinator scavenger hunt for your self-guided hike.<\/p>\n<p>Recomendado para mayores de 5 a\u00f1os.<\/p>\n<p><em>Fee: $7 per family; $5 per family for Friends of Wehr members<\/em><\/p>\n<p><em>Additional $5 parking fee for non-members<\/em><\/p>","protected":false},"excerpt":{"rendered":"<p>\u00a1Vis\u00edtenos de un programa \u201cemergente\u201d con un experto en la naturaleza!<\/p>","protected":false},"author":1,"featured_media":1206,"template":"","meta":{"_acf_changed":false,"inline_featured_image":false,"_price":"","_stock":"","_tribe_ticket_header":"","_tribe_default_ticket_provider":"","_tribe_ticket_capacity":"0","_ticket_start_date":"","_ticket_end_date":"","_tribe_ticket_show_description":"","_tribe_ticket_show_not_going":false,"_tribe_ticket_use_global_stock":"","_tribe_ticket_global_stock_level":"","_global_stock_mode":"","_global_stock_cap":"","_tribe_rsvp_for_event":"","_tribe_ticket_going_count":"","_tribe_ticket_not_going_count":"","_tribe_tickets_list":"[]","_tribe_ticket_has_attendee_info_fields":false,"_tribe_events_status":"","_tribe_events_status_reason":"","_tribe_events_is_hybrid":"","_tribe_events_is_virtual":"","_tribe_events_virtual_video_source":"","_tribe_events_virtual_embed_video":"","_tribe_events_virtual_linked_button_text":"","_tribe_events_virtual_linked_button":"","_tribe_events_virtual_show_embed_at":"","_tribe_events_virtual_show_embed_to":[],"_tribe_events_virtual_show_on_event":"","_tribe_events_virtual_show_on_views":"","_tribe_events_virtual_url":"","footnotes":""},"tags":[],"tribe_events_cat":[10],"class_list":["post-1441","tribe_events","type-tribe_events","status-publish","has-post-thumbnail","hentry","tribe_events_cat-children-and-family","cat_children-and-family"],"acf":[],"yoast_head":"<!-- This site is optimized with the Yoast SEO plugin v27.4 - https:\/\/yoast.com\/product\/yoast-seo-wordpress\/ -->\n<title>CANCELED Pop-Up Nature: Pollinator Power - Wehr Nature Center<\/title>\n<meta name=\"robots\" content=\"index, follow, max-snippet:-1, max-image-preview:large, max-video-preview:-1\" \/>\n<link rel=\"canonical\" href=\"https:\/\/www.wehrnaturecenter.com\/es\/event\/pop-up-nature-2\/\" \/>\n<meta property=\"og:locale\" content=\"es_MX\" \/>\n<meta property=\"og:type\" content=\"article\" \/>\n<meta property=\"og:title\" content=\"CANCELED Pop-Up Nature: Pollinator Power - Wehr Nature Center\" \/>\n<meta property=\"og:description\" content=\"Stop in for a \u201cpop-up\u201d program with a nature expert!\" \/>\n<meta property=\"og:url\" content=\"https:\/\/www.wehrnaturecenter.com\/es\/event\/pop-up-nature-2\/\" \/>\n<meta property=\"og:site_name\" content=\"Wehr Nature Center\" \/>\n<meta property=\"article:publisher\" content=\"https:\/\/www.facebook.com\/wehrnaturecenter\/\" \/>\n<meta property=\"article:modified_time\" content=\"2024-06-06T21:06:41+00:00\" \/>\n<meta property=\"og:image\" content=\"https:\/\/www.wehrnaturecenter.com\/wp-content\/uploads\/2024\/04\/Pop-Up-Nature-scaled-1.webp\" \/>\n\t<meta property=\"og:image:width\" content=\"1080\" \/>\n\t<meta property=\"og:image:height\" content=\"609\" \/>\n\t<meta property=\"og:image:type\" content=\"image\/webp\" \/>\n<meta name=\"twitter:card\" content=\"summary_large_image\" \/>\n<meta name=\"twitter:label1\" content=\"Tiempo de lectura\" \/>\n\t<meta name=\"twitter:data1\" content=\"2 minutos\" \/>\n<script type=\"application\/ld+json\" class=\"yoast-schema-graph\">{\"@context\":\"https:\\\/\\\/schema.org\",\"@graph\":[{\"@type\":\"WebPage\",\"@id\":\"https:\\\/\\\/www.wehrnaturecenter.com\\\/event\\\/pop-up-nature-2\\\/\",\"url\":\"https:\\\/\\\/www.wehrnaturecenter.com\\\/event\\\/pop-up-nature-2\\\/\",\"name\":\"CANCELED Pop-Up Nature: Pollinator Power - Wehr Nature Center\",\"isPartOf\":{\"@id\":\"https:\\\/\\\/www.wehrnaturecenter.com\\\/#website\"},\"primaryImageOfPage\":{\"@id\":\"https:\\\/\\\/www.wehrnaturecenter.com\\\/event\\\/pop-up-nature-2\\\/#primaryimage\"},\"image\":{\"@id\":\"https:\\\/\\\/www.wehrnaturecenter.com\\\/event\\\/pop-up-nature-2\\\/#primaryimage\"},\"thumbnailUrl\":\"https:\\\/\\\/www.wehrnaturecenter.com\\\/wp-content\\\/uploads\\\/2024\\\/04\\\/Pop-Up-Nature-scaled-1.webp\",\"datePublished\":\"2024-05-19T13:52:19+00:00\",\"dateModified\":\"2024-06-06T21:06:41+00:00\",\"breadcrumb\":{\"@id\":\"https:\\\/\\\/www.wehrnaturecenter.com\\\/event\\\/pop-up-nature-2\\\/#breadcrumb\"},\"inLanguage\":\"es\",\"potentialAction\":[{\"@type\":\"ReadAction\",\"target\":[\"https:\\\/\\\/www.wehrnaturecenter.com\\\/event\\\/pop-up-nature-2\\\/\"]}]},{\"@type\":\"ImageObject\",\"inLanguage\":\"es\",\"@id\":\"https:\\\/\\\/www.wehrnaturecenter.com\\\/event\\\/pop-up-nature-2\\\/#primaryimage\",\"url\":\"https:\\\/\\\/www.wehrnaturecenter.com\\\/wp-content\\\/uploads\\\/2024\\\/04\\\/Pop-Up-Nature-scaled-1.webp\",\"contentUrl\":\"https:\\\/\\\/www.wehrnaturecenter.com\\\/wp-content\\\/uploads\\\/2024\\\/04\\\/Pop-Up-Nature-scaled-1.webp\",\"width\":1080,\"height\":609,\"caption\":\"Wehr Park Naturalist showing group a map\"},{\"@type\":\"BreadcrumbList\",\"@id\":\"https:\\\/\\\/www.wehrnaturecenter.com\\\/event\\\/pop-up-nature-2\\\/#breadcrumb\",\"itemListElement\":[{\"@type\":\"ListItem\",\"position\":1,\"name\":\"Home\",\"item\":\"https:\\\/\\\/www.wehrnaturecenter.com\\\/\"},{\"@type\":\"ListItem\",\"position\":2,\"name\":\"Eventos\",\"item\":\"https:\\\/\\\/www.wehrnaturecenter.com\\\/es\\\/engage\\\/\"},{\"@type\":\"ListItem\",\"position\":3,\"name\":\"CANCELED Pop-Up Nature: Pollinator Power\"}]},{\"@type\":\"WebSite\",\"@id\":\"https:\\\/\\\/www.wehrnaturecenter.com\\\/#website\",\"url\":\"https:\\\/\\\/www.wehrnaturecenter.com\\\/\",\"name\":\"Wehr Nature Center\",\"description\":\"A Place For All Seasons\u2014A Place For Everyone\",\"publisher\":{\"@id\":\"https:\\\/\\\/www.wehrnaturecenter.com\\\/#organization\"},\"potentialAction\":[{\"@type\":\"SearchAction\",\"target\":{\"@type\":\"EntryPoint\",\"urlTemplate\":\"https:\\\/\\\/www.wehrnaturecenter.com\\\/?s={search_term_string}\"},\"query-input\":{\"@type\":\"PropertyValueSpecification\",\"valueRequired\":true,\"valueName\":\"search_term_string\"}}],\"inLanguage\":\"es\"},{\"@type\":\"Organization\",\"@id\":\"https:\\\/\\\/www.wehrnaturecenter.com\\\/#organization\",\"name\":\"Wehr Nature Center\",\"url\":\"https:\\\/\\\/www.wehrnaturecenter.com\\\/\",\"logo\":{\"@type\":\"ImageObject\",\"inLanguage\":\"es\",\"@id\":\"https:\\\/\\\/www.wehrnaturecenter.com\\\/#\\\/schema\\\/logo\\\/image\\\/\",\"url\":\"https:\\\/\\\/www.wehrnaturecenter.com\\\/wp-content\\\/uploads\\\/2024\\\/04\\\/Asset.webp\",\"contentUrl\":\"https:\\\/\\\/www.wehrnaturecenter.com\\\/wp-content\\\/uploads\\\/2024\\\/04\\\/Asset.webp\",\"width\":2234,\"height\":890,\"caption\":\"Wehr Nature Center\"},\"image\":{\"@id\":\"https:\\\/\\\/www.wehrnaturecenter.com\\\/#\\\/schema\\\/logo\\\/image\\\/\"},\"sameAs\":[\"https:\\\/\\\/www.facebook.com\\\/wehrnaturecenter\\\/\",\"https:\\\/\\\/www.instagram.com\\\/wehrnaturecenter\\\/\",\"https:\\\/\\\/www.youtube.com\\\/channel\\\/UCxYHduOcs9UyVMZ7ct0HFAw\"]}]}<\/script>\n<!-- \/ Yoast SEO plugin. -->","yoast_head_json":{"title":"CANCELED Pop-Up Nature: Pollinator Power - Wehr Nature Center","robots":{"index":"index","follow":"follow","max-snippet":"max-snippet:-1","max-image-preview":"max-image-preview:large","max-video-preview":"max-video-preview:-1"},"canonical":"https:\/\/www.wehrnaturecenter.com\/es\/event\/pop-up-nature-2\/","og_locale":"es_MX","og_type":"article","og_title":"CANCELED Pop-Up Nature: Pollinator Power - Wehr Nature Center","og_description":"Stop in for a \u201cpop-up\u201d program with a nature expert!","og_url":"https:\/\/www.wehrnaturecenter.com\/es\/event\/pop-up-nature-2\/","og_site_name":"Wehr Nature Center","article_publisher":"https:\/\/www.facebook.com\/wehrnaturecenter\/","article_modified_time":"2024-06-06T21:06:41+00:00","og_image":[{"width":1080,"height":609,"url":"https:\/\/www.wehrnaturecenter.com\/wp-content\/uploads\/2024\/04\/Pop-Up-Nature-scaled-1.webp","type":"image\/webp"}],"twitter_card":"summary_large_image","twitter_misc":{"Tiempo de lectura":"2 minutos"},"schema":{"@context":"https:\/\/schema.org","@graph":[{"@type":"WebPage","@id":"https:\/\/www.wehrnaturecenter.com\/event\/pop-up-nature-2\/","url":"https:\/\/www.wehrnaturecenter.com\/event\/pop-up-nature-2\/","name":"CANCELED Pop-Up Nature: Pollinator Power - Wehr Nature Center","isPartOf":{"@id":"https:\/\/www.wehrnaturecenter.com\/#website"},"primaryImageOfPage":{"@id":"https:\/\/www.wehrnaturecenter.com\/event\/pop-up-nature-2\/#primaryimage"},"image":{"@id":"https:\/\/www.wehrnaturecenter.com\/event\/pop-up-nature-2\/#primaryimage"},"thumbnailUrl":"https:\/\/www.wehrnaturecenter.com\/wp-content\/uploads\/2024\/04\/Pop-Up-Nature-scaled-1.webp","datePublished":"2024-05-19T13:52:19+00:00","dateModified":"2024-06-06T21:06:41+00:00","breadcrumb":{"@id":"https:\/\/www.wehrnaturecenter.com\/event\/pop-up-nature-2\/#breadcrumb"},"inLanguage":"es","potentialAction":[{"@type":"ReadAction","target":["https:\/\/www.wehrnaturecenter.com\/event\/pop-up-nature-2\/"]}]},{"@type":"ImageObject","inLanguage":"es","@id":"https:\/\/www.wehrnaturecenter.com\/event\/pop-up-nature-2\/#primaryimage","url":"https:\/\/www.wehrnaturecenter.com\/wp-content\/uploads\/2024\/04\/Pop-Up-Nature-scaled-1.webp","contentUrl":"https:\/\/www.wehrnaturecenter.com\/wp-content\/uploads\/2024\/04\/Pop-Up-Nature-scaled-1.webp","width":1080,"height":609,"caption":"Wehr Park Naturalist showing group a map"},{"@type":"BreadcrumbList","@id":"https:\/\/www.wehrnaturecenter.com\/event\/pop-up-nature-2\/#breadcrumb","itemListElement":[{"@type":"ListItem","position":1,"name":"Home","item":"https:\/\/www.wehrnaturecenter.com\/"},{"@type":"ListItem","position":2,"name":"Eventos","item":"https:\/\/www.wehrnaturecenter.com\/es\/engage\/"},{"@type":"ListItem","position":3,"name":"CANCELED Pop-Up Nature: Pollinator Power"}]},{"@type":"WebSite","@id":"https:\/\/www.wehrnaturecenter.com\/#website","url":"https:\/\/www.wehrnaturecenter.com\/","name":"Centro de naturaleza Wehr","description":"Un lugar para todas las estaciones: un lugar para todos","publisher":{"@id":"https:\/\/www.wehrnaturecenter.com\/#organization"},"potentialAction":[{"@type":"SearchAction","target":{"@type":"EntryPoint","urlTemplate":"https:\/\/www.wehrnaturecenter.com\/?s={search_term_string}"},"query-input":{"@type":"PropertyValueSpecification","valueRequired":true,"valueName":"search_term_string"}}],"inLanguage":"es"},{"@type":"Organization","@id":"https:\/\/www.wehrnaturecenter.com\/#organization","name":"Centro de naturaleza Wehr","url":"https:\/\/www.wehrnaturecenter.com\/","logo":{"@type":"ImageObject","inLanguage":"es","@id":"https:\/\/www.wehrnaturecenter.com\/#\/schema\/logo\/image\/","url":"https:\/\/www.wehrnaturecenter.com\/wp-content\/uploads\/2024\/04\/Asset.webp","contentUrl":"https:\/\/www.wehrnaturecenter.com\/wp-content\/uploads\/2024\/04\/Asset.webp","width":2234,"height":890,"caption":"Wehr Nature Center"},"image":{"@id":"https:\/\/www.wehrnaturecenter.com\/#\/schema\/logo\/image\/"},"sameAs":["https:\/\/www.facebook.com\/wehrnaturecenter\/","https:\/\/www.instagram.com\/wehrnaturecenter\/","https:\/\/www.youtube.com\/channel\/UCxYHduOcs9UyVMZ7ct0HFAw"]}]}},"_links":{"self":[{"href":"https:\/\/www.wehrnaturecenter.com\/es\/wp-json\/wp\/v2\/tribe_events\/1441","targetHints":{"allow":["GET"]}}],"collection":[{"href":"https:\/\/www.wehrnaturecenter.com\/es\/wp-json\/wp\/v2\/tribe_events"}],"about":[{"href":"https:\/\/www.wehrnaturecenter.com\/es\/wp-json\/wp\/v2\/types\/tribe_events"}],"author":[{"embeddable":true,"href":"https:\/\/www.wehrnaturecenter.com\/es\/wp-json\/wp\/v2\/users\/1"}],"version-history":[{"count":0,"href":"https:\/\/www.wehrnaturecenter.com\/es\/wp-json\/wp\/v2\/tribe_events\/1441\/revisions"}],"wp:featuredmedia":[{"embeddable":true,"href":"https:\/\/www.wehrnaturecenter.com\/es\/wp-json\/wp\/v2\/media\/1206"}],"wp:attachment":[{"href":"https:\/\/www.wehrnaturecenter.com\/es\/wp-json\/wp\/v2\/media?parent=1441"}],"wp:term":[{"taxonomy":"post_tag","embeddable":true,"href":"https:\/\/www.wehrnaturecenter.com\/es\/wp-json\/wp\/v2\/tags?post=1441"},{"taxonomy":"tribe_events_cat","embeddable":true,"href":"https:\/\/www.wehrnaturecenter.com\/es\/wp-json\/wp\/v2\/tribe_events_cat?post=1441"}],"curies":[{"name":"wp","href":"https:\/\/api.w.org\/{rel}","templated":true}]}}