{"id":2700,"date":"2026-01-05T16:13:24","date_gmt":"2026-01-05T22:13:24","guid":{"rendered":"https:\/\/www.wehrnaturecenter.com\/?post_type=tribe_events&#038;p=2700"},"modified":"2026-02-09T15:05:03","modified_gmt":"2026-02-09T21:05:03","slug":"gardening-for-the-birds-and-the-bees-introduction-to-native-gardening-for-beginners","status":"publish","type":"tribe_events","link":"https:\/\/www.wehrnaturecenter.com\/es\/event\/gardening-for-the-birds-and-the-bees-introduction-to-native-gardening-for-beginners\/","title":{"rendered":"Jardiner\u00eda para p\u00e1jaros y abejas: Introducci\u00f3n a la jardiner\u00eda nativa para principiantes"},"content":{"rendered":"<p>Gardening with native plants is a fun and beautiful way to improve the health of pollinators, birds, AND yourself. With a few basic tools and information, you can create a stunning garden that cares for the earth. Choose one or both of the sessions.<\/p>\n<p><strong>Introduction to Native Gardening for Beginners<\/strong><\/p>\n<p>Do you want to plant a native garden but don\u2019t know how to start? Learn the importance of native plants and how to use them to attract and support wildlife, birds, and insects to your garden in a way that fits your time and space.<\/p>\n<p><strong>Tarifa por sesi\u00f3n:<\/strong><br \/>\n$10 per person; $8 for Friends of Wehr members<br \/>\nLas reservas garantizan un espacio. Las visitas sin cita previa son bienvenidas seg\u00fan lo permita el espacio.<\/p>\n<p>&nbsp;<\/p>\n<p>Inscr\u00edbete para la sesi\u00f3n de la tarde por separado:<\/p>\n<p><a href=\"https:\/\/www.wehrnaturecenter.com\/event\/gardening-for-the-birds-and-the-bees-landscaping-with-native-plants\/\"><strong>Dise\u00f1ando tu jard\u00edn nativo<\/strong><\/a><br \/>\n12:30-3 pm<\/p>\n<p>\u00bfLe gustar\u00eda recibir ayuda de un experto para dise\u00f1ar su proyecto de plantas aut\u00f3ctonas? Esta sesi\u00f3n, abierta a jardineros de todos los niveles, le mostrar\u00e1 c\u00f3mo dise\u00f1ar un \u00e1rea de plantas aut\u00f3ctonas que se adapte a su ubicaci\u00f3n. Traiga fotograf\u00edas de su espacio de jard\u00edn, una muestra de suelo y un boceto de su \"sue\u00f1o\" para su espacio y nuestros expertos lo guiar\u00e1n.<\/p>","protected":false},"excerpt":{"rendered":"<p>Gardening with native plants is a fun and beautiful way to improve the health of pollinators, birds, AND yourself. With a few basic tools and information, you can create a [&hellip;]<\/p>\n","protected":false},"author":3,"featured_media":2702,"template":"","meta":{"_acf_changed":false,"inline_featured_image":false,"_price":"","_stock":"","_tribe_ticket_header":"","_tribe_default_ticket_provider":"","_tribe_ticket_capacity":"","_ticket_start_date":"","_ticket_end_date":"","_tribe_ticket_show_description":"","_tribe_ticket_show_not_going":false,"_tribe_ticket_use_global_stock":"","_tribe_ticket_global_stock_level":"","_global_stock_mode":"","_global_stock_cap":"","_tribe_rsvp_for_event":"","_tribe_ticket_going_count":"","_tribe_ticket_not_going_count":"","_tribe_tickets_list":"[]","_tribe_ticket_has_attendee_info_fields":false,"_tribe_events_status":"","_tribe_events_status_reason":"","_tribe_events_is_hybrid":"","_tribe_events_is_virtual":"","_tribe_events_virtual_video_source":"","_tribe_events_virtual_embed_video":"","_tribe_events_virtual_linked_button_text":"","_tribe_events_virtual_linked_button":"","_tribe_events_virtual_show_embed_at":"","_tribe_events_virtual_show_embed_to":[],"_tribe_events_virtual_show_on_event":"","_tribe_events_virtual_show_on_views":"","_tribe_events_virtual_url":"","footnotes":""},"tags":[15],"tribe_events_cat":[9],"class_list":["post-2700","tribe_events","type-tribe_events","status-publish","has-post-thumbnail","hentry","tribe_events_cat-adult","cat_adult"],"acf":[],"yoast_head":"<!-- This site is optimized with the Yoast SEO plugin v27.4 - https:\/\/yoast.com\/product\/yoast-seo-wordpress\/ -->\n<title>Gardening for the Birds and the Bees: Introduction to Native Gardening for Beginners - Wehr Nature Center<\/title>\n<meta name=\"robots\" content=\"index, follow, max-snippet:-1, max-image-preview:large, max-video-preview:-1\" \/>\n<link rel=\"canonical\" href=\"https:\/\/www.wehrnaturecenter.com\/es\/event\/gardening-for-the-birds-and-the-bees-introduction-to-native-gardening-for-beginners\/\" \/>\n<meta property=\"og:locale\" content=\"es_MX\" \/>\n<meta property=\"og:type\" content=\"article\" \/>\n<meta property=\"og:title\" content=\"Gardening for the Birds and the Bees: Introduction to Native Gardening for Beginners - Wehr Nature Center\" \/>\n<meta property=\"og:description\" content=\"Gardening with native plants is a fun and beautiful way to improve the health of pollinators, birds, AND yourself. With a few basic tools and information, you can create a [&hellip;]\" \/>\n<meta property=\"og:url\" content=\"https:\/\/www.wehrnaturecenter.com\/es\/event\/gardening-for-the-birds-and-the-bees-introduction-to-native-gardening-for-beginners\/\" \/>\n<meta property=\"og:site_name\" content=\"Wehr Nature Center\" \/>\n<meta property=\"article:publisher\" content=\"https:\/\/www.facebook.com\/wehrnaturecenter\/\" \/>\n<meta property=\"article:modified_time\" content=\"2026-02-09T21:05:03+00:00\" \/>\n<meta property=\"og:image\" content=\"https:\/\/www.wehrnaturecenter.com\/wp-content\/uploads\/2026\/01\/Asters-resized-1024x576.png\" \/>\n\t<meta property=\"og:image:width\" content=\"1024\" \/>\n\t<meta property=\"og:image:height\" content=\"576\" \/>\n\t<meta property=\"og:image:type\" content=\"image\/png\" \/>\n<meta name=\"twitter:card\" content=\"summary_large_image\" \/>\n<meta name=\"twitter:label1\" content=\"Tiempo de lectura\" \/>\n\t<meta name=\"twitter:data1\" content=\"2 minutos\" \/>\n<script type=\"application\/ld+json\" class=\"yoast-schema-graph\">{\"@context\":\"https:\\\/\\\/schema.org\",\"@graph\":[{\"@type\":\"WebPage\",\"@id\":\"https:\\\/\\\/www.wehrnaturecenter.com\\\/event\\\/gardening-for-the-birds-and-the-bees-introduction-to-native-gardening-for-beginners\\\/\",\"url\":\"https:\\\/\\\/www.wehrnaturecenter.com\\\/event\\\/gardening-for-the-birds-and-the-bees-introduction-to-native-gardening-for-beginners\\\/\",\"name\":\"Gardening for the Birds and the Bees: Introduction to Native Gardening for Beginners - Wehr Nature Center\",\"isPartOf\":{\"@id\":\"https:\\\/\\\/www.wehrnaturecenter.com\\\/#website\"},\"primaryImageOfPage\":{\"@id\":\"https:\\\/\\\/www.wehrnaturecenter.com\\\/event\\\/gardening-for-the-birds-and-the-bees-introduction-to-native-gardening-for-beginners\\\/#primaryimage\"},\"image\":{\"@id\":\"https:\\\/\\\/www.wehrnaturecenter.com\\\/event\\\/gardening-for-the-birds-and-the-bees-introduction-to-native-gardening-for-beginners\\\/#primaryimage\"},\"thumbnailUrl\":\"https:\\\/\\\/www.wehrnaturecenter.com\\\/wp-content\\\/uploads\\\/2026\\\/01\\\/Asters-resized.png\",\"datePublished\":\"2026-01-05T22:13:24+00:00\",\"dateModified\":\"2026-02-09T21:05:03+00:00\",\"breadcrumb\":{\"@id\":\"https:\\\/\\\/www.wehrnaturecenter.com\\\/event\\\/gardening-for-the-birds-and-the-bees-introduction-to-native-gardening-for-beginners\\\/#breadcrumb\"},\"inLanguage\":\"es\",\"potentialAction\":[{\"@type\":\"ReadAction\",\"target\":[\"https:\\\/\\\/www.wehrnaturecenter.com\\\/event\\\/gardening-for-the-birds-and-the-bees-introduction-to-native-gardening-for-beginners\\\/\"]}]},{\"@type\":\"ImageObject\",\"inLanguage\":\"es\",\"@id\":\"https:\\\/\\\/www.wehrnaturecenter.com\\\/event\\\/gardening-for-the-birds-and-the-bees-introduction-to-native-gardening-for-beginners\\\/#primaryimage\",\"url\":\"https:\\\/\\\/www.wehrnaturecenter.com\\\/wp-content\\\/uploads\\\/2026\\\/01\\\/Asters-resized.png\",\"contentUrl\":\"https:\\\/\\\/www.wehrnaturecenter.com\\\/wp-content\\\/uploads\\\/2026\\\/01\\\/Asters-resized.png\",\"width\":1920,\"height\":1080},{\"@type\":\"BreadcrumbList\",\"@id\":\"https:\\\/\\\/www.wehrnaturecenter.com\\\/event\\\/gardening-for-the-birds-and-the-bees-introduction-to-native-gardening-for-beginners\\\/#breadcrumb\",\"itemListElement\":[{\"@type\":\"ListItem\",\"position\":1,\"name\":\"Home\",\"item\":\"https:\\\/\\\/www.wehrnaturecenter.com\\\/\"},{\"@type\":\"ListItem\",\"position\":2,\"name\":\"Eventos\",\"item\":\"https:\\\/\\\/www.wehrnaturecenter.com\\\/es\\\/engage\\\/\"},{\"@type\":\"ListItem\",\"position\":3,\"name\":\"Gardening for the Birds and the Bees: Introduction to Native Gardening for Beginners\"}]},{\"@type\":\"WebSite\",\"@id\":\"https:\\\/\\\/www.wehrnaturecenter.com\\\/#website\",\"url\":\"https:\\\/\\\/www.wehrnaturecenter.com\\\/\",\"name\":\"Wehr Nature Center\",\"description\":\"A Place For All Seasons\u2014A Place For Everyone\",\"publisher\":{\"@id\":\"https:\\\/\\\/www.wehrnaturecenter.com\\\/#organization\"},\"potentialAction\":[{\"@type\":\"SearchAction\",\"target\":{\"@type\":\"EntryPoint\",\"urlTemplate\":\"https:\\\/\\\/www.wehrnaturecenter.com\\\/?s={search_term_string}\"},\"query-input\":{\"@type\":\"PropertyValueSpecification\",\"valueRequired\":true,\"valueName\":\"search_term_string\"}}],\"inLanguage\":\"es\"},{\"@type\":\"Organization\",\"@id\":\"https:\\\/\\\/www.wehrnaturecenter.com\\\/#organization\",\"name\":\"Wehr Nature Center\",\"url\":\"https:\\\/\\\/www.wehrnaturecenter.com\\\/\",\"logo\":{\"@type\":\"ImageObject\",\"inLanguage\":\"es\",\"@id\":\"https:\\\/\\\/www.wehrnaturecenter.com\\\/#\\\/schema\\\/logo\\\/image\\\/\",\"url\":\"https:\\\/\\\/www.wehrnaturecenter.com\\\/wp-content\\\/uploads\\\/2024\\\/04\\\/Asset.webp\",\"contentUrl\":\"https:\\\/\\\/www.wehrnaturecenter.com\\\/wp-content\\\/uploads\\\/2024\\\/04\\\/Asset.webp\",\"width\":2234,\"height\":890,\"caption\":\"Wehr Nature Center\"},\"image\":{\"@id\":\"https:\\\/\\\/www.wehrnaturecenter.com\\\/#\\\/schema\\\/logo\\\/image\\\/\"},\"sameAs\":[\"https:\\\/\\\/www.facebook.com\\\/wehrnaturecenter\\\/\",\"https:\\\/\\\/www.instagram.com\\\/wehrnaturecenter\\\/\",\"https:\\\/\\\/www.youtube.com\\\/channel\\\/UCxYHduOcs9UyVMZ7ct0HFAw\"]}]}<\/script>\n<!-- \/ Yoast SEO plugin. -->","yoast_head_json":{"title":"Gardening for the Birds and the Bees: Introduction to Native Gardening for Beginners - Wehr Nature Center","robots":{"index":"index","follow":"follow","max-snippet":"max-snippet:-1","max-image-preview":"max-image-preview:large","max-video-preview":"max-video-preview:-1"},"canonical":"https:\/\/www.wehrnaturecenter.com\/es\/event\/gardening-for-the-birds-and-the-bees-introduction-to-native-gardening-for-beginners\/","og_locale":"es_MX","og_type":"article","og_title":"Gardening for the Birds and the Bees: Introduction to Native Gardening for Beginners - Wehr Nature Center","og_description":"Gardening with native plants is a fun and beautiful way to improve the health of pollinators, birds, AND yourself. With a few basic tools and information, you can create a [&hellip;]","og_url":"https:\/\/www.wehrnaturecenter.com\/es\/event\/gardening-for-the-birds-and-the-bees-introduction-to-native-gardening-for-beginners\/","og_site_name":"Wehr Nature Center","article_publisher":"https:\/\/www.facebook.com\/wehrnaturecenter\/","article_modified_time":"2026-02-09T21:05:03+00:00","og_image":[{"width":1024,"height":576,"url":"https:\/\/www.wehrnaturecenter.com\/wp-content\/uploads\/2026\/01\/Asters-resized-1024x576.png","type":"image\/png"}],"twitter_card":"summary_large_image","twitter_misc":{"Tiempo de lectura":"2 minutos"},"schema":{"@context":"https:\/\/schema.org","@graph":[{"@type":"WebPage","@id":"https:\/\/www.wehrnaturecenter.com\/event\/gardening-for-the-birds-and-the-bees-introduction-to-native-gardening-for-beginners\/","url":"https:\/\/www.wehrnaturecenter.com\/event\/gardening-for-the-birds-and-the-bees-introduction-to-native-gardening-for-beginners\/","name":"Gardening for the Birds and the Bees: Introduction to Native Gardening for Beginners - Wehr Nature Center","isPartOf":{"@id":"https:\/\/www.wehrnaturecenter.com\/#website"},"primaryImageOfPage":{"@id":"https:\/\/www.wehrnaturecenter.com\/event\/gardening-for-the-birds-and-the-bees-introduction-to-native-gardening-for-beginners\/#primaryimage"},"image":{"@id":"https:\/\/www.wehrnaturecenter.com\/event\/gardening-for-the-birds-and-the-bees-introduction-to-native-gardening-for-beginners\/#primaryimage"},"thumbnailUrl":"https:\/\/www.wehrnaturecenter.com\/wp-content\/uploads\/2026\/01\/Asters-resized.png","datePublished":"2026-01-05T22:13:24+00:00","dateModified":"2026-02-09T21:05:03+00:00","breadcrumb":{"@id":"https:\/\/www.wehrnaturecenter.com\/event\/gardening-for-the-birds-and-the-bees-introduction-to-native-gardening-for-beginners\/#breadcrumb"},"inLanguage":"es","potentialAction":[{"@type":"ReadAction","target":["https:\/\/www.wehrnaturecenter.com\/event\/gardening-for-the-birds-and-the-bees-introduction-to-native-gardening-for-beginners\/"]}]},{"@type":"ImageObject","inLanguage":"es","@id":"https:\/\/www.wehrnaturecenter.com\/event\/gardening-for-the-birds-and-the-bees-introduction-to-native-gardening-for-beginners\/#primaryimage","url":"https:\/\/www.wehrnaturecenter.com\/wp-content\/uploads\/2026\/01\/Asters-resized.png","contentUrl":"https:\/\/www.wehrnaturecenter.com\/wp-content\/uploads\/2026\/01\/Asters-resized.png","width":1920,"height":1080},{"@type":"BreadcrumbList","@id":"https:\/\/www.wehrnaturecenter.com\/event\/gardening-for-the-birds-and-the-bees-introduction-to-native-gardening-for-beginners\/#breadcrumb","itemListElement":[{"@type":"ListItem","position":1,"name":"Home","item":"https:\/\/www.wehrnaturecenter.com\/"},{"@type":"ListItem","position":2,"name":"Eventos","item":"https:\/\/www.wehrnaturecenter.com\/es\/engage\/"},{"@type":"ListItem","position":3,"name":"Gardening for the Birds and the Bees: Introduction to Native Gardening for Beginners"}]},{"@type":"WebSite","@id":"https:\/\/www.wehrnaturecenter.com\/#website","url":"https:\/\/www.wehrnaturecenter.com\/","name":"Centro de naturaleza Wehr","description":"Un lugar para todas las estaciones: un lugar para todos","publisher":{"@id":"https:\/\/www.wehrnaturecenter.com\/#organization"},"potentialAction":[{"@type":"SearchAction","target":{"@type":"EntryPoint","urlTemplate":"https:\/\/www.wehrnaturecenter.com\/?s={search_term_string}"},"query-input":{"@type":"PropertyValueSpecification","valueRequired":true,"valueName":"search_term_string"}}],"inLanguage":"es"},{"@type":"Organization","@id":"https:\/\/www.wehrnaturecenter.com\/#organization","name":"Centro de naturaleza Wehr","url":"https:\/\/www.wehrnaturecenter.com\/","logo":{"@type":"ImageObject","inLanguage":"es","@id":"https:\/\/www.wehrnaturecenter.com\/#\/schema\/logo\/image\/","url":"https:\/\/www.wehrnaturecenter.com\/wp-content\/uploads\/2024\/04\/Asset.webp","contentUrl":"https:\/\/www.wehrnaturecenter.com\/wp-content\/uploads\/2024\/04\/Asset.webp","width":2234,"height":890,"caption":"Wehr Nature Center"},"image":{"@id":"https:\/\/www.wehrnaturecenter.com\/#\/schema\/logo\/image\/"},"sameAs":["https:\/\/www.facebook.com\/wehrnaturecenter\/","https:\/\/www.instagram.com\/wehrnaturecenter\/","https:\/\/www.youtube.com\/channel\/UCxYHduOcs9UyVMZ7ct0HFAw"]}]}},"_links":{"self":[{"href":"https:\/\/www.wehrnaturecenter.com\/es\/wp-json\/wp\/v2\/tribe_events\/2700","targetHints":{"allow":["GET"]}}],"collection":[{"href":"https:\/\/www.wehrnaturecenter.com\/es\/wp-json\/wp\/v2\/tribe_events"}],"about":[{"href":"https:\/\/www.wehrnaturecenter.com\/es\/wp-json\/wp\/v2\/types\/tribe_events"}],"author":[{"embeddable":true,"href":"https:\/\/www.wehrnaturecenter.com\/es\/wp-json\/wp\/v2\/users\/3"}],"version-history":[{"count":0,"href":"https:\/\/www.wehrnaturecenter.com\/es\/wp-json\/wp\/v2\/tribe_events\/2700\/revisions"}],"wp:featuredmedia":[{"embeddable":true,"href":"https:\/\/www.wehrnaturecenter.com\/es\/wp-json\/wp\/v2\/media\/2702"}],"wp:attachment":[{"href":"https:\/\/www.wehrnaturecenter.com\/es\/wp-json\/wp\/v2\/media?parent=2700"}],"wp:term":[{"taxonomy":"post_tag","embeddable":true,"href":"https:\/\/www.wehrnaturecenter.com\/es\/wp-json\/wp\/v2\/tags?post=2700"},{"taxonomy":"tribe_events_cat","embeddable":true,"href":"https:\/\/www.wehrnaturecenter.com\/es\/wp-json\/wp\/v2\/tribe_events_cat?post=2700"}],"curies":[{"name":"wp","href":"https:\/\/api.w.org\/{rel}","templated":true}]}}