{"id":2817,"date":"2026-03-10T22:25:51","date_gmt":"2026-03-11T03:25:51","guid":{"rendered":"https:\/\/www.wehrnaturecenter.com\/?post_type=tribe_events&#038;p=2817"},"modified":"2026-04-06T11:28:37","modified_gmt":"2026-04-06T16:28:37","slug":"spiritual-ecology-through-the-seasons-summer-solstice","status":"publish","type":"tribe_events","link":"https:\/\/www.wehrnaturecenter.com\/es\/event\/spiritual-ecology-through-the-seasons-summer-solstice\/","title":{"rendered":"Spiritual Ecology Through the Seasons &#8211; Summer Solstice"},"content":{"rendered":"<p>Celebrate the Summer Solstice by incorporating the values of Spiritual Ecology, Interconnectedness, Compassion, Service, Reverence, and Reciprocity. Some aspects of our practice will be readings, meditation\/guided imagery, time outdoors, exploring quietude, nature journaling, among other practices. This will not only help us to honor the season but also deepen our connection to nature and the world around us.<\/p>\n<p><i><span style=\"font-weight: 400;\">Fee: $12 per person; $10 for Milwaukee County residents; $7 for members of Friends of Wehr; $5 parking fee applies to non-members<\/span><\/i><\/p>\n<p><i><span style=\"font-weight: 400;\">Se requiere inscripci\u00f3n en l\u00ednea dos d\u00edas antes del programa. Si necessita ayuda llamenos.<\/span><\/i><\/p>","protected":false},"excerpt":{"rendered":"<p>Celebrate the Summer Solstice by incorporating the values of Spiritual Ecology, Interconnectedness, Compassion, Service, Reverence, and Reciprocity. Some aspects of our practice will be readings, meditation\/guided imagery, time outdoors, exploring [&hellip;]<\/p>\n","protected":false},"author":3,"featured_media":2932,"template":"","meta":{"_acf_changed":false,"inline_featured_image":false,"_price":"","_stock":"","_tribe_ticket_header":"","_tribe_default_ticket_provider":"","_tribe_ticket_capacity":"","_ticket_start_date":"","_ticket_end_date":"","_tribe_ticket_show_description":"","_tribe_ticket_show_not_going":false,"_tribe_ticket_use_global_stock":"","_tribe_ticket_global_stock_level":"","_global_stock_mode":"","_global_stock_cap":"","_tribe_rsvp_for_event":"","_tribe_ticket_going_count":"","_tribe_ticket_not_going_count":"","_tribe_tickets_list":"[]","_tribe_ticket_has_attendee_info_fields":false,"_tribe_events_status":"","_tribe_events_status_reason":"","_tribe_events_is_hybrid":"","_tribe_events_is_virtual":"","_tribe_events_virtual_video_source":"","_tribe_events_virtual_embed_video":"","_tribe_events_virtual_linked_button_text":"","_tribe_events_virtual_linked_button":"","_tribe_events_virtual_show_embed_at":"","_tribe_events_virtual_show_embed_to":[],"_tribe_events_virtual_show_on_event":"","_tribe_events_virtual_show_on_views":"","_tribe_events_virtual_url":"","footnotes":""},"tags":[],"tribe_events_cat":[9],"class_list":["post-2817","tribe_events","type-tribe_events","status-publish","has-post-thumbnail","hentry","tribe_events_cat-adult","cat_adult"],"acf":[],"yoast_head":"<!-- This site is optimized with the Yoast SEO plugin v27.5 - https:\/\/yoast.com\/product\/yoast-seo-wordpress\/ -->\n<title>Spiritual Ecology Through the Seasons - Summer Solstice - Wehr Nature Center<\/title>\n<meta name=\"robots\" content=\"index, follow, max-snippet:-1, max-image-preview:large, max-video-preview:-1\" \/>\n<link rel=\"canonical\" href=\"https:\/\/www.wehrnaturecenter.com\/es\/event\/spiritual-ecology-through-the-seasons-summer-solstice\/\" \/>\n<meta property=\"og:locale\" content=\"es_MX\" \/>\n<meta property=\"og:type\" content=\"article\" \/>\n<meta property=\"og:title\" content=\"Spiritual Ecology Through the Seasons - Summer Solstice - Wehr Nature Center\" \/>\n<meta property=\"og:description\" content=\"Celebrate the Summer Solstice by incorporating the values of Spiritual Ecology, Interconnectedness, Compassion, Service, Reverence, and Reciprocity. Some aspects of our practice will be readings, meditation\/guided imagery, time outdoors, exploring [&hellip;]\" \/>\n<meta property=\"og:url\" content=\"https:\/\/www.wehrnaturecenter.com\/es\/event\/spiritual-ecology-through-the-seasons-summer-solstice\/\" \/>\n<meta property=\"og:site_name\" content=\"Wehr Nature Center\" \/>\n<meta property=\"article:publisher\" content=\"https:\/\/www.facebook.com\/wehrnaturecenter\/\" \/>\n<meta property=\"article:modified_time\" content=\"2026-04-06T16:28:37+00:00\" \/>\n<meta property=\"og:image\" content=\"https:\/\/www.wehrnaturecenter.com\/wp-content\/uploads\/2026\/03\/summer-solstice-1024x576.png\" \/>\n\t<meta property=\"og:image:width\" content=\"1024\" \/>\n\t<meta property=\"og:image:height\" content=\"576\" \/>\n\t<meta property=\"og:image:type\" content=\"image\/png\" \/>\n<meta name=\"twitter:card\" content=\"summary_large_image\" \/>\n<meta name=\"twitter:label1\" content=\"Tiempo de lectura\" \/>\n\t<meta name=\"twitter:data1\" content=\"1 minuto\" \/>\n<script type=\"application\/ld+json\" class=\"yoast-schema-graph\">{\"@context\":\"https:\\\/\\\/schema.org\",\"@graph\":[{\"@type\":\"WebPage\",\"@id\":\"https:\\\/\\\/www.wehrnaturecenter.com\\\/event\\\/spiritual-ecology-through-the-seasons-summer-solstice\\\/\",\"url\":\"https:\\\/\\\/www.wehrnaturecenter.com\\\/event\\\/spiritual-ecology-through-the-seasons-summer-solstice\\\/\",\"name\":\"Spiritual Ecology Through the Seasons - Summer Solstice - Wehr Nature Center\",\"isPartOf\":{\"@id\":\"https:\\\/\\\/www.wehrnaturecenter.com\\\/#website\"},\"primaryImageOfPage\":{\"@id\":\"https:\\\/\\\/www.wehrnaturecenter.com\\\/event\\\/spiritual-ecology-through-the-seasons-summer-solstice\\\/#primaryimage\"},\"image\":{\"@id\":\"https:\\\/\\\/www.wehrnaturecenter.com\\\/event\\\/spiritual-ecology-through-the-seasons-summer-solstice\\\/#primaryimage\"},\"thumbnailUrl\":\"https:\\\/\\\/www.wehrnaturecenter.com\\\/wp-content\\\/uploads\\\/2026\\\/03\\\/summer-solstice.png\",\"datePublished\":\"2026-03-11T03:25:51+00:00\",\"dateModified\":\"2026-04-06T16:28:37+00:00\",\"breadcrumb\":{\"@id\":\"https:\\\/\\\/www.wehrnaturecenter.com\\\/event\\\/spiritual-ecology-through-the-seasons-summer-solstice\\\/#breadcrumb\"},\"inLanguage\":\"es\",\"potentialAction\":[{\"@type\":\"ReadAction\",\"target\":[\"https:\\\/\\\/www.wehrnaturecenter.com\\\/event\\\/spiritual-ecology-through-the-seasons-summer-solstice\\\/\"]}]},{\"@type\":\"ImageObject\",\"inLanguage\":\"es\",\"@id\":\"https:\\\/\\\/www.wehrnaturecenter.com\\\/event\\\/spiritual-ecology-through-the-seasons-summer-solstice\\\/#primaryimage\",\"url\":\"https:\\\/\\\/www.wehrnaturecenter.com\\\/wp-content\\\/uploads\\\/2026\\\/03\\\/summer-solstice.png\",\"contentUrl\":\"https:\\\/\\\/www.wehrnaturecenter.com\\\/wp-content\\\/uploads\\\/2026\\\/03\\\/summer-solstice.png\",\"width\":1920,\"height\":1080},{\"@type\":\"BreadcrumbList\",\"@id\":\"https:\\\/\\\/www.wehrnaturecenter.com\\\/event\\\/spiritual-ecology-through-the-seasons-summer-solstice\\\/#breadcrumb\",\"itemListElement\":[{\"@type\":\"ListItem\",\"position\":1,\"name\":\"Home\",\"item\":\"https:\\\/\\\/www.wehrnaturecenter.com\\\/\"},{\"@type\":\"ListItem\",\"position\":2,\"name\":\"Eventos\",\"item\":\"https:\\\/\\\/www.wehrnaturecenter.com\\\/es\\\/engage\\\/\"},{\"@type\":\"ListItem\",\"position\":3,\"name\":\"Spiritual Ecology Through the Seasons &#8211; Summer Solstice\"}]},{\"@type\":\"WebSite\",\"@id\":\"https:\\\/\\\/www.wehrnaturecenter.com\\\/#website\",\"url\":\"https:\\\/\\\/www.wehrnaturecenter.com\\\/\",\"name\":\"Wehr Nature Center\",\"description\":\"A Place For All Seasons\u2014A Place For Everyone\",\"publisher\":{\"@id\":\"https:\\\/\\\/www.wehrnaturecenter.com\\\/#organization\"},\"potentialAction\":[{\"@type\":\"SearchAction\",\"target\":{\"@type\":\"EntryPoint\",\"urlTemplate\":\"https:\\\/\\\/www.wehrnaturecenter.com\\\/?s={search_term_string}\"},\"query-input\":{\"@type\":\"PropertyValueSpecification\",\"valueRequired\":true,\"valueName\":\"search_term_string\"}}],\"inLanguage\":\"es\"},{\"@type\":\"Organization\",\"@id\":\"https:\\\/\\\/www.wehrnaturecenter.com\\\/#organization\",\"name\":\"Wehr Nature Center\",\"url\":\"https:\\\/\\\/www.wehrnaturecenter.com\\\/\",\"logo\":{\"@type\":\"ImageObject\",\"inLanguage\":\"es\",\"@id\":\"https:\\\/\\\/www.wehrnaturecenter.com\\\/#\\\/schema\\\/logo\\\/image\\\/\",\"url\":\"https:\\\/\\\/www.wehrnaturecenter.com\\\/wp-content\\\/uploads\\\/2024\\\/04\\\/Asset.webp\",\"contentUrl\":\"https:\\\/\\\/www.wehrnaturecenter.com\\\/wp-content\\\/uploads\\\/2024\\\/04\\\/Asset.webp\",\"width\":2234,\"height\":890,\"caption\":\"Wehr Nature Center\"},\"image\":{\"@id\":\"https:\\\/\\\/www.wehrnaturecenter.com\\\/#\\\/schema\\\/logo\\\/image\\\/\"},\"sameAs\":[\"https:\\\/\\\/www.facebook.com\\\/wehrnaturecenter\\\/\",\"https:\\\/\\\/www.instagram.com\\\/wehrnaturecenter\\\/\",\"https:\\\/\\\/www.youtube.com\\\/channel\\\/UCxYHduOcs9UyVMZ7ct0HFAw\"]}]}<\/script>\n<!-- \/ Yoast SEO plugin. -->","yoast_head_json":{"title":"Spiritual Ecology Through the Seasons - Summer Solstice - Wehr Nature Center","robots":{"index":"index","follow":"follow","max-snippet":"max-snippet:-1","max-image-preview":"max-image-preview:large","max-video-preview":"max-video-preview:-1"},"canonical":"https:\/\/www.wehrnaturecenter.com\/es\/event\/spiritual-ecology-through-the-seasons-summer-solstice\/","og_locale":"es_MX","og_type":"article","og_title":"Spiritual Ecology Through the Seasons - Summer Solstice - Wehr Nature Center","og_description":"Celebrate the Summer Solstice by incorporating the values of Spiritual Ecology, Interconnectedness, Compassion, Service, Reverence, and Reciprocity. Some aspects of our practice will be readings, meditation\/guided imagery, time outdoors, exploring [&hellip;]","og_url":"https:\/\/www.wehrnaturecenter.com\/es\/event\/spiritual-ecology-through-the-seasons-summer-solstice\/","og_site_name":"Wehr Nature Center","article_publisher":"https:\/\/www.facebook.com\/wehrnaturecenter\/","article_modified_time":"2026-04-06T16:28:37+00:00","og_image":[{"width":1024,"height":576,"url":"https:\/\/www.wehrnaturecenter.com\/wp-content\/uploads\/2026\/03\/summer-solstice-1024x576.png","type":"image\/png"}],"twitter_card":"summary_large_image","twitter_misc":{"Tiempo de lectura":"1 minuto"},"schema":{"@context":"https:\/\/schema.org","@graph":[{"@type":"WebPage","@id":"https:\/\/www.wehrnaturecenter.com\/event\/spiritual-ecology-through-the-seasons-summer-solstice\/","url":"https:\/\/www.wehrnaturecenter.com\/event\/spiritual-ecology-through-the-seasons-summer-solstice\/","name":"Spiritual Ecology Through the Seasons - Summer Solstice - Wehr Nature Center","isPartOf":{"@id":"https:\/\/www.wehrnaturecenter.com\/#website"},"primaryImageOfPage":{"@id":"https:\/\/www.wehrnaturecenter.com\/event\/spiritual-ecology-through-the-seasons-summer-solstice\/#primaryimage"},"image":{"@id":"https:\/\/www.wehrnaturecenter.com\/event\/spiritual-ecology-through-the-seasons-summer-solstice\/#primaryimage"},"thumbnailUrl":"https:\/\/www.wehrnaturecenter.com\/wp-content\/uploads\/2026\/03\/summer-solstice.png","datePublished":"2026-03-11T03:25:51+00:00","dateModified":"2026-04-06T16:28:37+00:00","breadcrumb":{"@id":"https:\/\/www.wehrnaturecenter.com\/event\/spiritual-ecology-through-the-seasons-summer-solstice\/#breadcrumb"},"inLanguage":"es","potentialAction":[{"@type":"ReadAction","target":["https:\/\/www.wehrnaturecenter.com\/event\/spiritual-ecology-through-the-seasons-summer-solstice\/"]}]},{"@type":"ImageObject","inLanguage":"es","@id":"https:\/\/www.wehrnaturecenter.com\/event\/spiritual-ecology-through-the-seasons-summer-solstice\/#primaryimage","url":"https:\/\/www.wehrnaturecenter.com\/wp-content\/uploads\/2026\/03\/summer-solstice.png","contentUrl":"https:\/\/www.wehrnaturecenter.com\/wp-content\/uploads\/2026\/03\/summer-solstice.png","width":1920,"height":1080},{"@type":"BreadcrumbList","@id":"https:\/\/www.wehrnaturecenter.com\/event\/spiritual-ecology-through-the-seasons-summer-solstice\/#breadcrumb","itemListElement":[{"@type":"ListItem","position":1,"name":"Home","item":"https:\/\/www.wehrnaturecenter.com\/"},{"@type":"ListItem","position":2,"name":"Eventos","item":"https:\/\/www.wehrnaturecenter.com\/es\/engage\/"},{"@type":"ListItem","position":3,"name":"Spiritual Ecology Through the Seasons &#8211; Summer Solstice"}]},{"@type":"WebSite","@id":"https:\/\/www.wehrnaturecenter.com\/#website","url":"https:\/\/www.wehrnaturecenter.com\/","name":"Centro de naturaleza Wehr","description":"Un lugar para todas las estaciones: un lugar para todos","publisher":{"@id":"https:\/\/www.wehrnaturecenter.com\/#organization"},"potentialAction":[{"@type":"SearchAction","target":{"@type":"EntryPoint","urlTemplate":"https:\/\/www.wehrnaturecenter.com\/?s={search_term_string}"},"query-input":{"@type":"PropertyValueSpecification","valueRequired":true,"valueName":"search_term_string"}}],"inLanguage":"es"},{"@type":"Organization","@id":"https:\/\/www.wehrnaturecenter.com\/#organization","name":"Centro de naturaleza Wehr","url":"https:\/\/www.wehrnaturecenter.com\/","logo":{"@type":"ImageObject","inLanguage":"es","@id":"https:\/\/www.wehrnaturecenter.com\/#\/schema\/logo\/image\/","url":"https:\/\/www.wehrnaturecenter.com\/wp-content\/uploads\/2024\/04\/Asset.webp","contentUrl":"https:\/\/www.wehrnaturecenter.com\/wp-content\/uploads\/2024\/04\/Asset.webp","width":2234,"height":890,"caption":"Wehr Nature Center"},"image":{"@id":"https:\/\/www.wehrnaturecenter.com\/#\/schema\/logo\/image\/"},"sameAs":["https:\/\/www.facebook.com\/wehrnaturecenter\/","https:\/\/www.instagram.com\/wehrnaturecenter\/","https:\/\/www.youtube.com\/channel\/UCxYHduOcs9UyVMZ7ct0HFAw"]}]}},"_links":{"self":[{"href":"https:\/\/www.wehrnaturecenter.com\/es\/wp-json\/wp\/v2\/tribe_events\/2817","targetHints":{"allow":["GET"]}}],"collection":[{"href":"https:\/\/www.wehrnaturecenter.com\/es\/wp-json\/wp\/v2\/tribe_events"}],"about":[{"href":"https:\/\/www.wehrnaturecenter.com\/es\/wp-json\/wp\/v2\/types\/tribe_events"}],"author":[{"embeddable":true,"href":"https:\/\/www.wehrnaturecenter.com\/es\/wp-json\/wp\/v2\/users\/3"}],"version-history":[{"count":0,"href":"https:\/\/www.wehrnaturecenter.com\/es\/wp-json\/wp\/v2\/tribe_events\/2817\/revisions"}],"wp:featuredmedia":[{"embeddable":true,"href":"https:\/\/www.wehrnaturecenter.com\/es\/wp-json\/wp\/v2\/media\/2932"}],"wp:attachment":[{"href":"https:\/\/www.wehrnaturecenter.com\/es\/wp-json\/wp\/v2\/media?parent=2817"}],"wp:term":[{"taxonomy":"post_tag","embeddable":true,"href":"https:\/\/www.wehrnaturecenter.com\/es\/wp-json\/wp\/v2\/tags?post=2817"},{"taxonomy":"tribe_events_cat","embeddable":true,"href":"https:\/\/www.wehrnaturecenter.com\/es\/wp-json\/wp\/v2\/tribe_events_cat?post=2817"}],"curies":[{"name":"wp","href":"https:\/\/api.w.org\/{rel}","templated":true}]}}